{"id":2996,"date":"2013-06-28T14:22:47","date_gmt":"2013-06-28T14:22:47","guid":{"rendered":"http:\/\/localhost:8888\/jupiter\/?page_id=2996"},"modified":"2020-09-13T22:33:26","modified_gmt":"2020-09-13T20:33:26","slug":"gilles-vanderpooten","status":"publish","type":"page","link":"http:\/\/vivelaterre.com\/livres2026\/auteurs\/gilles-vanderpooten\/","title":{"rendered":"Gilles Vanderpooten"},"content":{"rendered":"<div class=\"wpb-content-wrapper\">[vc_row][vc_column width=\u00a0\u00bb1\/3&Prime; el_position=\u00a0\u00bbfirst\u00a0\u00bb][mk_circle_image src=\u00a0\u00bbhttp:\/\/vivelaterre.com\/livres2026\/wp-content\/uploads\/2013\/06\/gilles-vanderpooten.jpg\u00a0\u00bb image_diameter=\u00a0\u00bb128&Prime; width=\u00a0\u00bb1\/1&Prime; el_position=\u00a0\u00bbfirst last\u00a0\u00bb][mk_padding_divider size=\u00a0\u00bb40&Prime; width=\u00a0\u00bb1\/1&Prime; el_position=\u00a0\u00bbfirst last\u00a0\u00bb][mk_social_networks size=\u00a0\u00bbmedium\u00a0\u00bb style=\u00a0\u00bbcircle\u00a0\u00bb margin=\u00a0\u00bb4&Prime; icon_color=\u00a0\u00bb#e0e0e0&Prime; align=\u00a0\u00bbcenter\u00a0\u00bb facebook=\u00a0\u00bbhttps:\/\/www.facebook.com\/engagezvous\u00a0\u00bb twitter=\u00a0\u00bbhttps:\/\/www.twitter.com\/hopnews1&Prime; linkedin=\u00a0\u00bbhttp:\/\/fr.linkedin.com\/in\/gillesvanderpooten\u00a0\u00bb width=\u00a0\u00bb1\/1&Prime; el_position=\u00a0\u00bbfirst last\u00a0\u00bb youtube=\u00a0\u00bbhttp:\/\/www.youtube.com\/user\/viveavenir\u00a0\u00bb][\/vc_column][vc_column width=\u00a0\u00bb2\/3&Prime; el_position=\u00a0\u00bblast\u00a0\u00bb][mk_fancy_title tag_name=\u00a0\u00bbh1&Prime; style=\u00a0\u00bbfalse\u00a0\u00bb color=\u00a0\u00bb#222222&Prime; size=\u00a0\u00bb24&Prime; font_weight=\u00a0\u00bbinhert\u00a0\u00bb margin_top=\u00a0\u00bb10&Prime; margin_bottom=\u00a0\u00bb15&Prime; font_family=\u00a0\u00bbnone\u00a0\u00bb align=\u00a0\u00bbleft\u00a0\u00bb width=\u00a0\u00bb1\/1&Prime; el_position=\u00a0\u00bbfirst last\u00a0\u00bb]Gilles Vanderpooten[\/mk_fancy_title][mk_fancy_title tag_name=\u00a0\u00bbh1&Prime; style=\u00a0\u00bbfalse\u00a0\u00bb color=\u00a0\u00bb#888888&Prime; size=\u00a0\u00bb14&Prime; font_weight=\u00a0\u00bbnormal\u00a0\u00bb margin_top=\u00a0\u00bb0&Prime; margin_bottom=\u00a0\u00bb0&Prime; font_family=\u00a0\u00bbnone\u00a0\u00bb align=\u00a0\u00bbleft\u00a0\u00bb width=\u00a0\u00bb1\/1&Prime; el_position=\u00a0\u00bbfirst last\u00a0\u00bb]Auteur &amp; Entrepreneur associatif, directeur de l&rsquo;ONG Reporters d&rsquo;Espoirs[\/mk_fancy_title][mk_padding_divider size=\u00a0\u00bb20&Prime; width=\u00a0\u00bb1\/1&Prime; el_position=\u00a0\u00bbfirst last\u00a0\u00bb][vc_row_inner][vc_column_inner width=\u00a0\u00bb1\/2&Prime; el_position=\u00a0\u00bbfirst\u00a0\u00bb][vc_column_text disable_pattern=\u00a0\u00bbtrue\u00a0\u00bb align=\u00a0\u00bbleft\u00a0\u00bb margin_bottom=\u00a0\u00bb0&Prime; p_margin_bottom=\u00a0\u00bb20&Prime; width=\u00a0\u00bb1\/1&Prime; el_position=\u00a0\u00bbfirst last\u00a0\u00bb]Gilles\u00a0Vanderpooten, n\u00e9 en 1985, a cr\u00e9\u00e9 la collection d\u2019ouvrages \u201cConversation pour l\u2019avenir\u201d dans laquelle il a \u00e9crit avec des personnalit\u00e9s aussi \u00e9clectiques que St\u00e9phane Hessel (Engagez-vous\u00a0!, bestseller diffus\u00e9 \u00e0 250 000 exemplaires et traduit dans 17 langues), Danielle Mitterrand (Ce que je n\u2019accepte pas), Guy Bedos (J\u2019ai fait un r\u00eave), Jean-Claude Carri\u00e8re (Utopie quand reviendras-tu ?) ou encore Philippe Starck (Impression d\u2019ailleurs).<\/p>\n<p>Investi dans le milieu associatif et l&rsquo;entrepreneuriat, il est motiv\u00e9 par la recherche, la valorisation et la mise en \u0153uvre de r\u00e9ponses aux enjeux \u00e9conomiques, sociaux et environnementaux qui engagent notre responsabilit\u00e9 collective.<\/p>\n<p>Il s&rsquo;est lanc\u00e9 dans l\u2019entrepreneuriat d\u00e8s l&rsquo;\u00e2ge de 13 ans, dans la cr\u00e9ation multim\u00e9dia et de sites Internet.<\/p>\n<p>Il a cr\u00e9\u00e9 le Festival Eidos du film de l&rsquo;environnement (Nantes, 2006), le<a title=\"Le Tour de France du d\u00e9veloppement durable\" href=\"http:\/\/vivelaterre.com\/livres2026\/portfolio\/le-tour-de-france-du-developpement-durable\/\"> Tour de France du d\u00e9veloppement durable<\/a> (2008) et contribu\u00e9 \u00e0 la fondation du <a href=\"http:\/\/refedd.org\/\" target=\"_blank\">REFEDD<\/a> (2007), de l&rsquo;ONG Indibio (2010) avec l&rsquo;exploratrice J\u00e9romine Pasteur, de l&rsquo;Appel de la jeunesse (2010), ou encore du Transformational Media Summit (2013).<\/p>\n<p>En 2017, il est s\u00e9lectionn\u00e9 parmi les 30 \u00ab\u00a0Franco-British Young Leaders\u00a0\u00bb, qui promeuvent l&rsquo;entente et la coop\u00e9ration entre les populations des deux rives de la Manche.[\/vc_column_text][\/vc_column_inner][vc_column_inner width=\u00a0\u00bb1\/2&Prime; el_position=\u00a0\u00bblast\u00a0\u00bb][vc_column_text disable_pattern=\u00a0\u00bbtrue\u00a0\u00bb align=\u00a0\u00bbleft\u00a0\u00bb margin_bottom=\u00a0\u00bb0&Prime; p_margin_bottom=\u00a0\u00bb20&Prime; width=\u00a0\u00bb1\/1&Prime; el_position=\u00a0\u00bbfirst last\u00a0\u00bb]Gilles dirige par ailleurs l\u2019ONG <a title=\"blocked::http:\/\/www.reportersdespoirs.org\/\" href=\"http:\/\/www.reportersdespoirs.org\" target=\"_blank\">Reporters d\u2019Espoirs <\/a>(Reporters of Hope), au sein de laquelle il a notamment lanc\u00e9 le programme \u00ab\u00a0La France des Solutions\u00a0\u00bb.<br \/>\nReporters d&rsquo;Espoirs promeut un journalisme \u00ab\u00a0constructif\u00a0\u00bb ou \u00ab\u00a0de solutions\u00a0\u00bb, qui refl\u00e8te la complexit\u00e9 du monde, difficult\u00e9s comme r\u00e9siliences, menaces comme opportunit\u00e9s, donnant ainsi des pistes pour comprendre, agir et s&rsquo;engager. En contrepoint d&rsquo;une information qui se focalise exclusivement sur les drames du monde sans ouvrir de perspectives.<\/p>\n<p>En mars 2017, il publie \u00ab\u00a0La France des solutions, ces citoyens qui b\u00e2tissent l\u2019avenir\u00a0\u00bb aux \u00e9ditions Arthaud, avec le soutien de l&rsquo;explorateur Jean-Louis Etienne, et entreprend un nouveau tour de France \u00e0 cette occasion, \u00e0 la rencontre d\u2019acteurs de terrain -entrepreneurs, \u00e9lus, associatifs, citoyens\u2026- qui font bouger le pays. Suivi, en 2019, de \u00ab\u00a020 initiatives qui font bouger la France\u00a0\u00bb aux \u00e9ditions Librio.<\/p>\n<p>Il a publi\u00e9 \u00e0 l&rsquo;\u00e9t\u00e9 2020 chez Actes Sud un ouvrage de r\u00e9f\u00e9rence sur les mutations du journalisme et des m\u00e9dias qu&rsquo;il souhaite \u00ab\u00a0\u00e9claireurs d&rsquo;avenirs\u00a0\u00bb : \u00ab\u00a0Imaginer le monde des m\u00e9dias, le r\u00f4le positif des m\u00e9dias\u00a0\u00bb, postfac\u00e9 par Eric Fottorino, ex-Pr\u00e9sident du journal Le Monde, et fondateur des m\u00e9dias <em>LE 1, Zadig, America et L\u00e9gende.<\/em>[\/vc_column_text][\/vc_column_inner][\/vc_row_inner][\/vc_column][\/vc_row][vc_row fullwidth=\u00a0\u00bbtrue\u00a0\u00bb][vc_column width=\u00a0\u00bb1\/1&Prime;][mk_divider style=\u00a0\u00bbshadow_line\u00a0\u00bb divider_width=\u00a0\u00bbfull_width\u00a0\u00bb margin_top=\u00a0\u00bb10&Prime; margin_bottom=\u00a0\u00bb50&Prime; width=\u00a0\u00bb1\/1&Prime; el_position=\u00a0\u00bbfirst last\u00a0\u00bb][\/vc_column][\/vc_row][vc_row][vc_column width=\u00a0\u00bb1\/3&Prime;][mk_fancy_title tag_name=\u00a0\u00bbh1&Prime; style=\u00a0\u00bbfalse\u00a0\u00bb color=\u00a0\u00bb#222222&Prime; size=\u00a0\u00bb16&Prime; font_weight=\u00a0\u00bbbold\u00a0\u00bb margin_top=\u00a0\u00bb10&Prime; margin_bottom=\u00a0\u00bb15&Prime; font_family=\u00a0\u00bbnone\u00a0\u00bb align=\u00a0\u00bbleft\u00a0\u00bb width=\u00a0\u00bb1\/1&Prime; el_position=\u00a0\u00bbfirst last\u00a0\u00bb]Ses initiatives[\/mk_fancy_title][mk_divider style=\u00a0\u00bbthick_solid\u00a0\u00bb divider_width=\u00a0\u00bbfull_width\u00a0\u00bb margin_top=\u00a0\u00bb0&Prime; margin_bottom=\u00a0\u00bb20&Prime; width=\u00a0\u00bb1\/1&Prime; el_position=\u00a0\u00bbfirst last\u00a0\u00bb][mk_custom_list style=\u00a0\u00bbe262&Prime; icon_color=\u00a0\u00bb#cccccc\u00a0\u00bb margin_bottom=\u00a0\u00bb30&Prime; width=\u00a0\u00bb1\/1&Prime; el_position=\u00a0\u00bbfirst last\u00a0\u00bb align=\u00a0\u00bbnone\u00a0\u00bb]\n<table id=\"AutoNumber106\" width=\"93%\" border=\"0\" cellspacing=\"0\" cellpadding=\"5\">\n<tbody>\n<tr>\n<td style=\"text-align: left;\" valign=\"top\" width=\"17%\"><span style=\"font-family: Calibri; font-size: small;\">2019<\/span><\/td>\n<td style=\"text-align: left;\" valign=\"top\" width=\"83%\">Organisation du 15e anniversaire de l&rsquo;ONG Reporters d&rsquo;Espoirs,<br \/>\n7e \u00e9dition de La France des solutions, rassemblant 60 pionniers et influenceurs,<br \/>\nCr\u00e9ation de <a href=\"https:\/\/www.cbnews.fr\/mobile\/image-reporters-espoirs-lance-application-assistant-google-44092\">la premi\u00e8re application num\u00e9rique d\u00e9livrant \u00ab\u00a01 solution par jour\u00a0\u00bb sur votre smartphone<\/a>.<strong><br \/>\n<\/strong><\/td>\n<\/tr>\n<tr>\n<td style=\"text-align: left;\" valign=\"top\" width=\"17%\"><span style=\"font-family: Calibri; font-size: small;\">2018<\/span><\/td>\n<td style=\"text-align: left;\" valign=\"top\" width=\"83%\">Cr\u00e9ation du premier hackathon du journalisme et des m\u00e9dias de solutions \u00e0 l&rsquo;\u00e9cole 42<strong><br \/>\n<\/strong><\/td>\n<\/tr>\n<tr>\n<td style=\"text-align: left;\" valign=\"top\" width=\"17%\"><span style=\"font-family: Calibri; font-size: small;\">2017<\/span><\/td>\n<td style=\"text-align: left;\" valign=\"top\" width=\"83%\"><span style=\"font-family: Calibri; font-size: small;\">S\u00e9lectionn\u00e9 parmi les \u00ab\u00a0Franco-British Young Leaders\u00a0\u00bb<\/span><\/td>\n<\/tr>\n<tr>\n<td style=\"text-align: left;\" valign=\"top\" width=\"17%\"><span style=\"font-family: Calibri; font-size: small;\">2016<\/span><\/td>\n<td style=\"text-align: left;\" valign=\"top\" width=\"83%\"><span style=\"font-family: Calibri; font-size: small;\">Contribution \u00e0 l&rsquo;\u00e9mergence de mouvements citoyens<br \/>\n<\/span><\/td>\n<\/tr>\n<tr>\n<td style=\"text-align: left;\" valign=\"top\" width=\"17%\"><span style=\"font-family: Calibri; font-size: small;\">2014<\/span><\/td>\n<td style=\"text-align: left;\" valign=\"top\" width=\"83%\"><span style=\"font-family: Calibri; font-size: small;\">Conception de l&rsquo;<strong>exposition et vente aux ench\u00e8res \u00ab\u00a0Solutions en lumi\u00e8re\u00a0\u00bb au profit de l&rsquo;association Reporters d&rsquo;Espoirs<\/strong>, \u00e9v\u00e9nement parrain\u00e9 par Philippe Starck et 60 artistes parmi lesquels Raymond Depardon, JonOne, Jef Aerosol, Ernest Pignon-Ernest&#8230;<\/span><\/td>\n<\/tr>\n<tr>\n<td style=\"text-align: left;\" valign=\"top\" width=\"17%\"><span style=\"font-family: Calibri; font-size: small;\">2013<\/span><\/td>\n<td style=\"text-align: left;\" valign=\"top\" width=\"83%\"><span style=\"font-family: Calibri; font-size: small;\">Cofondation de la <strong>TMI &#8211; Transformation Media Initiative<\/strong>, la premi\u00e8re alliance internationale des journalistes et professionnels des m\u00e9dias travaillant au d\u00e9veloppement du \u00ab\u00a0journalisme de solutions\u00a0\u00bb<\/span><\/td>\n<\/tr>\n<tr>\n<td style=\"text-align: left;\" valign=\"top\" width=\"17%\"><span style=\"font-family: Calibri; font-size: small;\">2013 &#8211; 2016<br \/>\n<\/span><\/td>\n<td style=\"text-align: left;\" valign=\"top\" width=\"83%\"><span style=\"font-family: Calibri; font-size: small;\">Organisation et contribution \u00e0 des d&rsquo;\u00e9v\u00e9nements en hommage et \u00e0 la <strong>m\u00e9moire de St\u00e9phane Hessel<\/strong><\/span><\/td>\n<\/tr>\n<tr>\n<td style=\"text-align: left;\" valign=\"top\" width=\"17%\"><span style=\"font-family: Calibri; font-size: small;\">2013 &#8211; 2014 &#8211; 2015<br \/>\n<\/span><\/td>\n<td style=\"text-align: left;\" valign=\"top\" width=\"83%\"><span style=\"font-family: Calibri; font-size: small;\">Cr\u00e9ation et coordination des \u00e9v\u00e9nements <b>La France des Solutions<\/b>, au Conseil \u00e9conomique social et environnemental. lancement en pr\u00e9sence du Pr\u00e9sident de la R\u00e9publique. 1500 participants.<\/span><\/td>\n<\/tr>\n<tr>\n<td style=\"text-align: left;\" valign=\"top\" width=\"17%\"><span style=\"font-family: Calibri; font-size: small;\">2013<\/span><\/td>\n<td style=\"text-align: left;\" valign=\"top\" width=\"83%\"><span style=\"font-family: Calibri; font-size: small;\">Directeur de l&rsquo;ONG <b>Reporters d&rsquo;Espoirs<\/b><\/span><\/td>\n<\/tr>\n<tr>\n<td style=\"text-align: left;\" valign=\"top\" width=\"17%\"><span style=\"font-family: Calibri; font-size: small;\">2011<\/span><\/td>\n<td style=\"text-align: left;\" valign=\"top\" width=\"83%\"><span style=\"font-family: Calibri; font-size: small;\">Rejoint l&rsquo;ONG <b>Reporters d&rsquo;Espoirs <\/b>comme directeur de la r\u00e9daction<\/span><\/td>\n<\/tr>\n<tr>\n<td style=\"text-align: left;\" valign=\"top\" width=\"17%\"><span style=\"font-family: Calibri;\">2011<\/span><\/td>\n<td style=\"text-align: left;\" valign=\"top\" width=\"83%\"><span style=\"font-family: Calibri;\">Cr\u00e9ation de la <b> collection \u00ab\u00a0Conversation pour l&rsquo;avenir\u00a0\u00bb<\/b> avec les \u00e9ditions de l&rsquo;Aube, lanc\u00e9e avec St\u00e9phane Hessel et<i> Engagez-vous !<br \/>\n<\/i><\/span><\/td>\n<\/tr>\n<tr>\n<td style=\"text-align: left;\" valign=\"top\" width=\"17%\"><span style=\"font-family: Calibri; font-size: small;\">2010<\/span><\/td>\n<td style=\"text-align: left;\" valign=\"top\" width=\"83%\">Cofondation de <b>l\u2019Appel de la Jeunesse<\/b><\/td>\n<\/tr>\n<tr>\n<td style=\"text-align: left;\" valign=\"top\" width=\"17%\"><span style=\"font-family: Calibri; font-size: small;\">2010<\/span><\/td>\n<td style=\"text-align: left;\" valign=\"top\" width=\"83%\">Cofondation d&rsquo;<b>INDIBIO, Institut pour la diversit\u00e9 biologique J\u00e9romine PASTEUR <\/b><\/td>\n<\/tr>\n<tr>\n<td style=\"text-align: left;\" valign=\"top\" width=\"17%\"><span style=\"font-family: Calibri; font-size: small;\">2010<\/span><\/td>\n<td style=\"text-align: left;\" valign=\"top\" width=\"83%\"><span style=\"font-family: Calibri; font-size: small;\"> Publication du livre<strong> Le <\/strong><\/span> <span style=\"font-family: Calibri;\"><strong>Tour de France du d\u00e9veloppement durable, postface d&rsquo;Edgar Morin<\/strong><br \/>\n<\/span><\/td>\n<\/tr>\n<tr>\n<td style=\"text-align: left;\" valign=\"top\" width=\"17%\"><span style=\"font-family: Calibri; font-size: small;\">2013 &#8211; 2014 &#8211; 2015<br \/>\n<\/span><\/td>\n<td style=\"text-align: left;\" valign=\"top\" width=\"83%\"><span style=\"font-family: Calibri; font-size: small;\">Cr\u00e9ation et coordination des \u00e9v\u00e9nements <b>La France des Solutions<\/b>, au Conseil \u00e9conomique social et environnemental. lancement en pr\u00e9sence du Pr\u00e9sident de la R\u00e9publique. 1500 participants.<\/span><\/td>\n<\/tr>\n<tr>\n<td style=\"text-align: left;\" valign=\"top\" width=\"17%\"><span style=\"font-family: Calibri; font-size: small;\">2009<br \/>\n<\/span><\/td>\n<td style=\"text-align: left;\" valign=\"top\" width=\"83%\"><span style=\"font-family: Calibri; font-size: small;\">Rencontre avec<strong> St\u00e9phane Hessel<\/strong> et \u00e9laboration du livre \u00ab\u00a0Engagez-vous !\u00a0\u00bb<\/span><\/td>\n<\/tr>\n<tr>\n<td style=\"text-align: left;\" valign=\"top\" width=\"17%\"><span style=\"font-family: Calibri; font-size: small;\">2009<\/span><\/td>\n<td style=\"text-align: left;\" valign=\"top\" width=\"83%\"><span style=\"font-family: Calibri; font-size: small;\"> Lancement de<b> l&rsquo;Appel pour une France durable<\/b><\/span><\/td>\n<\/tr>\n<tr>\n<td style=\"text-align: left;\" valign=\"top\" width=\"17%\"><span style=\"font-family: Calibri;\">2008<\/span><\/td>\n<td style=\"text-align: left;\" valign=\"top\" width=\"83%\"><span style=\"font-family: Calibri;\">Cr\u00e9ation du <b>Tour de France du d\u00e9veloppement durable<\/b><\/span><\/td>\n<\/tr>\n<tr>\n<td style=\"text-align: left;\" valign=\"top\" width=\"17%\"><span style=\"font-family: Calibri;\">2007<\/span><\/td>\n<td style=\"text-align: left;\" valign=\"top\" width=\"83%\"><span style=\"color: #000000; font-family: Calibri;\">Contribution \u00e0 la cr\u00e9ation des <\/span> <span style=\"font-family: Verdana;\"> <a href=\"http:\/\/www.planetd.fr\"><b> <span style=\"font-family: Calibri;\">Troph\u00e9es Planet-D<\/span><\/b><\/a><\/span><span style=\"color: #000000; font-family: Calibri;\"> (Association Planet-D)<\/span><span style=\"font-family: Calibri;\">, concours r\u00e9compensant les meilleurs projets \u00e9tudiants de \u00ab\u00a0campus durables\u00a0\u00bb.<\/span><\/td>\n<\/tr>\n<tr>\n<td style=\"text-align: left;\" valign=\"top\" width=\"17%\"><span style=\"font-family: Calibri;\">2007<\/span><\/td>\n<td style=\"text-align: left;\" valign=\"top\" width=\"83%\"><span style=\"color: #000000; font-family: Calibri;\"> Participation \u00e0 la cr\u00e9ation du <\/span> <span style=\"font-family: Verdana;\"> <a href=\"http:\/\/www.refedd.com\"><b> <span style=\"font-family: Calibri;\">REFEDD<\/span><\/b><\/a><\/span><span style=\"font-family: Calibri;\"> (R\u00e9seau des \u00e9tudiants fran\u00e7ais pour le d\u00e9veloppement durable)<\/span><\/td>\n<\/tr>\n<tr>\n<td style=\"text-align: left;\" valign=\"top\" width=\"17%\"><span style=\"font-family: Calibri;\">2006<\/span><\/td>\n<td style=\"text-align: left;\" valign=\"top\" width=\"83%\"><span style=\"font-family: Calibri; font-size: small;\">Cr\u00e9ation<\/span><span style=\"font-family: Verdana;\"> <b><a href=\"http:\/\/www.eidos.online.fr\"> <span style=\"font-family: Calibri;\">de l&rsquo;association Eidos<\/span><\/a><\/b><\/span> <span style=\"color: #000000; font-family: Calibri;\">\u00a0<\/span><span style=\"color: #000000; font-family: Calibri;\">et du<\/span><span style=\"color: #000000; font-family: Calibri;\"> Festival Eidos du <\/span> <span style=\"color: #000000; font-family: Calibri;\"><b> film de l&rsquo;environnement et du d\u00e9veloppement durable<\/b> (octobre 2006, Cit\u00e9 des congr\u00e8s et cin\u00e9mas, Nantes)<\/span><\/td>\n<\/tr>\n<tr>\n<td style=\"text-align: left;\" valign=\"top\" width=\"17%\"><span style=\"font-family: Calibri; font-size: small;\">2000<\/span><\/td>\n<td style=\"text-align: left;\" valign=\"top\" width=\"83%\"><span style=\"font-family: Calibri; font-size: small;\">Lancement dans l&rsquo;entrepreneuriat \u00e0 14 ans avec la cr\u00e9ation du portail PlanetScoots.com et de l&rsquo;agence Internet SW multimedia.<\/span><\/td>\n<\/tr>\n<\/tbody>\n<\/table>\n[\/mk_custom_list][\/vc_column][vc_column width=\u00a0\u00bb1\/3&Prime;][mk_fancy_title tag_name=\u00a0\u00bbh1&Prime; style=\u00a0\u00bbfalse\u00a0\u00bb color=\u00a0\u00bb#222222&Prime; size=\u00a0\u00bb16&Prime; font_weight=\u00a0\u00bbbold\u00a0\u00bb margin_top=\u00a0\u00bb10&Prime; margin_bottom=\u00a0\u00bb15&Prime; font_family=\u00a0\u00bbnone\u00a0\u00bb align=\u00a0\u00bbleft\u00a0\u00bb width=\u00a0\u00bb1\/1&Prime; el_position=\u00a0\u00bbfirst last\u00a0\u00bb]Ses ouvrages[\/mk_fancy_title][mk_divider style=\u00a0\u00bbthick_solid\u00a0\u00bb divider_width=\u00a0\u00bbfull_width\u00a0\u00bb margin_top=\u00a0\u00bb0&Prime; margin_bottom=\u00a0\u00bb20&Prime; width=\u00a0\u00bb1\/1&Prime; el_position=\u00a0\u00bbfirst last\u00a0\u00bb][mk_custom_list style=\u00a0\u00bbe262&Prime; icon_color=\u00a0\u00bb#cccccc\u00a0\u00bb margin_bottom=\u00a0\u00bb30&Prime; width=\u00a0\u00bb1\/1&Prime; el_position=\u00a0\u00bbfirst last\u00a0\u00bb align=\u00a0\u00bbnone\u00a0\u00bb]\n<table id=\"AutoNumber107\" width=\"93%\" border=\"0\" cellspacing=\"0\" cellpadding=\"5\">\n<tbody>\n<tr>\n<td style=\"text-align: left;\" valign=\"top\" width=\"17%\">2020<\/td>\n<td style=\"text-align: left;\" valign=\"top\" width=\"83%\"><i>Imaginer le monde des m\u00e9dias, le r\u00f4le positif des m\u00e9dias<\/i>, postfac\u00e9 par Eric Fottorino, Ed. Actes Sud<\/td>\n<\/tr>\n<tr>\n<td style=\"text-align: left;\" valign=\"top\" width=\"17%\"><span style=\"font-family: Calibri; font-size: small;\">2019<\/span><\/td>\n<td style=\"text-align: left;\" valign=\"top\" width=\"83%\"><span style=\"font-size: small;\"><i>20 initiatives qui font bouger la France,<\/i> \u00e9ditions Librio<i><br \/>\n<\/i><\/span><\/td>\n<\/tr>\n<tr>\n<td style=\"text-align: left;\" valign=\"top\" width=\"17%\"><span style=\"font-family: Calibri; font-size: small;\">2017<\/span><\/td>\n<td style=\"text-align: left;\" valign=\"top\" width=\"83%\"><span style=\"font-size: small;\"><i>La France des solutions<\/i>, avec Jean-Louis Etienne, Ed. Arthaud<\/span><\/td>\n<\/tr>\n<tr>\n<td style=\"text-align: left;\" valign=\"top\" width=\"17%\"><span style=\"font-family: Calibri; font-size: small;\">2016<\/span><\/td>\n<td style=\"text-align: left;\" valign=\"top\" width=\"83%\"><span style=\"font-size: small;\"><i>Le moment est venu de penser \u00e0 l&rsquo;avenir, <\/i>avec Jean Viard, Ed. l&rsquo;Aube.<\/span><\/td>\n<\/tr>\n<tr>\n<td style=\"text-align: left;\" valign=\"top\" width=\"17%\"><span style=\"font-family: Calibri; font-size: small;\">2015<\/span><\/td>\n<td style=\"text-align: left;\" valign=\"top\" width=\"83%\"><span style=\"font-size: small;\"><i>Utopie, quand reviendras-tu ?, <\/i>avec Jean-Claude Carri\u00e8re, Ed. l&rsquo;Aube.<\/span><\/td>\n<\/tr>\n<tr>\n<td style=\"text-align: left;\" valign=\"top\" width=\"17%\"><span style=\"font-family: Calibri; font-size: small;\">2014<\/span><\/td>\n<td style=\"text-align: left;\" valign=\"top\" width=\"83%\"><span style=\"font-size: small;\"><i>Tunisie : la R\u00e9volution inachev\u00e9e<\/i>, avec Youssef Seddik, Ed. l&rsquo;Aube.<\/span><\/td>\n<\/tr>\n<tr>\n<td style=\"text-align: left;\" valign=\"top\" width=\"17%\"><span style=\"font-family: Calibri; font-size: small;\">2013<\/span><\/td>\n<td style=\"text-align: left;\" valign=\"top\" width=\"83%\"><span style=\"font-size: small;\"><i>St\u00e9phane Hessel, irr\u00e9sistible optimiste<\/i>, Gilles Vanderpooten et Christiane Hessel, Ed. l&rsquo;Aube.<\/span><\/td>\n<\/tr>\n<tr>\n<td style=\"text-align: left;\" valign=\"top\" width=\"17%\"><span style=\"font-family: Calibri; font-size: small;\">2013<\/span><\/td>\n<td style=\"text-align: left;\" valign=\"top\" width=\"83%\"><span style=\"font-size: small;\"><i>I have a dream, un monde nouveau se dessine<\/i>. <i>Martin Luther King 50 ans apr\u00e8s<\/i>. Ed. Steinkis.<\/span><\/td>\n<\/tr>\n<tr>\n<td style=\"text-align: left;\" valign=\"top\" width=\"17%\"><span style=\"font-family: Calibri; font-size: small;\">2013<\/span><\/td>\n<td style=\"text-align: left;\" valign=\"top\" width=\"83%\"><span style=\"font-family: Calibri;\"><i>J&rsquo;ai fait un r\u00eave<\/i> avec Guy Bedos. <\/span> Ed. de L&rsquo;Aube.<\/td>\n<\/tr>\n<tr>\n<td style=\"text-align: left;\" valign=\"top\" width=\"17%\"><span style=\"font-family: Calibri; font-size: small;\">2012<\/span><\/td>\n<td style=\"text-align: left;\" valign=\"top\" width=\"83%\"><span style=\"font-size: small;\"><i>Impression d&rsquo;ailleurs <\/i>avec Philippe Starck. <\/span> Ed. de L&rsquo;Aube.<\/td>\n<\/tr>\n<tr>\n<td style=\"text-align: left;\" valign=\"top\" width=\"17%\"><span style=\"font-family: Calibri; font-size: small;\">2012<\/span><\/td>\n<td style=\"text-align: left;\" valign=\"top\" width=\"83%\"><span style=\"font-size: small;\"><i> L&rsquo;entrepreneur et l&rsquo;Indign\u00e9<\/i>, Ed. Ellipses<\/span><\/td>\n<\/tr>\n<tr>\n<td style=\"text-align: left;\" valign=\"top\" width=\"17%\"><span style=\"font-family: Calibri; font-size: small;\">2012<\/span><\/td>\n<td style=\"text-align: left;\" valign=\"top\" width=\"83%\"><span style=\"font-size: small;\"><i>Moment d&rsquo;agir, un appel de la jeunesse<\/i>, collectif. Ed. Jouvence.<\/span><\/td>\n<\/tr>\n<tr>\n<td style=\"text-align: left;\" valign=\"top\" width=\"17%\"><span style=\"font-family: Calibri;\">2012<\/span><\/td>\n<td style=\"text-align: left;\" valign=\"top\" width=\"83%\"><i> Ce que je n\u2019accepte pas<\/i> avec Danielle Mitterrand. Ed. de L&rsquo;Aube.<\/td>\n<\/tr>\n<tr>\n<td style=\"text-align: left;\" valign=\"top\" width=\"17%\"><span style=\"font-family: Calibri;\">2011<\/span><\/td>\n<td style=\"text-align: left;\" valign=\"top\" width=\"83%\"><i>Engagez-vous\u00a0! <\/i>avec St\u00e9phane Hessel. 200\u00a0000 exemplaires. Traduit en 16 langues. Ed. de L&rsquo;Aube.<\/td>\n<\/tr>\n<tr>\n<td style=\"text-align: left;\" valign=\"top\" width=\"17%\"><span style=\"font-family: Calibri;\">2011<\/span><\/td>\n<td style=\"text-align: left;\" valign=\"top\" width=\"83%\"><i>Partageons\u00a0! L\u2019utopie ou la guerre<\/i>, avec Yves Paccalet, scientifique. Ed. de L&rsquo;Aube.<\/td>\n<\/tr>\n<tr>\n<td style=\"text-align: left;\" valign=\"top\" width=\"17%\"><span style=\"font-family: Calibri;\">2011<\/span><\/td>\n<td style=\"text-align: left;\" valign=\"top\" width=\"83%\"><i>Unissons-nous\u00a0! Des r\u00e9volutions arabes aux indign\u00e9s<\/i>, avec Youssef Seddik, philosophe. Ed. de L&rsquo;Aube.<\/td>\n<\/tr>\n<tr>\n<td style=\"text-align: left;\" valign=\"top\" width=\"17%\"><span style=\"font-family: Calibri;\">2011<\/span><\/td>\n<td style=\"text-align: left;\" valign=\"top\" width=\"83%\"><i>La vie est un chemin qui a du c\u0153ur<\/i>, avec J\u00e9romine Pasteur, \u00e9crivain et exploratrice. Ed. de L&rsquo;Aube.<\/td>\n<\/tr>\n<tr>\n<td valign=\"top\" width=\"17%\"><span style=\"font-family: Calibri;\">2010<\/span><\/td>\n<td style=\"text-align: left;\" valign=\"top\" width=\"83%\"><i> Le Tour de France du d\u00e9veloppement durable<\/i>, postface d\u2019Edgar Morin. Ed. Alternatives.<\/td>\n<\/tr>\n<\/tbody>\n<\/table>\n[\/mk_custom_list][\/vc_column][vc_column width=\u00a0\u00bb1\/3&Prime; el_position=\u00a0\u00bblast\u00a0\u00bb][mk_fancy_title tag_name=\u00a0\u00bbh1&Prime; style=\u00a0\u00bbfalse\u00a0\u00bb color=\u00a0\u00bb#222222&Prime; size=\u00a0\u00bb16&Prime; font_weight=\u00a0\u00bbbold\u00a0\u00bb margin_top=\u00a0\u00bb10&Prime; margin_bottom=\u00a0\u00bb15&Prime; font_family=\u00a0\u00bbnone\u00a0\u00bb align=\u00a0\u00bbleft\u00a0\u00bb width=\u00a0\u00bb1\/1&Prime; el_position=\u00a0\u00bbfirst last\u00a0\u00bb]Ses interventions[\/mk_fancy_title][mk_divider style=\u00a0\u00bbthick_solid\u00a0\u00bb divider_width=\u00a0\u00bbfull_width\u00a0\u00bb margin_top=\u00a0\u00bb0&Prime; margin_bottom=\u00a0\u00bb20&Prime; width=\u00a0\u00bb1\/1&Prime; el_position=\u00a0\u00bbfirst last\u00a0\u00bb][mk_custom_list style=\u00a0\u00bbe262&Prime; icon_color=\u00a0\u00bb#cccccc\u00a0\u00bb margin_bottom=\u00a0\u00bb30&Prime; width=\u00a0\u00bb1\/1&Prime; el_position=\u00a0\u00bbfirst last\u00a0\u00bb align=\u00a0\u00bbnone\u00a0\u00bb]\n<table width=\"93%\" border=\"0\" cellspacing=\"0\" cellpadding=\"0\">\n<tbody>\n<tr>\n<td valign=\"top\" width=\"17%\">2015-2018<\/td>\n<td valign=\"top\" width=\"83%\"><b>\u00c9v\u00e9nements et conf\u00e9rences<br \/>\n<\/b>M\u00e9dias et Justice, Eglise Notre-Dame de Pentec\u00f4te, La D\u00e9fense<br \/>\nCours\/Interventions dans les \u00e9cole de journalisme : ISCPA Toulouse, ESJ Paris \/ Lille, Sciences Po Paris&#8230;<br \/>\nEcole nationale des Arts Visuels de La Cambre, Bruxelles<br \/>\nPrintemps des Po\u00e8tes, Dunkerque<br \/>\nFestival de la presse \u00e0 la campagne, Ch\u00e2teau-Gontier (Mayenne)<br \/>\nTour de la France des solutions (2017)<br \/>\n&#8230;<\/td>\n<\/tr>\n<tr>\n<td valign=\"top\" width=\"17%\"><\/td>\n<td valign=\"top\" width=\"83%\"><\/td>\n<\/tr>\n<tr>\n<td valign=\"top\" width=\"17%\"><\/td>\n<td valign=\"top\" width=\"83%\"><\/td>\n<\/tr>\n<tr>\n<td valign=\"top\" width=\"17%\"><\/td>\n<td valign=\"top\" width=\"83%\"><\/td>\n<\/tr>\n<tr>\n<td valign=\"top\" width=\"17%\"><\/td>\n<td valign=\"top\" width=\"83%\"><\/td>\n<\/tr>\n<tr>\n<td valign=\"top\" width=\"17%\"><\/td>\n<td valign=\"top\" width=\"83%\"><\/td>\n<\/tr>\n<tr>\n<td valign=\"top\" width=\"17%\"><\/td>\n<td valign=\"top\" width=\"83%\"><\/td>\n<\/tr>\n<tr>\n<td valign=\"top\" width=\"17%\">2014<\/td>\n<td valign=\"top\" width=\"83%\"><b>Institut du Monde Arabe<\/b>, Paris<\/td>\n<\/tr>\n<tr>\n<td valign=\"top\" width=\"17%\">2014<\/td>\n<td valign=\"top\" width=\"83%\"><b>Colegi de periodistas de Catalunya<\/b>, Barcelone<\/td>\n<\/tr>\n<tr>\n<td valign=\"top\" width=\"17%\">2014<\/td>\n<td valign=\"top\" width=\"83%\"><b>\u00c9v\u00e9nement et conf\u00e9rences<br \/>\n<\/b>Maison de l&rsquo;Am\u00e9rique Latine : soir\u00e9e hommage \u00e0 St\u00e9phane Hessel<br \/>\nFestival de la presse de Ch\u00e2teau-Gontier<br \/>\nPlateau des Gli\u00e8res<br \/>\n100\u00a0000 entrepreneurs, Lyon<br \/>\nPrintemps des entrepreneurs, Lyon<br \/>\nSalon des entrepreneurs, Paris<br \/>\n\u00c9tats g\u00e9n\u00e9raux de la R\u00e9publique &#8211; Lib\u00e9ration, Grenoble<br \/>\n&#8230;<\/td>\n<\/tr>\n<tr>\n<td valign=\"top\" width=\"17%\">2012<\/td>\n<td valign=\"top\" width=\"83%\">Club de Rome &#8211; Change the course conference<\/td>\n<\/tr>\n<tr>\n<td valign=\"top\" width=\"17%\">2012<\/td>\n<td valign=\"top\" width=\"83%\">Tribune dans l&rsquo;Humanit\u00e9 : <i>Jeunes, ne vous r\u00e9signez pas ! <a href=\"http:\/\/www.humanite.fr\/tribunes\/jeunes-ne-vous-resignez-pas-506942\">&gt; LIRE<\/a><\/i><\/td>\n<\/tr>\n<tr>\n<td valign=\"top\" width=\"17%\">2012<\/td>\n<td valign=\"top\" width=\"83%\"><b>Universit\u00e9 d\u2019\u00e9t\u00e9 des Chambres de Commerce et d\u2019Industrie<\/b>, Versailles sur le th\u00e8me \u00ab\u00a019-29, les d\u00e9fis d&rsquo;une g\u00e9n\u00e9ration\u00a0\u00bb<\/td>\n<\/tr>\n<tr>\n<td valign=\"top\" width=\"17%\">2012<\/td>\n<td valign=\"top\" width=\"83%\">Membre du Jury du <b>Prix du Roman Social<\/b>, aux c\u00f4t\u00e9s de Martin Hirsch, Pascal Picq, Joy Sorman, Claude Alphand\u00e9ry&#8230;<\/td>\n<\/tr>\n<tr>\n<td valign=\"top\" width=\"17%\">2012<\/td>\n<td valign=\"top\" width=\"83%\">Organisation du <b>Prix Reporters d\u2019Espoirs <\/b><\/td>\n<\/tr>\n<tr>\n<td valign=\"top\" width=\"17%\">2011<\/td>\n<td valign=\"top\" width=\"83%\">Interventions sur l&rsquo;indignation et l&rsquo;engagement autour du livre <b>Engagez-vous ! <\/b>avec St\u00e9phane Hessel. Conf\u00e9rences, \u00e9coles, salons.<\/td>\n<\/tr>\n<tr>\n<td valign=\"top\" width=\"17%\">2008<\/td>\n<td valign=\"top\" width=\"83%\">Interventions autour du <b>Tour de France du d\u00e9veloppement durable<\/b> : \u00e9conomie sociale et solidaire, agriculture, \u00e9conomie circulaire, RSE, etc.<\/td>\n<\/tr>\n<\/tbody>\n<\/table>\n[\/mk_custom_list][\/vc_column][\/vc_row][vc_row][vc_column width=\u00a0\u00bb1\/1&Prime;][vc_column_text disable_pattern=\u00a0\u00bbtrue\u00a0\u00bb align=\u00a0\u00bbleft\u00a0\u00bb margin_bottom=\u00a0\u00bb0&Prime;]\n<h2 style=\"text-align: center;\"><strong>\u00ab\u00a0Gilles Vanderpooten, u<\/strong><strong>n jeune engag\u00e9 en qu\u00eate d&rsquo;auteurs\u00a0\u00bb<\/strong><\/h2>\n<p style=\"text-align: center;\"><strong><\/strong> par Corinne Renou-Nativel, journaliste, paru dans <em>La Croix<\/em> le 5 novembre 2012.<\/p>\n<p><i><b><span style=\"font-family: Calibri; font-size: x-large;\">\u00a0<\/span><\/b><\/i><\/p>\n<p align=\"left\"><span style=\"font-family: Calibri;\">Gilles Vanderpooten. Ce jeune homme est co-auteur, avec St\u00e9phane Hessel, du livre \u00ab\u00a0Engagez-vous\u00a0!\u00a0\u00bb et poursuit un projet \u00e9ditorial fond\u00e9 sur la transmission des exp\u00e9riences, d&rsquo;une g\u00e9n\u00e9ration \u00e0 l&rsquo;autre.<\/span><\/p>\n<p><span style=\"font-family: Calibri;\">Il a la gr\u00e2ce de s&rsquo;\u00e9merveiller de sa chance. \u00c0 27\u00a0ans, Gilles Vanderpooten est passionn\u00e9 par les rencontres. Ce fils de Parisiens reconvertis \u00e0 l&rsquo;agriculture bio en Ari\u00e8ge a \u00e9t\u00e9 berc\u00e9 par les questions environnementales. \u00c0 20\u00a0ans, il int\u00e8gre une \u00e9cole de commerce \u00e0 Nantes, \u00ab\u00a0la seule qui avait un discours sur le d\u00e9veloppement durable\u00a0\u00bb. Pour cr\u00e9er un festival du film sur l&rsquo;environnement [Festival Eidos, Nantes, Octobre 2006], l&rsquo;\u00e9tudiant contacte des explorateurs comme Nicolas Vanier, Laurence de la Ferri\u00e8re et J\u00e9romine Pasteur. <\/span> <span style=\"font-family: Calibri;\">Avec deux amis, il sillonne ensuite la France [en 2008] pour d\u00e9couvrir une quarantaine d&rsquo;initiatives men\u00e9es par des particuliers et des entrepreneurs, et tous trois en rendent compte dans <i> <a href=\"http:\/\/www.vivelaterre.com\/tourdefrance\/\"><b><span style=\"font-size: small;\"> Le Tour de France du d\u00e9veloppement durable<\/span><\/b><\/a><\/i>, publi\u00e9 aux \u00c9ditions Alternatives, avec une postface d&rsquo;Edgar Morin.<\/span><\/p>\n<p><span style=\"font-family: Calibri;\">Chez ce jeune homme plein de ressources, un projet en entra\u00eene un autre.<\/span><\/p>\n<p><span style=\"font-family: Calibri;\">Lors du Grenelle de l&rsquo;environnement initi\u00e9 par Nicolas Sarkozy, il lance un<b><a href=\"http:\/\/www.pourunefrancedurable.org\/\"> appel \u00ab Pour une France durable \u00bb<\/a><\/b>, relay\u00e9 par le site Internet M\u00e9diapart, pour lequel il obtient le soutien d&rsquo;une quinzaine de personnalit\u00e9s dont la navigatrice Isabelle Autissier et le paysagiste Gilles Cl\u00e9ment. \u00ab Le livre sur notre tour de France m&rsquo;a donn\u00e9 le go\u00fbt de l&rsquo;\u00e9criture. L&rsquo;appel m&rsquo;a confirm\u00e9 que les personnalit\u00e9s qui m&rsquo;int\u00e9ressaient n&rsquo;\u00e9taient pas inaccessibles. J&rsquo;ai eu envie de rassembler dans un ouvrage des entretiens avec une dizaine de personnes qui incarnaient l&rsquo;engagement et qui s&rsquo;illustraient par des actions concr\u00e8tes, une pens\u00e9e novatrice. \u00bb<\/span><\/p>\n<p><span style=\"font-family: Calibri;\">Il commence en septembre 2009 avec St\u00e9phane Hessel, \u00ab alors peu connu du grand public, totalement engag\u00e9 et d\u00e9vou\u00e9, dans la R\u00e9sistance d&rsquo;abord, les ONG, pour les droits des sans-papiers, des Palestiniens, etc. Soixante-dix ans nous s\u00e9parent. \u00bb<br \/>\nIl se met en qu\u00eate d&rsquo;un \u00e9diteur. Quarante refusent. Le quarante et uni\u00e8me, le sociologue Jean Viard aux \u00c9ditions de l&rsquo;Aube, accepte sous une condition : il veut non pas un livre, mais une s\u00e9rie compl\u00e8te, intitul\u00e9e \u00ab Conversation pour l&rsquo;avenir \u00bb, avec un ouvrage par interlocuteur et la volont\u00e9 de s&rsquo;adresser aux jeunes, de transmettre un message. Gilles Vanderpooten ignore que les \u00c9ditions Indig\u00e8ne s&rsquo;appr\u00eatent \u00e0 publier Indignez-vous ! Le succ\u00e8s ph\u00e9nom\u00e9nal de ce petit livre ne modifie pas son projet, mais en change le titre. \u00ab J&rsquo;ai propos\u00e9 : <i>Engagez-vous !<\/i> \u00bb se rappelle, amus\u00e9, Gilles Vanderpooten. \u00ab L&rsquo;\u00e9diteur \u00e9tait r\u00e9ticent mais St\u00e9phane Hessel enthousiaste. \u00bb<\/span><\/p>\n<p><span style=\"font-family: Calibri;\">Le jeune militant prend contact ensuite avec Danielle Mitterrand. \u00ab Une \u00e9vidence pour moi, par la force de son engagement, dans la R\u00e9sistance puis dans d&rsquo;autres luttes, son c\u00f4t\u00e9 radical, sans concession. \u00bb Elle lui propose aussit\u00f4t de venir dans les Landes, \u00e0 Latche, avec &#8211; il ne le sait pas- la volont\u00e9 de laisser un dernier t\u00e9moignage,au cours de l&rsquo;\u00e9t\u00e9 2011. Elle d\u00e9c\u00e9dera en novembre. Ce que je n&rsquo;accepte pas para\u00eetra deux mois plus tard. Gilles Vanderpooten poursuit en r\u00e9alisant des entretiens avec le philosophe \u00e9cologiste Yves Paccalet, l&rsquo;anthropologue tunisien Youssef Seddik, l&rsquo;exploratrice J\u00e9romine Pasteur, qui tous font l&rsquo;objet d&rsquo;un livre. Aux \u00c9ditions Ellipses, il publie <i>L&rsquo;Entrepreneur et l&rsquo;Indign\u00e9 <\/i>avec Philippe Hayat, cr\u00e9ateur et repreneur d&rsquo;entreprises.<\/span><\/p>\n<p><span style=\"font-family: Calibri;\">En parall\u00e8le \u00e0 ces aventures \u00e9ditoriales qui promettent d&rsquo;autres titres, apr\u00e8s avoir d\u00e9couvert le \u00ab cynisme du marketing \u00bb dans une firme multinationale et le monde de l&rsquo;\u00e9conomie sociale en travaillant pour une banque, il rejoint <a href=\"http:\/\/www.reportersdespoirs.org\">Reporters d&rsquo;Espoirs<\/a>. \u00ab Je voulais \u00eatre au contact de ceux qui agissent. Cette association a pour mission de promouvoir aupr\u00e8s des m\u00e9dias les solutions sur le terrain, avec une dimension humaine, \u00e9cologique ou solidaire, afin de donner au plus grand nombre envie d&rsquo;agir.\u00bb<\/span>[\/vc_column_text][mk_padding_divider size=\u00a0\u00bb40&Prime;][\/vc_column][\/vc_row]\n<\/div>","protected":false},"excerpt":{"rendered":"<p>[vc_row][vc_column width=\u00a0\u00bb1\/3&Prime; el_position=\u00a0\u00bbfirst\u00a0\u00bb][mk_circle_image src=\u00a0\u00bbhttp:\/\/vivelaterre.com\/livres2026\/wp-content\/uploads\/2013\/06\/gilles-vanderpooten.jpg\u00a0\u00bb image_diameter=\u00a0\u00bb128&Prime; width=\u00a0\u00bb1\/1&Prime; el_position=\u00a0\u00bbfirst last\u00a0\u00bb][mk_padding_divider size=\u00a0\u00bb40&Prime; width=\u00a0\u00bb1\/1&Prime; el_position=\u00a0\u00bbfirst last\u00a0\u00bb][mk_social_networks size=\u00a0\u00bbmedium\u00a0\u00bb style=\u00a0\u00bbcircle\u00a0\u00bb margin=\u00a0\u00bb4&Prime; icon_color=\u00a0\u00bb#e0e0e0&Prime; align=\u00a0\u00bbcenter\u00a0\u00bb facebook=\u00a0\u00bbhttps:\/\/www.facebook.com\/engagezvous\u00a0\u00bb twitter=\u00a0\u00bbhttps:\/\/www.twitter.com\/hopnews1&Prime; linkedin=\u00a0\u00bbhttp:\/\/fr.linkedin.com\/in\/gillesvanderpooten\u00a0\u00bb width=\u00a0\u00bb1\/1&Prime; el_position=\u00a0\u00bbfirst last\u00a0\u00bb youtube=\u00a0\u00bbhttp:\/\/www.youtube.com\/user\/viveavenir\u00a0\u00bb][\/vc_column][vc_column width=\u00a0\u00bb2\/3&Prime; el_position=\u00a0\u00bblast\u00a0\u00bb][mk_fancy_title tag_name=\u00a0\u00bbh1&Prime; style=\u00a0\u00bbfalse\u00a0\u00bb color=\u00a0\u00bb#222222&Prime; size=\u00a0\u00bb24&Prime; font_weight=\u00a0\u00bbinhert\u00a0\u00bb margin_top=\u00a0\u00bb10&Prime; margin_bottom=\u00a0\u00bb15&Prime; font_family=\u00a0\u00bbnone\u00a0\u00bb align=\u00a0\u00bbleft\u00a0\u00bb width=\u00a0\u00bb1\/1&Prime; el_position=\u00a0\u00bbfirst last\u00a0\u00bb]Gilles Vanderpooten[\/mk_fancy_title][mk_fancy_title tag_name=\u00a0\u00bbh1&Prime; style=\u00a0\u00bbfalse\u00a0\u00bb color=\u00a0\u00bb#888888&Prime; size=\u00a0\u00bb14&Prime; font_weight=\u00a0\u00bbnormal\u00a0\u00bb margin_top=\u00a0\u00bb0&Prime; margin_bottom=\u00a0\u00bb0&Prime; font_family=\u00a0\u00bbnone\u00a0\u00bb align=\u00a0\u00bbleft\u00a0\u00bb width=\u00a0\u00bb1\/1&Prime; el_position=\u00a0\u00bbfirst last\u00a0\u00bb]Auteur &amp; Entrepreneur associatif, directeur [&hellip;]<\/p>\n","protected":false},"author":1,"featured_media":0,"parent":7319,"menu_order":0,"comment_status":"open","ping_status":"closed","template":"","meta":{"_acf_changed":false,"footnotes":""},"class_list":["post-2996","page","type-page","status-publish","hentry"],"acf":[],"_links":{"self":[{"href":"http:\/\/vivelaterre.com\/livres2026\/wp-json\/wp\/v2\/pages\/2996","targetHints":{"allow":["GET"]}}],"collection":[{"href":"http:\/\/vivelaterre.com\/livres2026\/wp-json\/wp\/v2\/pages"}],"about":[{"href":"http:\/\/vivelaterre.com\/livres2026\/wp-json\/wp\/v2\/types\/page"}],"author":[{"embeddable":true,"href":"http:\/\/vivelaterre.com\/livres2026\/wp-json\/wp\/v2\/users\/1"}],"replies":[{"embeddable":true,"href":"http:\/\/vivelaterre.com\/livres2026\/wp-json\/wp\/v2\/comments?post=2996"}],"version-history":[{"count":17,"href":"http:\/\/vivelaterre.com\/livres2026\/wp-json\/wp\/v2\/pages\/2996\/revisions"}],"predecessor-version":[{"id":8318,"href":"http:\/\/vivelaterre.com\/livres2026\/wp-json\/wp\/v2\/pages\/2996\/revisions\/8318"}],"up":[{"embeddable":true,"href":"http:\/\/vivelaterre.com\/livres2026\/wp-json\/wp\/v2\/pages\/7319"}],"wp:attachment":[{"href":"http:\/\/vivelaterre.com\/livres2026\/wp-json\/wp\/v2\/media?parent=2996"}],"curies":[{"name":"wp","href":"https:\/\/api.w.org\/{rel}","templated":true}]}}