{"id":7277,"date":"2013-12-28T21:19:24","date_gmt":"2013-12-28T20:19:24","guid":{"rendered":"http:\/\/vivelaterre.com\/livres2026\/?page_id=7277"},"modified":"2013-12-29T15:55:55","modified_gmt":"2013-12-29T14:55:55","slug":"guy-bedos-jai-fait-un-reve","status":"publish","type":"page","link":"http:\/\/vivelaterre.com\/livres2026\/portfolio-livres\/guy-bedos-jai-fait-un-reve\/","title":{"rendered":"Guy Bedos &#8211; J&rsquo;ai fait un r\u00eave"},"content":{"rendered":"<div class=\"wpb-content-wrapper\">[vc_row][vc_column width=\u00a0\u00bb1\/3&Prime; el_position=\u00a0\u00bbfirst\u00a0\u00bb][mk_image src=\u00a0\u00bbhttp:\/\/vivelaterre.com\/livres2026\/wp-content\/uploads\/2013\/12\/couv_jaifaitunreve_bedos.jpg\u00a0\u00bb image_width=\u00a0\u00bb250&Prime; image_height=\u00a0\u00bb380&Prime; crop=\u00a0\u00bbtrue\u00a0\u00bb lightbox=\u00a0\u00bbfalse\u00a0\u00bb frame_style=\u00a0\u00bbsimple\u00a0\u00bb target=\u00a0\u00bb_self\u00a0\u00bb caption_location=\u00a0\u00bbinside-image\u00a0\u00bb align=\u00a0\u00bbleft\u00a0\u00bb margin_bottom=\u00a0\u00bb10&Prime; animation=\u00a0\u00bbfade-in\u00a0\u00bb][mk_padding_divider size=\u00a0\u00bb40&Prime; width=\u00a0\u00bb1\/1&Prime; el_position=\u00a0\u00bbfirst last\u00a0\u00bb][mk_social_networks size=\u00a0\u00bbmedium\u00a0\u00bb style=\u00a0\u00bbcircle\u00a0\u00bb margin=\u00a0\u00bb4&Prime; icon_color=\u00a0\u00bb#e0e0e0&Prime; align=\u00a0\u00bbcenter\u00a0\u00bb facebook=\u00a0\u00bbhttps:\/\/fr-fr.facebook.com\/pages\/Guy-Bedos-Jai-fait-un-r%C3%AAve-le-livre\/535612289794961&Prime; google_plus=\u00a0\u00bb#\u00a0\u00bb linkedin=\u00a0\u00bb#\u00a0\u00bb width=\u00a0\u00bb1\/1&Prime; el_position=\u00a0\u00bbfirst last\u00a0\u00bb][\/vc_column][vc_column width=\u00a0\u00bb2\/3&Prime; el_position=\u00a0\u00bblast\u00a0\u00bb][mk_fancy_title tag_name=\u00a0\u00bbh1&Prime; style=\u00a0\u00bbfalse\u00a0\u00bb color=\u00a0\u00bb#222222&Prime; size=\u00a0\u00bb24&Prime; font_weight=\u00a0\u00bbinhert\u00a0\u00bb margin_top=\u00a0\u00bb10&Prime; margin_bottom=\u00a0\u00bb15&Prime; font_family=\u00a0\u00bbnone\u00a0\u00bb align=\u00a0\u00bbleft\u00a0\u00bb width=\u00a0\u00bb1\/1&Prime; el_position=\u00a0\u00bbfirst last\u00a0\u00bb]Guy BEDOS<br \/>\nJ&rsquo;ai fait un r\u00eave[\/mk_fancy_title][mk_fancy_title tag_name=\u00a0\u00bbh1&Prime; style=\u00a0\u00bbfalse\u00a0\u00bb color=\u00a0\u00bb#888888&Prime; size=\u00a0\u00bb14&Prime; font_weight=\u00a0\u00bbnormal\u00a0\u00bb margin_top=\u00a0\u00bb0&Prime; margin_bottom=\u00a0\u00bb0&Prime; font_family=\u00a0\u00bbnone\u00a0\u00bb align=\u00a0\u00bbleft\u00a0\u00bb width=\u00a0\u00bb1\/1&Prime; el_position=\u00a0\u00bbfirst last\u00a0\u00bb]entretiens avec Gilles Vanderpooten[\/mk_fancy_title][mk_padding_divider size=\u00a0\u00bb20&Prime; width=\u00a0\u00bb1\/1&Prime; el_position=\u00a0\u00bbfirst last\u00a0\u00bb][vc_row_inner][vc_column_inner width=\u00a0\u00bb1\/2&Prime; el_position=\u00a0\u00bbfirst\u00a0\u00bb][vc_column_text disable_pattern=\u00a0\u00bbtrue\u00a0\u00bb align=\u00a0\u00bbleft\u00a0\u00bb margin_bottom=\u00a0\u00bb0&Prime; p_margin_bottom=\u00a0\u00bb20&Prime; width=\u00a0\u00bb1\/1&Prime; el_position=\u00a0\u00bbfirst last\u00a0\u00bb]<span style=\"font-family: Calibri;\">R\u00e9sister par l\u2019insolence et par le rire, Guy Bedos s\u2019y attache, en com\u00e9dien et en observateur f\u00e9roce de notre soci\u00e9t\u00e9.<br \/>\nDe sa jeunesse alg\u00e9rienne, il tient l\u2019antiracisme. Du refus de l\u2019indiff\u00e9rence, l\u2019engagement pour les droits de l\u2019Homme. Du go\u00fbt pour la libert\u00e9, l\u2019indocilit\u00e9 face aux pouvoirs. De l\u2019exigence de d\u00e9mocratie, l\u2019appel \u00e0 l\u2019\u00ab insurrection pacifique \u00bb.<br \/>\nGuy Bedos projette son r\u00eave d\u2019une soci\u00e9t\u00e9 meilleure dans la jeunesse qui s\u2019indigne et qui agit. Rencontre avec un homme irr\u00e9sistiblement dr\u00f4le et tourn\u00e9 vers la vie.<\/span>[\/vc_column_text][\/vc_column_inner][vc_column_inner width=\u00a0\u00bb1\/2&Prime; el_position=\u00a0\u00bblast\u00a0\u00bb][vc_column_text disable_pattern=\u00a0\u00bbtrue\u00a0\u00bb align=\u00a0\u00bbleft\u00a0\u00bb margin_bottom=\u00a0\u00bb0&Prime; p_margin_bottom=\u00a0\u00bb20&Prime; width=\u00a0\u00bb1\/1&Prime; el_position=\u00a0\u00bbfirst last\u00a0\u00bb]<span style=\"font-family: Calibri;\">[mk_blockquote style=\u00a0\u00bbquote-style\u00a0\u00bb font_family=\u00a0\u00bbnone\u00a0\u00bb text_size=\u00a0\u00bb18&Prime; align=\u00a0\u00bbright\u00a0\u00bb]<\/span><\/p>\n<p style=\"text-align: left;\" align=\"right\"><span style=\"font-family: Calibri;\"> \u00ab \u00c0 ceux qui me demandent de quoi je me m\u00eale, je r\u00e9ponds que je me m\u00eale de ce que je regarde. \u00bb<\/span><\/p>\n<p style=\"text-align: left;\" align=\"right\"><span style=\"font-family: Calibri;\"> \u00ab Vive l\u2019avenir ! Plus qu\u2019un message, c\u2019est un devoir pour l\u2019id\u00e9aliste et le p\u00e8re que je suis. \u00bb<\/span><\/p>\n<p style=\"text-align: left;\" align=\"right\"><span style=\"font-family: Calibri;\"> \u00ab La Bourse ? Je m\u2019en fous. J\u2019ai choisi la vie. \u00bb<\/span><\/p>\n<p style=\"text-align: left;\"><span style=\"font-family: Calibri;\">[\/mk_blockquote]<\/span><\/p>\n[\/vc_column_text][\/vc_column_inner][\/vc_row_inner][\/vc_column][\/vc_row][vc_row fullwidth=\u00a0\u00bbtrue\u00a0\u00bb][vc_column width=\u00a0\u00bb1\/1&Prime;][mk_divider style=\u00a0\u00bbshadow_line\u00a0\u00bb divider_width=\u00a0\u00bbfull_width\u00a0\u00bb margin_top=\u00a0\u00bb10&Prime; margin_bottom=\u00a0\u00bb50&Prime; width=\u00a0\u00bb1\/1&Prime; el_position=\u00a0\u00bbfirst last\u00a0\u00bb][\/vc_column][\/vc_row][vc_row][vc_column width=\u00a0\u00bb1\/3&Prime;][vc_accordions style=\u00a0\u00bbfancy-style\u00a0\u00bb action_style=\u00a0\u00bbaccordion-action\u00a0\u00bb open_toggle=\u00a0\u00bb0&Prime; container_bg_color=\u00a0\u00bb#fff\u00a0\u00bb width=\u00a0\u00bb1\/3&Prime; el_position=\u00a0\u00bbfirst\u00a0\u00bb][vc_accordion_tab icon=\u00a0\u00bbmoon-user-8&Prime; title=\u00a0\u00bbA propos de Guy Bedos\u00a0\u00bb][vc_column_text disable_pattern=\u00a0\u00bbtrue\u00a0\u00bb align=\u00a0\u00bbleft\u00a0\u00bb margin_bottom=\u00a0\u00bb0&Prime; p_margin_bottom=\u00a0\u00bb20&Prime; width=\u00a0\u00bb1\/1&Prime; el_position=\u00a0\u00bbfirst last\u00a0\u00bb]Guy Bedos, n\u00e9 en 1934 \u00e0 Alger, est un humoriste, acteur, auteur et sc\u00e9nariste fran\u00e7ais.<br \/>\n<a title=\"Guy BEDOS\" href=\"http:\/\/vivelaterre.com\/livres2026\/?post_type=employees&amp;p=28\">En savoir +<\/a>[\/vc_column_text][\/vc_accordion_tab][vc_accordion_tab icon=\u00a0\u00bbmoon-book\u00a0\u00bb title=\u00a0\u00bbInfos pratiques\u00a0\u00bb][vc_column_text disable_pattern=\u00a0\u00bbtrue\u00a0\u00bb align=\u00a0\u00bbleft\u00a0\u00bb margin_bottom=\u00a0\u00bb0&Prime; p_margin_bottom=\u00a0\u00bb20&Prime; width=\u00a0\u00bb1\/1&Prime; el_position=\u00a0\u00bbfirst last\u00a0\u00bb]<span style=\"font-family: Calibri;\">Sortie en librairie le <\/span><span style=\"font-family: Calibri;\">14 mars 2013<br \/>\n160 pages<br \/>\n<\/span><span style=\"font-family: Calibri;\">14 \u20ac<\/span><b><em><span style=\"font-family: Calibri;\"><br \/>\n<\/span><\/em><\/b>[\/vc_column_text][\/vc_accordion_tab][\/vc_accordions][\/vc_column][vc_column width=\u00a0\u00bb1\/3&Prime;][mk_fancy_title tag_name=\u00a0\u00bbh1&Prime; style=\u00a0\u00bbfalse\u00a0\u00bb color=\u00a0\u00bb#222222&Prime; size=\u00a0\u00bb16&Prime; font_weight=\u00a0\u00bbbold\u00a0\u00bb margin_top=\u00a0\u00bb10&Prime; margin_bottom=\u00a0\u00bb15&Prime; font_family=\u00a0\u00bbnone\u00a0\u00bb align=\u00a0\u00bbleft\u00a0\u00bb width=\u00a0\u00bb1\/1&Prime; el_position=\u00a0\u00bbfirst last\u00a0\u00bb]Ils l&rsquo;ont dit[\/mk_fancy_title][mk_divider style=\u00a0\u00bbthick_solid\u00a0\u00bb divider_width=\u00a0\u00bbfull_width\u00a0\u00bb margin_top=\u00a0\u00bb0&Prime; margin_bottom=\u00a0\u00bb20&Prime; width=\u00a0\u00bb1\/1&Prime; el_position=\u00a0\u00bbfirst last\u00a0\u00bb][vc_column_text disable_pattern=\u00a0\u00bbtrue\u00a0\u00bb align=\u00a0\u00bbleft\u00a0\u00bb margin_bottom=\u00a0\u00bb0&Prime;]\n<blockquote><p>\u00ab\u00a0Il y raconte mille anecdotes toutes aussi passionnantes\u00a0\u00bb<\/p><\/blockquote>\n<p>Fran\u00e7ois Busnel, La Grande Librairie[\/vc_column_text][\/vc_column][vc_column width=\u00a0\u00bb1\/3&Prime; el_position=\u00a0\u00bblast\u00a0\u00bb][mk_testimonials style=\u00a0\u00bbboxed\u00a0\u00bb count=\u00a0\u00bb2&Prime; testimonials=\u00a0\u00bb2184,2185&Prime; order=\u00a0\u00bbASC\u00a0\u00bb orderby=\u00a0\u00bbmenu_order\u00a0\u00bb width=\u00a0\u00bb1\/1&Prime; el_position=\u00a0\u00bbfirst last\u00a0\u00bb][\/vc_column][\/vc_row][vc_row][vc_column width=\u00a0\u00bb1\/1&Prime;][mk_padding_divider size=\u00a0\u00bb40&Prime;][\/vc_column][\/vc_row]\n<\/div>","protected":false},"excerpt":{"rendered":"<p>[vc_row][vc_column width=\u00a0\u00bb1\/3&Prime; el_position=\u00a0\u00bbfirst\u00a0\u00bb][mk_image src=\u00a0\u00bbhttp:\/\/vivelaterre.com\/livres2026\/wp-content\/uploads\/2013\/12\/couv_jaifaitunreve_bedos.jpg\u00a0\u00bb image_width=\u00a0\u00bb250&Prime; image_height=\u00a0\u00bb380&Prime; crop=\u00a0\u00bbtrue\u00a0\u00bb lightbox=\u00a0\u00bbfalse\u00a0\u00bb frame_style=\u00a0\u00bbsimple\u00a0\u00bb target=\u00a0\u00bb_self\u00a0\u00bb caption_location=\u00a0\u00bbinside-image\u00a0\u00bb align=\u00a0\u00bbleft\u00a0\u00bb margin_bottom=\u00a0\u00bb10&Prime; animation=\u00a0\u00bbfade-in\u00a0\u00bb][mk_padding_divider size=\u00a0\u00bb40&Prime; width=\u00a0\u00bb1\/1&Prime; el_position=\u00a0\u00bbfirst last\u00a0\u00bb][mk_social_networks size=\u00a0\u00bbmedium\u00a0\u00bb style=\u00a0\u00bbcircle\u00a0\u00bb margin=\u00a0\u00bb4&Prime; icon_color=\u00a0\u00bb#e0e0e0&Prime; align=\u00a0\u00bbcenter\u00a0\u00bb facebook=\u00a0\u00bbhttps:\/\/fr-fr.facebook.com\/pages\/Guy-Bedos-Jai-fait-un-r%C3%AAve-le-livre\/535612289794961&Prime; google_plus=\u00a0\u00bb#\u00a0\u00bb linkedin=\u00a0\u00bb#\u00a0\u00bb width=\u00a0\u00bb1\/1&Prime; el_position=\u00a0\u00bbfirst last\u00a0\u00bb][\/vc_column][vc_column width=\u00a0\u00bb2\/3&Prime; el_position=\u00a0\u00bblast\u00a0\u00bb][mk_fancy_title tag_name=\u00a0\u00bbh1&Prime; style=\u00a0\u00bbfalse\u00a0\u00bb color=\u00a0\u00bb#222222&Prime; size=\u00a0\u00bb24&Prime; font_weight=\u00a0\u00bbinhert\u00a0\u00bb margin_top=\u00a0\u00bb10&Prime; margin_bottom=\u00a0\u00bb15&Prime; font_family=\u00a0\u00bbnone\u00a0\u00bb align=\u00a0\u00bbleft\u00a0\u00bb width=\u00a0\u00bb1\/1&Prime; el_position=\u00a0\u00bbfirst last\u00a0\u00bb]Guy BEDOS J&rsquo;ai fait un r\u00eave[\/mk_fancy_title][mk_fancy_title tag_name=\u00a0\u00bbh1&Prime; style=\u00a0\u00bbfalse\u00a0\u00bb color=\u00a0\u00bb#888888&Prime; size=\u00a0\u00bb14&Prime; font_weight=\u00a0\u00bbnormal\u00a0\u00bb margin_top=\u00a0\u00bb0&Prime; margin_bottom=\u00a0\u00bb0&Prime; [&hellip;]<\/p>\n","protected":false},"author":1,"featured_media":0,"parent":370,"menu_order":0,"comment_status":"open","ping_status":"closed","template":"","meta":{"_acf_changed":false,"footnotes":""},"class_list":["post-7277","page","type-page","status-publish","hentry"],"acf":[],"_links":{"self":[{"href":"http:\/\/vivelaterre.com\/livres2026\/wp-json\/wp\/v2\/pages\/7277","targetHints":{"allow":["GET"]}}],"collection":[{"href":"http:\/\/vivelaterre.com\/livres2026\/wp-json\/wp\/v2\/pages"}],"about":[{"href":"http:\/\/vivelaterre.com\/livres2026\/wp-json\/wp\/v2\/types\/page"}],"author":[{"embeddable":true,"href":"http:\/\/vivelaterre.com\/livres2026\/wp-json\/wp\/v2\/users\/1"}],"replies":[{"embeddable":true,"href":"http:\/\/vivelaterre.com\/livres2026\/wp-json\/wp\/v2\/comments?post=7277"}],"version-history":[{"count":7,"href":"http:\/\/vivelaterre.com\/livres2026\/wp-json\/wp\/v2\/pages\/7277\/revisions"}],"predecessor-version":[{"id":7291,"href":"http:\/\/vivelaterre.com\/livres2026\/wp-json\/wp\/v2\/pages\/7277\/revisions\/7291"}],"up":[{"embeddable":true,"href":"http:\/\/vivelaterre.com\/livres2026\/wp-json\/wp\/v2\/pages\/370"}],"wp:attachment":[{"href":"http:\/\/vivelaterre.com\/livres2026\/wp-json\/wp\/v2\/media?parent=7277"}],"curies":[{"name":"wp","href":"https:\/\/api.w.org\/{rel}","templated":true}]}}