{"id":7480,"date":"2014-01-08T00:33:04","date_gmt":"2014-01-07T23:33:04","guid":{"rendered":"http:\/\/vivelaterre.com\/livres2026\/?page_id=7480"},"modified":"2017-08-03T00:15:14","modified_gmt":"2017-08-02T22:15:14","slug":"stephane-hessel","status":"publish","type":"page","link":"https:\/\/vivelaterre.com\/livres2026\/stephane-hessel\/","title":{"rendered":"St\u00e9phane Hessel : hommage \u00e0 un irr\u00e9sistible optimiste"},"content":{"rendered":"<div class=\"wpb-content-wrapper\">[mk_page_section border_color=\u00a0\u00bb#000000&Prime; bg_color=\u00a0\u00bb#000000&Prime; attachment=\u00a0\u00bbscroll\u00a0\u00bb bg_position=\u00a0\u00bbleft top\u00a0\u00bb bg_repeat=\u00a0\u00bbrepeat\u00a0\u00bb bg_stretch=\u00a0\u00bbfalse\u00a0\u00bb enable_3d=\u00a0\u00bbfalse\u00a0\u00bb speed_factor=\u00a0\u00bb4&Prime; bg_video=\u00a0\u00bbno\u00a0\u00bb video_mask=\u00a0\u00bbfalse\u00a0\u00bb video_opacity=\u00a0\u00bb0.6&Prime; top_shadow=\u00a0\u00bbfalse\u00a0\u00bb section_layout=\u00a0\u00bbfull\u00a0\u00bb min_height=\u00a0\u00bb300&Prime; padding_top=\u00a0\u00bb0&Prime; padding_bottom=\u00a0\u00bb0&Prime; margin_bottom=\u00a0\u00bb0&Prime; first_page=\u00a0\u00bbtrue\u00a0\u00bb last_page=\u00a0\u00bbtrue\u00a0\u00bb][vc_column width=\u00a0\u00bb1\/1&Prime;][mk_image src=\u00a0\u00bbhttp:\/\/vivelaterre.com\/livres2026\/wp-content\/uploads\/2014\/01\/1500&#215;500.jpg\u00a0\u00bb image_width=\u00a0\u00bb900&Prime; image_height=\u00a0\u00bb310&Prime; crop=\u00a0\u00bbtrue\u00a0\u00bb lightbox=\u00a0\u00bbfalse\u00a0\u00bb frame_style=\u00a0\u00bbsimple\u00a0\u00bb target=\u00a0\u00bb_self\u00a0\u00bb caption_location=\u00a0\u00bbinside-image\u00a0\u00bb align=\u00a0\u00bbcenter\u00a0\u00bb margin_bottom=\u00a0\u00bb-50&Prime;][\/vc_column][\/mk_page_section][mk_page_section border_color=\u00a0\u00bb#ffffff\u00a0\u00bb bg_color=\u00a0\u00bb#ffffff\u00a0\u00bb attachment=\u00a0\u00bbscroll\u00a0\u00bb bg_position=\u00a0\u00bbleft top\u00a0\u00bb bg_repeat=\u00a0\u00bbrepeat\u00a0\u00bb bg_stretch=\u00a0\u00bbfalse\u00a0\u00bb enable_3d=\u00a0\u00bbfalse\u00a0\u00bb speed_factor=\u00a0\u00bb4&Prime; bg_video=\u00a0\u00bbno\u00a0\u00bb video_mask=\u00a0\u00bbfalse\u00a0\u00bb video_opacity=\u00a0\u00bb0.6&Prime; top_shadow=\u00a0\u00bbfalse\u00a0\u00bb section_layout=\u00a0\u00bbfull\u00a0\u00bb min_height=\u00a0\u00bb100&Prime; padding_top=\u00a0\u00bb10&Prime; padding_bottom=\u00a0\u00bb10&Prime; margin_bottom=\u00a0\u00bb0&Prime; first_page=\u00a0\u00bbtrue\u00a0\u00bb last_page=\u00a0\u00bbtrue\u00a0\u00bb predefined_bg=\u00a0\u00bb2&Prime;][vc_column width=\u00a0\u00bb1\/2&Prime;][vc_video title=\u00a0\u00bbCentenaire de St\u00e9phane Hessel : LA VID\u00c9O\u00a0\u00bb link=\u00a0\u00bbhttps:\/\/youtu.be\/I2rBrrDt1o8&Prime;][vc_column_text disable_pattern=\u00a0\u00bbtrue\u00a0\u00bb align=\u00a0\u00bbleft\u00a0\u00bb margin_bottom=\u00a0\u00bb0&Prime;]\n<h4><b>Pour c\u00e9l\u00e9brer l&rsquo;entr\u00e9e dans le 100e anniversaire de la naissance de St\u00e9phane Hessel, R\u00e9sistant, Ambassadeur de France, auteur du fameux \u00ab\u00a0Indignez-vous !\u00a0\u00bb et d&rsquo; \u00ab\u00a0Engagez-vous !\u00a0\u00bb, une vid\u00e9o-hommage a \u00e9t\u00e9 d\u00e9voil\u00e9e sur les r\u00e9seaux sociaux avec le hashtag #EngagezVous. Une premi\u00e8re \u00e9tape dans les c\u00e9l\u00e9brations du centenaire du grand homme.<\/b><b><br \/>\n<\/b><\/h4>\n[\/vc_column_text][\/vc_column][vc_column width=\u00a0\u00bb1\/2&Prime;][vc_column_text disable_pattern=\u00a0\u00bbtrue\u00a0\u00bb align=\u00a0\u00bbleft\u00a0\u00bb margin_bottom=\u00a0\u00bb0&Prime;]\n<h2 style=\"text-align: center;\"><span style=\"color: #cc0000;\">1917\u00a0 .\u00a0 2017<br \/>\n100e anniversaire de la naissance de St\u00e9phane Hessel<\/span><\/h2>\n[\/vc_column_text][vc_column_text disable_pattern=\u00a0\u00bbtrue\u00a0\u00bb align=\u00a0\u00bbleft\u00a0\u00bb margin_bottom=\u00a0\u00bb0&Prime;]St\u00e9phane Hessel demeure dans nos m\u00e9moires, notamment dans un contexte \u00e9lectoral, o\u00f9 les \u00ab\u00a0Grands Hommes\u00a0\u00bb de sa trempe nous rappellent \u00e0 des engagements authentiques qui sauvent l&rsquo;honneur.<\/p>\n<p>L&rsquo;engagement, c&rsquo;est pr\u00e9cis\u00e9ment ce qui a guid\u00e9 la vie de St\u00e9phane Hessel, sur pr\u00e8s d\u2019un si\u00e8cle !<br \/>\nL&rsquo;engagement, une valeur qu&rsquo;il a d\u00e9fendue courageusement, inlassablement, quel qu\u2019en soit le prix \u2013fr\u00f4lant la mort \u00e0 plusieurs reprises dans la R\u00e9sistance et les camps de concentration, s\u2019aventurant dans des pays en proie \u00e0 la guerre en tant que diplomate, s\u2019exposant par ses prises de position, d\u00e9fendant les sans-papiers, les sans logis et les sans grades, s&rsquo;engageant, encore, dans un \u00ab tour du monde \u00bb \u00e0 la rencontre des Indign\u00e9s.<\/p>\n<p>Des villes \u2013en France et en Europe\u2013 baptisent de son nom des places, des rues, des \u00e9coles, des centres culturels ou sociaux.<br \/>\nDes courriers venus du monde entier continuent de lui rendre hommage. T\u00e9moignages \u00e9tonnants du rayonnement de cet homme au train de vie modeste, que le succ\u00e8s d'\u00a0\u00bbIndignez-vous !\u00a0\u00bb n\u2019avait de cesse de surprendre.<\/p>\n<p>Ce qui passionnait surtout St\u00e9phane Hessel, c\u2019\u00e9tait l\u2019avenir. Il aimait rencontrer des jeunes de partout, qu\u2019il incitait \u00e0 prendre conscience de leurs responsabilit\u00e9s, de leurs droits, devoirs et pouvoirs de citoyens. Il les incitait \u00e0 agir, toujours dans la non-violence, \u00e0 croire en leur capacit\u00e9 \u00e0 \u00ab changer le monde \u00bb et \u00e0 changer le cours des choses. Car, ne cessait-il de rappeler, \u00ab le monde est \u00e0 l\u2019image de ce que nous sommes \u00bb.<\/p>\n<p><b>La vid\u00e9o-hommage publi\u00e9e ce jour sur les r\u00e9seaux sociaux et sur <\/b><a href=\"http:\/\/www.engagezvous.com \" target=\"_blank\"><b>www.engagezvous.com <\/b><\/a><b>marque le d\u00e9but de c\u00e9l\u00e9brations du \u00ab\u00a0Centenaire\u00a0\u00bb de St\u00e9phane Hessel.<\/b><\/p>\n<p><b>Des ouvrages, colloques, rencontres, un site internet, et autres actions, viendront ponctuer l&rsquo;ann\u00e9e 2016-2017 d&rsquo;\u00e9v\u00e9nements \u00e9clectiques.<\/b>[\/vc_column_text][\/vc_column][\/mk_page_section][mk_page_section bg_image=\u00a0\u00bbhttp:\/\/vivelaterre.com\/livres2026\/wp-content\/uploads\/2013\/08\/bg_sh4.jpg\u00a0\u00bb predefined_bg=\u00a0\u00bbpattern\/no-image.png\u00a0\u00bb attachment=\u00a0\u00bbfixed\u00a0\u00bb bg_position=\u00a0\u00bbcenter bottom\u00a0\u00bb bg_stretch=\u00a0\u00bbtrue\u00a0\u00bb enable_3d=\u00a0\u00bbtrue\u00a0\u00bb speed_factor=\u00a0\u00bb0.2&Prime; top_shadow=\u00a0\u00bbfalse\u00a0\u00bb section_layout=\u00a0\u00bbfull\u00a0\u00bb min_height=\u00a0\u00bb100&Prime; padding_top=\u00a0\u00bb80&Prime; padding_bottom=\u00a0\u00bb180&Prime; margin_bottom=\u00a0\u00bb10&Prime; last_page=\u00a0\u00bbtrue\u00a0\u00bb width=\u00a0\u00bb1\/1&Prime; el_position=\u00a0\u00bbfirst last\u00a0\u00bb bg_repeat=\u00a0\u00bbrepeat\u00a0\u00bb bg_video=\u00a0\u00bbno\u00a0\u00bb video_mask=\u00a0\u00bbfalse\u00a0\u00bb video_opacity=\u00a0\u00bb0.6&Prime; first_page=\u00a0\u00bbtrue\u00a0\u00bb][vc_column width=\u00a0\u00bb1\/2&Prime;][mk_title_box color=\u00a0\u00bb#ffffff\u00a0\u00bb highlight_color=\u00a0\u00bb#a92e3e\u00a0\u00bb highlight_opacity=\u00a0\u00bb1&Prime; size=\u00a0\u00bb42&Prime; line_height=\u00a0\u00bb66&Prime; font_weight=\u00a0\u00bb300&Prime; margin_top=\u00a0\u00bb0&Prime; margin_bottom=\u00a0\u00bb18&Prime; font_family=\u00a0\u00bbnone\u00a0\u00bb align=\u00a0\u00bbleft\u00a0\u00bb width=\u00a0\u00bb1\/1&Prime; el_position=\u00a0\u00bbfirst last\u00a0\u00bb animation=\u00a0\u00bbleft-to-right\u00a0\u00bb]ENGAGEZ-VOUS !<br \/>\npar St\u00e9phane Hessel<br \/>\nEntretiens avec Gilles Vanderpooten[\/mk_title_box][vc_column_text disable_pattern=\u00a0\u00bbtrue\u00a0\u00bb align=\u00a0\u00bbleft\u00a0\u00bb margin_bottom=\u00a0\u00bb0&Prime; width=\u00a0\u00bb1\/1&Prime; el_position=\u00a0\u00bbfirst last\u00a0\u00bb animation=\u00a0\u00bbfade-in\u00a0\u00bb]<span style=\"color: #ffffff;\">La richesse d&rsquo;un \u00e9change o\u00f9 flottent le go\u00fbt de la transmission et le d\u00e9sir d&rsquo;un partage. D&rsquo;un combat \u00e0 l&rsquo;autre, d&rsquo;une g\u00e9n\u00e9ration \u00e0 l&rsquo;autre, <em>Engagez-vous !<\/em> <em><em>\u00ab\u00a0Gare \u00e0 l\u2019avenir et vive l\u2019avenir ! Ne sous-estimons pas les dangers, et sachons en m\u00eame temps que tout danger peut \u00eatre confront\u00e9 et surmont\u00e9.\u00a0\u00bb<\/em> <\/em> Engagez-vous ! Get involved ! Comprometeos ! Comprometeu-vos! Empenhai-vos! Engagiert-euch ! Impegnatevi ! Doe er iets aan!\u00a0 Konprometitu zaitezte! Kay\u0131ts\u0131z Kalmay\u0131n M\u00fccadeleye Kat\u0131l\u0131n ! Le livre traduit en 17 langues et diffus\u00e9 dans le monde.<em> <\/em> <em>\u00a0<\/em><\/span>[\/vc_column_text][\/vc_column][vc_column width=\u00a0\u00bb1\/2&Prime;][\/vc_column][\/mk_page_section][mk_page_section attachment=\u00a0\u00bbscroll\u00a0\u00bb bg_position=\u00a0\u00bbleft top\u00a0\u00bb bg_repeat=\u00a0\u00bbrepeat\u00a0\u00bb bg_stretch=\u00a0\u00bbfalse\u00a0\u00bb enable_3d=\u00a0\u00bbfalse\u00a0\u00bb speed_factor=\u00a0\u00bb4&Prime; bg_video=\u00a0\u00bbno\u00a0\u00bb video_mask=\u00a0\u00bbfalse\u00a0\u00bb video_opacity=\u00a0\u00bb0.6&Prime; top_shadow=\u00a0\u00bbfalse\u00a0\u00bb section_layout=\u00a0\u00bbfull\u00a0\u00bb min_height=\u00a0\u00bb5&Prime; padding_top=\u00a0\u00bb0&Prime; padding_bottom=\u00a0\u00bb1&Prime; margin_bottom=\u00a0\u00bb1&Prime; first_page=\u00a0\u00bbtrue\u00a0\u00bb last_page=\u00a0\u00bbtrue\u00a0\u00bb][vc_column width=\u00a0\u00bb1\/1&Prime;][mk_divider style=\u00a0\u00bbdouble_dot\u00a0\u00bb divider_width=\u00a0\u00bbfull_width\u00a0\u00bb margin_top=\u00a0\u00bb1&Prime; margin_bottom=\u00a0\u00bb1&Prime;][\/vc_column][\/mk_page_section][vc_row][vc_column width=\u00a0\u00bb1\/4&Prime;][vc_column_text disable_pattern=\u00a0\u00bbtrue\u00a0\u00bb align=\u00a0\u00bbleft\u00a0\u00bb margin_bottom=\u00a0\u00bb0&Prime;]<b>Les m\u00e9dias parlent d&rsquo;Engagez-vous !<\/b><\/p>\n<p>\u00ab\u00a0La richesse d&rsquo;un \u00e9change o\u00f9 flottent le go\u00fbt de la transmission et le d\u00e9sir d&rsquo;un partage.\u00a0\u00bb<br \/>\nLes Inrockuptibles (France)<\/p>\n<p>\u00ab\u00a0Fenomenaal boek\u00a0\u00bb<br \/>\nNRC Handelsblad (Nederland)<\/p>\n<p>\u00ab\u00a0Engagez-Vous!\u201d (\u201cGet Involved!\u201d). In it Stephane Hessel appeals to his readers to save the environment and to embrace the positive. He also emphasizes the importance of good luck in life.\u00a0\u00bb<br \/>\nThe New York Times (USA)<\/p>\n<p>\u00ab\u00a0El veterano h\u00e9roe de la Resistencia responde a las preguntas de la generaci\u00f3n de la precariedad y muestra el camino para canalizar su indignaci\u00f3n.\u00a0\u00bb<br \/>\nEl Periodico (Espa\u00f1a)[\/vc_column_text][mk_padding_divider size=\u00a0\u00bb20&Prime;][mk_gallery title=\u00a0\u00bbSt\u00e9phane Hessel &#8211; Galerie photo\u00a0\u00bb images=\u00a0\u00bb7662,7663,7664,7665,7666,7560,7672,7673,7674,7675&Prime; column=\u00a0\u00bb3&Prime; height=\u00a0\u00bb250&Prime; frame_style=\u00a0\u00bbsimple\u00a0\u00bb][vc_accordions style=\u00a0\u00bbfancy-style\u00a0\u00bb action_style=\u00a0\u00bbaccordion-action\u00a0\u00bb open_toggle=\u00a0\u00bb0&Prime; container_bg_color=\u00a0\u00bb#fff\u00a0\u00bb][vc_accordion_tab title=\u00a0\u00bbL&rsquo;actualit\u00e9 autour de St\u00e9phane Hessel\u00a0\u00bb][vc_column_text disable_pattern=\u00a0\u00bbtrue\u00a0\u00bb align=\u00a0\u00bbleft\u00a0\u00bb margin_bottom=\u00a0\u00bb0&Prime;]<a title=\"blog\" href=\"http:\/\/vivelaterre.com\/livres2026\/leblog\/\">&gt; Suivez les \u00e9v\u00e9nements, comm\u00e9morations, rendez-vous autour de St\u00e9phane Hessel et de sa m\u00e9moire\u00a0 sur le blog<\/a>[\/vc_column_text][\/vc_accordion_tab][vc_accordion_tab title=\u00a0\u00bbLes ouvrages de\/sur St\u00e9phane Hessel\u00a0\u00bb][vc_column_text disable_pattern=\u00a0\u00bbtrue\u00a0\u00bb align=\u00a0\u00bbleft\u00a0\u00bb margin_bottom=\u00a0\u00bb0&Prime;]&gt; <a title=\"St\u00e9phane Hessel, Engagez-vous !\" href=\"http:\/\/vivelaterre.com\/livres2026\/portfolio\/stephane-hessel-engagez-vous\/\">Engagez-vous !<\/a><br \/>\n&gt; <a title=\"St\u00e9phane Hessel, Engagez-vous ! \u2013 Le CD audio\" href=\"http:\/\/vivelaterre.com\/livres2026\/portfolio\/stephane-hessel-engagez-vous-cd-audio\/\">Engagez-vous ! Le CD audio<\/a><br \/>\n&gt; <a title=\"St\u00e9phane Hessel, irr\u00e9sistible optimiste\" href=\"http:\/\/vivelaterre.com\/livres2026\/portfolio\/stephane-hessel-irresistible-optimiste-2\/\">St\u00e9phane Hessel, irr\u00e9sistible optimiste<\/a><\/p>\n<p>&gt; Indignez-vous !<br \/>\n&gt; Tous comptes faits ou presque<br \/>\n&gt; Citoyen sans fronti\u00e8res<br \/>\n&gt; A nous de jouer !<br \/>\n&gt; \u00f4 ma m\u00e9moire, la po\u00e9sie ma n\u00e9cessit\u00e9[\/vc_column_text][\/vc_accordion_tab][\/vc_accordions][\/vc_column][vc_column width=\u00a0\u00bb3\/4&Prime;][mk_image image_width=\u00a0\u00bb800&Prime; image_height=\u00a0\u00bb350&Prime; crop=\u00a0\u00bbtrue\u00a0\u00bb lightbox=\u00a0\u00bbfalse\u00a0\u00bb frame_style=\u00a0\u00bbsimple\u00a0\u00bb target=\u00a0\u00bb_self\u00a0\u00bb caption_location=\u00a0\u00bbinside-image\u00a0\u00bb align=\u00a0\u00bbleft\u00a0\u00bb margin_bottom=\u00a0\u00bb10&Prime;][vc_column_text disable_pattern=\u00a0\u00bbtrue\u00a0\u00bb align=\u00a0\u00bbleft\u00a0\u00bb margin_bottom=\u00a0\u00bb0&Prime;]C&rsquo;est avec St\u00e9phane Hessel et le livre <em>Engagez-vous !<\/em> qu&rsquo;a \u00e9t\u00e9 inaugur\u00e9e la s\u00e9rie \u00ab\u00a0Conversation pour l&rsquo;avenir\u00a0\u00bb.<br \/>\nPour en savoir plus sur l&rsquo;histoire d&rsquo;Engagez-vous, rendez-vous sur la page<a title=\"Vive l\u2019avenir : une histoire, un projet, des rencontres\" href=\"http:\/\/vivelaterre.com\/livres2026\/vive-lavenir-lhistoire\/\"> <strong>\u00ab\u00a0Un projet, une histoire\u00a0\u00bb<\/strong><\/a>[\/vc_column_text][mk_padding_divider size=\u00a0\u00bb20&Prime;][mk_fancy_title tag_name=\u00a0\u00bbh2&Prime; style=\u00a0\u00bbtrue\u00a0\u00bb color=\u00a0\u00bb#393836&Prime; size=\u00a0\u00bb14&Prime; font_weight=\u00a0\u00bbinhert\u00a0\u00bb margin_top=\u00a0\u00bb0&Prime; margin_bottom=\u00a0\u00bb18&Prime; font_family=\u00a0\u00bbnone\u00a0\u00bb align=\u00a0\u00bbleft\u00a0\u00bb][vc_column_text disable_pattern=\u00a0\u00bbtrue\u00a0\u00bb align=\u00a0\u00bbleft\u00a0\u00bb margin_bottom=\u00a0\u00bb0&Prime;]\n<h3 id=\"fancy-title-967\"><span style=\"color: #cc0000;\"><a href=\"http:\/\/vivelaterre.com\/livres2026\/wp-content\/uploads\/2013\/12\/Engagezvous_couv2012.jpg\"><img fetchpriority=\"high\" decoding=\"async\" class=\" wp-image-7574 alignright\" alt=\"Engagezvous_couv2012\" src=\"http:\/\/vivelaterre.com\/livres2026\/wp-content\/uploads\/2013\/12\/Engagezvous_couv2012.jpg\" width=\"222\" height=\"345\" srcset=\"https:\/\/vivelaterre.com\/livres2026\/wp-content\/uploads\/2013\/12\/Engagezvous_couv2012.jpg 347w, https:\/\/vivelaterre.com\/livres2026\/wp-content\/uploads\/2013\/12\/Engagezvous_couv2012-193x300.jpg 193w\" sizes=\"(max-width: 222px) 100vw, 222px\" \/><\/a>Engagez-vous ! : le livre aux 16 traductions et aux 250 000 exemplaires<\/span><\/h3>\n<ul>\n<li><strong><a title=\"Comprometeu-vos! (Catalunya)\" href=\"http:\/\/vivelaterre.com\/livres2026\/around-the-world\/comprometeu-vos-catalunya-hessel\/\">Comprometeu-vos! (Catalunya)<\/a><\/strong><\/li>\n<li><strong><a title=\"Doe er iets aan ! (The Netherlands)\" href=\"http:\/\/vivelaterre.com\/livres2026\/around-the-world\/doe-er-iets-aan-hessel-the-netherlands\/\">Doe er iets aan ! (The Netherlands)<\/a><\/strong><\/li>\n<li><strong><a title=\"St\u00e9phane Hessel, Engagez-vous !\" href=\"http:\/\/vivelaterre.com\/livres2026\/portfolio\/stephane-hessel-engagez-vous\/\">Engagez-vous ! (France)<\/a><\/strong><\/li>\n<li><strong><a title=\"Engagiert Euch ! (Germany)\" href=\"http:\/\/vivelaterre.com\/livres2026\/around-the-world\/engagiert-euch-hessel\/\">Engagiert Euch ! (Germany)<\/a><\/strong><\/li>\n<li><strong><a title=\"Impegnatevi! (Italia)\" href=\"http:\/\/vivelaterre.com\/livres2026\/around-the-world\/impegnatevi-italia-hessel\/\">Impegnatevi! (Italia)<\/a><\/strong><\/li>\n<li><strong><a title=\"Kay\u0131ts\u0131z Kalmay\u0131n M\u00fccadeleye Kat\u0131l\u0131n!  (Turkia)\" href=\"http:\/\/vivelaterre.com\/livres2026\/around-the-world\/kayitsiz-kalmayin-mucadeleye-katilin-turkia\/\">Kay\u0131ts\u0131z Kalmay\u0131n M\u00fccadeleye Kat\u0131l\u0131n! (Turkia)<\/a><\/strong><\/li>\n<li><strong><a title=\"\u00a1Comprometeos! (Espana)\" href=\"http:\/\/vivelaterre.com\/livres2026\/around-the-world\/comprometeos-espana\/\">\u00a1Comprometeos! (Espana)<\/a><\/strong><\/li>\n<li><strong><a title=\"\u00a1Comprom\u00e9tete! (Chile)\" href=\"http:\/\/vivelaterre.com\/livres2026\/around-the-world\/comprometete-chile\/\">\u00a1Comprom\u00e9tete! (Chile)<\/a><\/strong><\/li>\n<li><strong><a title=\"\u0391\u03b3\u03c9\u03bd\u03b9\u03c3\u03c4\u03b5\u03af\u03c4\u03b5! (Greece)\" href=\"http:\/\/vivelaterre.com\/livres2026\/around-the-world\/%ce%b1%ce%b3%cf%89%ce%bd%ce%b9%cf%83%cf%84%ce%b5%ce%af%cf%84%ce%b5-%cf%83%cf%85%ce%b6%ce%b7%cf%84%ce%ae%cf%83%ce%b5%ce%b9%cf%82-%ce%bc%ce%b5-%cf%84%ce%bf%ce%bd-gilles-vanderpooten\/\">\u0391\u03b3\u03c9\u03bd\u03b9\u03c3\u03c4\u03b5\u03af\u03c4\u03b5! (Greece)<\/a><\/strong><\/li>\n<\/ul>\n[\/vc_column_text][mk_padding_divider size=\u00a0\u00bb20&Prime;][mk_fancy_title tag_name=\u00a0\u00bbh2&Prime; style=\u00a0\u00bbtrue\u00a0\u00bb color=\u00a0\u00bb#393836&Prime; size=\u00a0\u00bb14&Prime; font_weight=\u00a0\u00bbinhert\u00a0\u00bb margin_top=\u00a0\u00bb0&Prime; margin_bottom=\u00a0\u00bb18&Prime; font_family=\u00a0\u00bbnone\u00a0\u00bb align=\u00a0\u00bbleft\u00a0\u00bb][vc_column_text disable_pattern=\u00a0\u00bbtrue\u00a0\u00bb align=\u00a0\u00bbleft\u00a0\u00bb margin_bottom=\u00a0\u00bb0&Prime;]\n<h3><span style=\"color: #cc0000;\"><a href=\"http:\/\/vivelaterre.com\/livres2026\/wp-content\/uploads\/2013\/10\/COUV_DEF.jpg\"><img decoding=\"async\" class=\"size-medium wp-image-7336 alignright\" alt=\"COUV_DEF\" src=\"http:\/\/vivelaterre.com\/livres2026\/wp-content\/uploads\/2013\/10\/COUV_DEF-193x300.jpg\" width=\"193\" height=\"300\" srcset=\"https:\/\/vivelaterre.com\/livres2026\/wp-content\/uploads\/2013\/10\/COUV_DEF-193x300.jpg 193w, https:\/\/vivelaterre.com\/livres2026\/wp-content\/uploads\/2013\/10\/COUV_DEF-600x932.jpg 600w, https:\/\/vivelaterre.com\/livres2026\/wp-content\/uploads\/2013\/10\/COUV_DEF.jpg 459w\" sizes=\"(max-width: 193px) 100vw, 193px\" \/><\/a>St\u00e9phane Hessel, irr\u00e9sistible optimiste : le livre-hommage<\/span><\/h3>\n<p>Rendre hommage \u00e0 celui qui inspira, malgr\u00e9 lui, un mouvement d&rsquo;une telle ampleur, sans pr\u00e9c\u00e9dent dans notre histoire r\u00e9cente, \u00e9tait une \u00e9vidence.<br \/>\nSaluer son engagement autant que sa bienveillance, son enthousiasme communicatif, l&rsquo;\u00e9tait tout autant.<br \/>\nY associer ses amis et connaissances, ceux avec qui il partagea des engagements, des combats, des r\u00e9sistances, des r\u00e9flexions et des actions, des raisons d&rsquo;esp\u00e9rer, n&rsquo;en donnait que plus de sens.<br \/>\nPlus qu&rsquo;un livre-hommage, \u00ab\u00a0St\u00e9phane Hessel, irr\u00e9sistible optimiste\u00a0\u00bb est un portrait\u00a0 du R\u00e9sistant, de l&rsquo;ambassadeur, de l&rsquo;ami des artistes, de l&rsquo;Indign\u00e9, du combattant, de l&rsquo;Engag\u00e9, de l&rsquo;amoureux de la vie et de la po\u00e9sie&#8230; Vous y d\u00e9couvrirez mille anecdotes, des facettes parfois peu connues de sa personnalit\u00e9s, \u00e0 travers des t\u00e9moignages \u00e9voquant des p\u00e9riodes tr\u00e8s diff\u00e9rentes de son existence &#8211; sur pr\u00e8s d&rsquo;un si\u00e8cle !<br \/>\n<strong><a title=\"St\u00e9phane Hessel, irr\u00e9sistible optimiste\" href=\"http:\/\/vivelaterre.com\/livres2026\/portfolio\/stephane-hessel-irresistible-optimiste-2\/\">&gt; En savoir plus sur le livre<\/a><\/strong>[\/vc_column_text][mk_padding_divider size=\u00a0\u00bb20&Prime;][mk_fancy_title tag_name=\u00a0\u00bbh2&Prime; style=\u00a0\u00bbtrue\u00a0\u00bb color=\u00a0\u00bb#393836&Prime; size=\u00a0\u00bb14&Prime; font_weight=\u00a0\u00bbinhert\u00a0\u00bb margin_top=\u00a0\u00bb0&Prime; margin_bottom=\u00a0\u00bb18&Prime; font_family=\u00a0\u00bbnone\u00a0\u00bb align=\u00a0\u00bbleft\u00a0\u00bb][vc_column_text disable_pattern=\u00a0\u00bbtrue\u00a0\u00bb align=\u00a0\u00bbleft\u00a0\u00bb margin_bottom=\u00a0\u00bb0&Prime;]\n<h3><span style=\"color: #cc0000;\">Des hommages partout dans le monde<\/span><\/h3>\n<p>Depuis la disparition de St\u00e9phane Hessel le 27 f\u00e9vrier 2013, des lieux, places, rues, centres culturels et \u00e9tablissements scolaires -en France, Allemagne, Belgique&#8230;- lui donnent son nom. T\u00e9moignages \u00e9tonnants de l&rsquo;\u00e9trange rayonnement de cet homme dont le succ\u00e8s plan\u00e9taire n&rsquo;avait de cesse de surprendre. Cette carte en r\u00e9pertorie quelques uns.<\/p>\n<p><iframe src=\"https:\/\/mapsengine.google.com\/map\/embed?mid=zQq_Xp22RXHA.kxREc_t-1Icc\" height=\"480\" width=\"640\"><\/iframe>[\/vc_column_text][mk_fancy_title tag_name=\u00a0\u00bbh2&Prime; style=\u00a0\u00bbtrue\u00a0\u00bb color=\u00a0\u00bb#393836&Prime; size=\u00a0\u00bb14&Prime; font_weight=\u00a0\u00bbinhert\u00a0\u00bb margin_top=\u00a0\u00bb0&Prime; margin_bottom=\u00a0\u00bb18&Prime; font_family=\u00a0\u00bbnone\u00a0\u00bb align=\u00a0\u00bbleft\u00a0\u00bb][vc_column_text disable_pattern=\u00a0\u00bbtrue\u00a0\u00bb align=\u00a0\u00bbleft\u00a0\u00bb margin_bottom=\u00a0\u00bb0&Prime;]\n<h3><span style=\"color: #cc0000;\">L&rsquo;actualit\u00e9 &amp; les rendez-vous autour de St\u00e9phane Hessel<br \/>\n<\/span><\/h3>\n[\/vc_column_text][mk_blog style=\u00a0\u00bbgrid\u00a0\u00bb column=\u00a0\u00bb3&Prime; grid_image_height=\u00a0\u00bb0&Prime; count=\u00a0\u00bb3&Prime; offset=\u00a0\u00bb0&Prime; cat=\u00a0\u00bb78&Prime; pagination=\u00a0\u00bbtrue\u00a0\u00bb disable_meta=\u00a0\u00bbtrue\u00a0\u00bb disable_lightbox=\u00a0\u00bbfalse\u00a0\u00bb disable_comments_share=\u00a0\u00bbtrue\u00a0\u00bb pagination_style=\u00a0\u00bb2&Prime; order=\u00a0\u00bbDESC\u00a0\u00bb orderby=\u00a0\u00bbdate\u00a0\u00bb][\/vc_column][\/vc_row]\n<\/div>","protected":false},"excerpt":{"rendered":"<p>[mk_page_section border_color=\u00a0\u00bb#000000&Prime; bg_color=\u00a0\u00bb#000000&Prime; attachment=\u00a0\u00bbscroll\u00a0\u00bb bg_position=\u00a0\u00bbleft top\u00a0\u00bb bg_repeat=\u00a0\u00bbrepeat\u00a0\u00bb bg_stretch=\u00a0\u00bbfalse\u00a0\u00bb enable_3d=\u00a0\u00bbfalse\u00a0\u00bb speed_factor=\u00a0\u00bb4&Prime; bg_video=\u00a0\u00bbno\u00a0\u00bb video_mask=\u00a0\u00bbfalse\u00a0\u00bb video_opacity=\u00a0\u00bb0.6&Prime; top_shadow=\u00a0\u00bbfalse\u00a0\u00bb section_layout=\u00a0\u00bbfull\u00a0\u00bb min_height=\u00a0\u00bb300&Prime; padding_top=\u00a0\u00bb0&Prime; padding_bottom=\u00a0\u00bb0&Prime; margin_bottom=\u00a0\u00bb0&Prime; first_page=\u00a0\u00bbtrue\u00a0\u00bb last_page=\u00a0\u00bbtrue\u00a0\u00bb][vc_column width=\u00a0\u00bb1\/1&Prime;][mk_image src=\u00a0\u00bbhttp:\/\/vivelaterre.com\/livres2026\/wp-content\/uploads\/2014\/01\/1500&#215;500.jpg\u00a0\u00bb image_width=\u00a0\u00bb900&Prime; image_height=\u00a0\u00bb310&Prime; crop=\u00a0\u00bbtrue\u00a0\u00bb lightbox=\u00a0\u00bbfalse\u00a0\u00bb frame_style=\u00a0\u00bbsimple\u00a0\u00bb target=\u00a0\u00bb_self\u00a0\u00bb caption_location=\u00a0\u00bbinside-image\u00a0\u00bb align=\u00a0\u00bbcenter\u00a0\u00bb margin_bottom=\u00a0\u00bb-50&Prime;][\/vc_column][\/mk_page_section][mk_page_section border_color=\u00a0\u00bb#ffffff\u00a0\u00bb bg_color=\u00a0\u00bb#ffffff\u00a0\u00bb attachment=\u00a0\u00bbscroll\u00a0\u00bb bg_position=\u00a0\u00bbleft top\u00a0\u00bb bg_repeat=\u00a0\u00bbrepeat\u00a0\u00bb bg_stretch=\u00a0\u00bbfalse\u00a0\u00bb enable_3d=\u00a0\u00bbfalse\u00a0\u00bb speed_factor=\u00a0\u00bb4&Prime; bg_video=\u00a0\u00bbno\u00a0\u00bb video_mask=\u00a0\u00bbfalse\u00a0\u00bb video_opacity=\u00a0\u00bb0.6&Prime; top_shadow=\u00a0\u00bbfalse\u00a0\u00bb section_layout=\u00a0\u00bbfull\u00a0\u00bb min_height=\u00a0\u00bb100&Prime; padding_top=\u00a0\u00bb10&Prime; padding_bottom=\u00a0\u00bb10&Prime; margin_bottom=\u00a0\u00bb0&Prime; first_page=\u00a0\u00bbtrue\u00a0\u00bb last_page=\u00a0\u00bbtrue\u00a0\u00bb predefined_bg=\u00a0\u00bb2&Prime;][vc_column width=\u00a0\u00bb1\/2&Prime;][vc_video title=\u00a0\u00bbCentenaire [&hellip;]<\/p>\n","protected":false},"author":1,"featured_media":0,"parent":0,"menu_order":0,"comment_status":"open","ping_status":"open","template":"","meta":{"_acf_changed":false,"footnotes":""},"class_list":["post-7480","page","type-page","status-publish","hentry"],"acf":[],"_links":{"self":[{"href":"https:\/\/vivelaterre.com\/livres2026\/wp-json\/wp\/v2\/pages\/7480","targetHints":{"allow":["GET"]}}],"collection":[{"href":"https:\/\/vivelaterre.com\/livres2026\/wp-json\/wp\/v2\/pages"}],"about":[{"href":"https:\/\/vivelaterre.com\/livres2026\/wp-json\/wp\/v2\/types\/page"}],"author":[{"embeddable":true,"href":"https:\/\/vivelaterre.com\/livres2026\/wp-json\/wp\/v2\/users\/1"}],"replies":[{"embeddable":true,"href":"https:\/\/vivelaterre.com\/livres2026\/wp-json\/wp\/v2\/comments?post=7480"}],"version-history":[{"count":44,"href":"https:\/\/vivelaterre.com\/livres2026\/wp-json\/wp\/v2\/pages\/7480\/revisions"}],"predecessor-version":[{"id":8162,"href":"https:\/\/vivelaterre.com\/livres2026\/wp-json\/wp\/v2\/pages\/7480\/revisions\/8162"}],"wp:attachment":[{"href":"https:\/\/vivelaterre.com\/livres2026\/wp-json\/wp\/v2\/media?parent=7480"}],"curies":[{"name":"wp","href":"https:\/\/api.w.org\/{rel}","templated":true}]}}