{"id":7551,"date":"2014-01-12T02:22:30","date_gmt":"2014-01-12T01:22:30","guid":{"rendered":"http:\/\/vivelaterre.com\/livres2026\/?page_id=7551"},"modified":"2019-09-18T23:43:44","modified_gmt":"2019-09-18T21:43:44","slug":"vive-lavenir-lhistoire","status":"publish","type":"page","link":"https:\/\/vivelaterre.com\/livres2026\/vive-lavenir-lhistoire\/","title":{"rendered":"Vive l&rsquo;avenir : une histoire, un projet, des rencontres"},"content":{"rendered":"<div class=\"wpb-content-wrapper\">[vc_row][vc_column][vc_column_text disable_pattern=\u00a0\u00bbtrue\u00a0\u00bb align=\u00a0\u00bbleft\u00a0\u00bb margin_bottom=\u00a0\u00bb0&Prime;]\n<h2>A la recherche des \u00ab\u00a0\u00e9claireurs d&rsquo;avenirs\u00a0\u00bb<strong><br \/>\n<\/strong><\/h2>\n<p>Alors que \u00ab\u00a0la crise\u00a0\u00bb \u00e9conomique, sociale, \u00e9cologique, morale, s\u00e9vit\u00a0; que les d\u00e9clinologues se complaisent dans le d\u00e9clin\u00a0; que les experts en catastrophes se complaisent \u00e0 alimenter un climat pessimisme et anxiog\u00e8ne\u00a0; que l\u2019auto-flagellation fait figure de clairvoyance, l\u2019horizon semble fort peu r\u00e9jouissant pour la jeunesse \u00ab\u00a0vou\u00e9e au ch\u00f4mage\u00a0\u00bb pour les uns, \u00ab\u00a0sans avenir\u00a0\u00bb pour d&rsquo;autres\u2026 Gilles Vanderpooten (<a title=\"Gilles Vanderpooten\" href=\"http:\/\/vivelaterre.com\/livres2026\/auteurs\/gilles-vanderpooten\/\">&gt; biographie<\/a>), alors \u00e9tudiant, apr\u00e8s avoir lanc\u00e9 <em>Le Tour de France du d\u00e9veloppement durable<\/em> et publi\u00e9 le livre du m\u00eame nom, projette en 2008 d&rsquo;interviewer des \u00ab\u00a0sages\u00a0\u00bb qui, par leur exp\u00e9rience, leur regard sur le monde, leur recul sur les \u00e9v\u00e9nements, peuvent aider la jeunesse \u00e0 mieux comprendre les enjeux et \u00e0 trouver des \u00e9l\u00e9ments de r\u00e9ponses \u00e0 ses interrogations.\u00a0Des \u00ab\u00a0\u00e9claireurs d&rsquo;avenirs\u00a0\u00bb qui marquent notre monde contemporain et ont un message \u00e0 adresser \u00e0 la jeunesse. (<a href=\"http:\/\/vivelaterre.com\/livres2026\/2012\/11\/gilles-vanderpooten-un-jeune-engage-en-quete-dauteurs-la-croix\/\">&gt; Lire l&rsquo;article de La Croix \u00ab\u00a0Un jeune engag\u00e9 en qu\u00eate d&rsquo;auteurs\u00a0\u00bb<\/a>).<\/p>\n<h3><strong><a href=\"http:\/\/vivelaterre.com\/livres2026\/wp-content\/uploads\/2014\/01\/Gilles-with-Stephane-Hessel_Madrid.jpg\"><img decoding=\"async\" class=\"wp-image-7560 alignright\" style=\"margin-left: 10px; margin-right: 10px;\" alt=\"French diplomat Stephane Hessel (L) and Gilles Vanderpooten (R)\" src=\"http:\/\/vivelaterre.com\/livres2026\/wp-content\/uploads\/2014\/01\/Gilles-with-Stephane-Hessel_Madrid.jpg\" width=\"158\" height=\"245\" \/><\/a><\/strong>La rencontre avec St\u00e9phane Hessel<strong><br \/>\n<\/strong><\/h3>\n<p>A plusieurs reprises, l\u2019image d\u2019un homme simple et \u00e9tonnant lui appara\u00eet. Ici dans une conf\u00e9rence o\u00f9 il d\u00e9clame un po\u00e8me en allemand ; l\u00e0 o\u00f9 il t\u00e9moigne- de la n\u00e9cessit\u00e9 de d\u00e9sob\u00e9ir face \u00e0 l\u2019inacceptable et lorsque les Droits de l&rsquo;Homme se trouvent mis en danger.<br \/>\nCe monsieur, c\u2019est St\u00e9phane Hessel. <em>\u00ab\u00a0A l\u2019\u00e9couter, \u00e0 ressentir son enthousiasme contagieux, \u00e0 la sympathie qu\u2019il inspire, en me documentant petit \u00e0 petit sur sa vie et son parcours, \u00e0 d\u00e9couvrir ses engagements, c\u2019est une \u00e9vidence\u00a0: mon premier interlocuteur, ce sera lui\u00a0!\u00a0\u00bb<\/em>. St\u00e9phane Hessel, 92 ans, accepte avec enthousiasme la proposition de son jeune interlocuteur de se rencontrer et s&rsquo;entretenir. C&rsquo;est en septembre 2009. Personne ne se doute \u00e0 l&rsquo;\u00e9poque que St\u00e9phane Hessel deviendra l\u2019inspirateur d\u2019un mouvement citoyen d\u00e9passant les fronti\u00e8res. A l&rsquo;\u00e9poque, le projet d&rsquo;<em>Indignez-vous !<\/em> n&rsquo;a pas encore vu le jour.<\/p>\n<h3>La recherche d&rsquo;un \u00e9diteur et la co\u00efncidence d&rsquo;<em>Indignez-vous !<\/em> et d&rsquo;<a title=\"St\u00e9phane Hessel, Engagez-vous !\" href=\"http:\/\/vivelaterre.com\/livres2026\/portfolio\/stephane-hessel-engagez-vous\/\"><em>Engagez-vous !<\/em><\/a><\/h3>\n<p><strong><em><\/em><\/strong>Un an et une quarantaine de refus d\u2019\u00e9diteurs plus tard, Jean Viard, \u00e9diteur aux \u00e9ditions de l\u2019Aube, r\u00e9pond \u00e0 Gilles Vanderpooten : <i>\u00ab\u00a0Passionnant et sympathique, on publie.\u00bb<\/i> Heureuse co\u00efncidence\u00a0: c\u2019est le 21 octobre 2010, jour m\u00eame de la publication d\u2019<i>Indignez-vous\u00a0!<\/i> alors que ni l&rsquo;un ni l&rsquo;autre ne le savent. Entre temps, St\u00e9phane Hessel a \u00e9t\u00e9 sollicit\u00e9 pour \u00e9crire l&rsquo;ouvrage qui, en l&rsquo;espace de quelques semaines, se hissera au rang de succ\u00e8s plan\u00e9taire.<br \/>\nL&rsquo;entretien entre St\u00e9phane et Gilles, principalement orient\u00e9 sur la question de l&rsquo;engagement, r\u00e9pond involontairement \u00e0 certaines critiques adress\u00e9es \u00e0 <i>Indignez-vous\u00a0!<\/i> Et va plus loin dans l\u2019interpellation \u00e0 la jeune g\u00e9n\u00e9ration. Ils choisissent donc de l\u2019intituler\u2026 <a title=\"St\u00e9phane Hessel, Engagez-vous !\" href=\"http:\/\/vivelaterre.com\/livres2026\/portfolio\/stephane-hessel-engagez-vous\/\"><i>Engagez-vous\u00a0!<\/i><\/a> Le livre parait le 11 mars 2011.<\/p>\n<h3>Le p\u00e9riple en France et dans le monde<\/h3>\n<p>Le succ\u00e8s inattendu d&rsquo;<em>Indignez-vous !<\/em> puis d&rsquo;<em>Engagez-vous !<\/em> qui seront tous deux traduits et diffus\u00e9s dans de nombreux pays, am\u00e8ne St\u00e9phane Hessel \u00e0 parcourir la France et le monde, \u00e0 la rencontre des populations et des m\u00e9dias qui le sollicitent toujours plus nombreux. St\u00e9phane invite volontiers son jeune ami \u00e0 se joindre \u00e0 ses p\u00e9riples. Ainsi, ils voyagent ensemble, \u00e0 la rencontre des Indign\u00e9s espagnols, dans des conf\u00e9rences en France et en Belgique, dans les m\u00e9dias&#8230;<br \/>\nLes \u00ab\u00a0deux jeunes hommes\u00a0\u00bb, l&rsquo;un par son \u00e2ge, l&rsquo;autre par son enthousiasme et sa vivacit\u00e9 intacte voire m\u00eame redoubl\u00e9e par tant de sollicitations, bien que pr\u00e8s 70 ans les s\u00e9parent, t\u00e9moignent que le conflit de g\u00e9n\u00e9rations -si souvent proclam\u00e9- est loin d&rsquo;\u00eatre une fatalit\u00e9.<\/p>\n<h3>D&rsquo;un livre \u00e0 une s\u00e9rie : la\u00a0 naissance des \u00ab\u00a0Conversations pour l&rsquo;avenir\u00a0\u00bb, ou l\u2019\u00e9clectisme de l&rsquo;engagement<strong><br \/>\n<\/strong><\/h3>\n<p>Gilles Vanderpooten poursuit, avec la complicit\u00e9 bienveillante de son a\u00een\u00e9, sa s\u00e9rie d&rsquo;entretiens avec des personnalit\u00e9s \u00e9clectiques.<\/p>\n<p>Avec <span style=\"color: #ff6600;\"><strong>J\u00e9romine Pasteur<\/strong><\/span>, qu&rsquo;il c\u00f4toie depuis qu&rsquo;elle a accept\u00e9 d&rsquo;\u00eatre la marraine du <em>festival Eidos du film de l&rsquo;environnement<\/em> qu&rsquo;il a lanc\u00e9 en 2006, il revient dans <a title=\"J\u00e9romine Pasteur, La Vie est un chemin qui a du coeur\" href=\"http:\/\/vivelaterre.com\/livres2026\/portfolio\/jeromine-pasteur\/\"><em>La vie est un chemin qui a du c\u0153ur<\/em><\/a> sur le parcours d&rsquo;une femme \u00e9tonnante qui, apr\u00e8s avoir construit son bateau de ses propres mains \u00e0 l&rsquo;\u00e2ge de 17 ans, navigue sur les mers et les oc\u00e9ans du globe, et vit une partie de l&rsquo;ann\u00e9e aux c\u00f4t\u00e9s de ses amis indiens les Ashaninkas d&rsquo;Amazonie p\u00e9ruvienne, dont elle partage les joies et les malheurs au c\u0153ur d&rsquo;une for\u00eat menac\u00e9e par \u00ab\u00a0la civilisation\u00a0\u00bb &#8211; d\u00e9forestation, pillage des ressources, accaparement de territoires, perte d&rsquo;identit\u00e9&#8230;<\/p>\n<p>Le souvenir marquant de rencontres avec de grands aventuriers et explorateurs l&rsquo;am\u00e8ne \u00e0 dialoguer avec<span style=\"color: #ff6600;\"> <strong>Yves Paccalet<\/strong><\/span>, philosophe, \u00e9cologiste, auteur notamment du grin\u00e7ant \u00ab\u00a0L&rsquo;Humanit\u00e9 disparaitra, bon d\u00e9barras\u00a0\u00bb et qui bourlingua pendant vingt ans sur<em> La Calypso<\/em> avec le Commandant Jacques-Yves Cousteau. Ils publient ensemble <a title=\"Yves PACCALET, Partageons ! L\u2019utopie ou la guerre\" href=\"http:\/\/vivelaterre.com\/livres2026\/portfolio\/yves-paccalet\/\"><em><strong>Partageons ! L&rsquo;utopie ou la guerre<\/strong><\/em><\/a>.<\/p>\n<p>Quelle femme d&rsquo;exp\u00e9rience incarne l&rsquo;engagement radical, sans concession ? Pour Gilles c&rsquo;est une \u00e9vidence : <span style=\"color: #ff6600;\"><strong>Danielle Mitterrand<\/strong><\/span>, qu&rsquo;il rencontre \u00e0 l&rsquo;\u00e9t\u00e9 2011 dans sa maison des Landes, \u00e0 <em>Latche<\/em>, c\u00e9l\u00e8bre r\u00e9sidence du Pr\u00e9sident de la R\u00e9publique Fran\u00e7ois Mitterrand. <em>\u00ab\u00a0Entour\u00e9e des siens sur trois g\u00e9n\u00e9rations dans ce lieu charg\u00e9 d\u2019histoire, elle exprimait \u00e0 la fois la joie de vivre et la volont\u00e9 de r\u00e9sister, de lutter encore et toujours\u00a0\u00bb<\/em> se souvient-t-il. Il ne le savait pas, mais elle se pr\u00e9parait \u00e0 partir&#8230; Ce sera\u00a0<a title=\"Danielle MITTERRAND, Ce que je n\u2019accepte pas\" href=\"http:\/\/vivelaterre.com\/livres2026\/portfolio\/danielle-mitterrand-ce-que-je-naccepte-pas\/\"><em><strong>Ce que je n&rsquo;accepte pas<\/strong><\/em><\/a>, le dernier t\u00e9moignage de la femme passionn\u00e9e, activiste, fondatrice de la fondation France Libert\u00e9s.<\/p>\n<p>Mais alors que l&rsquo;indignation prend de l&rsquo;envergure du c\u00f4t\u00e9 de l&rsquo;Occident -\u00e0 Barcelone, Madrid, Rome, Bruxelles, New York, Montr\u00e9al &#8211; c&rsquo;est le Printemps arabe qui bat son plein, parti de Tunisie o\u00f9 les populations s&rsquo;insurgent apr\u00e8s l&rsquo;immolation d&rsquo;un jeune vendeur de fruits et l\u00e9gumes symbole de l\u2019oppression de la dictature. Gilles rencontre <span style=\"color: #ff6600;\"><strong>Youssef Seddik<\/strong><\/span>, philosophe et anthropologue Tunisien, sp\u00e9cialiste du Coran dont il a offert une traduction remarqu\u00e9e puis une analyse in\u00e9dite avec <em>Nous n&rsquo;avons jamais lu le Coran<\/em>. S&rsquo;engage alors un entretien sur la R\u00e9volution tunisienne, les aspirations d&rsquo;un peuple et d&rsquo;une jeunesse, les passerelles \u00e0 envisager entre les jeunesses europ\u00e9ennes et du Maghreb, les R\u00e9volt\u00e9s et les Indign\u00e9s. \u00ab\u00a0<em><strong><a title=\"Youssef SEDDIK, Unissons-nous !\" href=\"http:\/\/vivelaterre.com\/livres2026\/portfolio\/youssef-seddik-unissons-nous\/\">Unissons-nous !<\/a>\u00a0\u00bb <\/strong><\/em> proclament-ils de concert. Ils feront le point ensemble, quelques ann\u00e9es plus tard, en publiant \u00ab\u00a0<a href=\"http:\/\/vivelaterre.com\/livres2026\/portfolio\/youssef-seddik-tunisie-la-revolution-inachevee\/\"><em><strong>Tunisie, la r\u00e9volution inachev\u00e9e<\/strong><\/em><\/a>\u00ab\u00a0.<\/p>\n<p>Dans un monde en mouvement, le besoin de penser et de cr\u00e9er de nouvelles choses, d&rsquo;envisager un monde diff\u00e9rent, se fait pressant. Il faut donner la parole aux cr\u00e9ateurs. S&rsquo;il est une r\u00e9f\u00e9rence fran\u00e7aise au rayonnement mondial en la mati\u00e8re, c&rsquo;est bien <span style=\"color: #ff6600;\"><strong>Philippe Starck<\/strong><\/span>. On connait son \u0153uvre impressionnante, foisonnante, presque d\u00e9mentielle. Mais derri\u00e8re la mat\u00e9rialit\u00e9 de ses cr\u00e9ations, de ses objets, il y a un esprit, une mission, une volont\u00e9 d&rsquo;accompagner le changement. Un ensemble \u00e0 la fois s\u00e9duisant, inspirant et utile. A l&rsquo;issue d&rsquo;une ann\u00e9e d&rsquo;un travail enthousiasmant para\u00eet<a title=\"Philippe Starck, Impression d\u2019ailleurs\" href=\"http:\/\/vivelaterre.com\/livres2026\/portfolio\/philippe-starck-impression\/\"><strong><em> Impression d&rsquo;Ailleurs<\/em><\/strong><\/a>, le premier livre de Philippe Starck.<\/p>\n<p>La cr\u00e9ation, la R\u00e9sistance, l&rsquo;engagement, se conjuguent aussi \u00e0 l&rsquo;humour et \u00e0 l&rsquo;impertinence. <span style=\"color: #ff6600;\"><strong>Guy Bedos<\/strong><\/span> en est l&rsquo;un de plus fid\u00e8les repr\u00e9sentants. De sa jeunesse alg\u00e9rienne, face au dictat de ses parents, il tient l\u2019antiracisme. Du refus de l\u2019indiff\u00e9rence, l\u2019engagement pour les droits de l\u2019Homme. Du go\u00fbt pour la libert\u00e9, l\u2019indocilit\u00e9 face aux pouvoirs. De l\u2019exigence de d\u00e9mocratie, l\u2019appel \u00e0 l\u2019\u00ab insurrection pacifique \u00bb qui rejoint la perspective de St\u00e9phane Hessel. Guy Bedos se livre volontiers et sinc\u00e8rement dans l&rsquo;entretien intitul\u00e9 <a title=\"Guy Bedos, J\u2019ai fait un r\u00eave\" href=\"http:\/\/vivelaterre.com\/livres2026\/portfolio\/guy-bedos-jai-fait-un-reve\/\"><em><strong>J&rsquo;ai fait un r\u00eave<\/strong><\/em><\/a>, dans lequel il projette son r\u00eave d\u2019une soci\u00e9t\u00e9 meilleure dans la jeunesse qui s\u2019indigne et qui agit.<\/p>\n<p>Et si tout cela n&rsquo;\u00e9tait qu&rsquo;utopie ? Recherche -illusoire ? r\u00e9aliste ? &#8211; d&rsquo;une soci\u00e9t\u00e9 id\u00e9ale lib\u00e9r\u00e9e de ses maux ? Jean-Claude Carri\u00e8re, acteur et sc\u00e9nariste oscaris\u00e9, voudrait croire en une folie salutaire. Viendra-t-elle de la g\u00e9n\u00e9ration de sa fille aujourd\u2019hui \u00e2g\u00e9e de 12 ans ? De la jeunesse qu\u2019il voit s\u2019engager ?\u00a0\u00a0<a href=\"http:\/\/vivelaterre.com\/livres2026\/portfolio\/jean-claude-carriere-utopie-quand-reviendras-tu\/\"><em><strong>Utopie, quand reviendras-tu ?<\/strong><\/em><\/a> s&rsquo;interroge l&rsquo;honn\u00eate homme, quelque peu d\u00e9sabus\u00e9 mais g\u00e9n\u00e9reux en anecdotes savoureuses, dans une <em>nouvelle Conversation<\/em> avec Gilles Vanderpooten &#8211; qui signe l\u00e0 son dernier livre d&rsquo;entretien en date.<\/p>\n<h3>Les Conversations pour l&rsquo;avenir : des t\u00e9moignages pour comprendre les mutations en cours, s&rsquo;engager et s&rsquo;\u00e9lancer vers l&rsquo;avenir.<\/h3>\n[\/vc_column_text][\/vc_column][\/vc_row]\n<\/div>","protected":false},"excerpt":{"rendered":"<p>[vc_row][vc_column][vc_column_text disable_pattern=\u00a0\u00bbtrue\u00a0\u00bb align=\u00a0\u00bbleft\u00a0\u00bb margin_bottom=\u00a0\u00bb0&Prime;] A la recherche des \u00ab\u00a0\u00e9claireurs d&rsquo;avenirs\u00a0\u00bb Alors que \u00ab\u00a0la crise\u00a0\u00bb \u00e9conomique, sociale, \u00e9cologique, morale, s\u00e9vit\u00a0; que les d\u00e9clinologues se complaisent dans le d\u00e9clin\u00a0; que les experts en catastrophes se complaisent \u00e0 alimenter un climat pessimisme et anxiog\u00e8ne\u00a0; que l\u2019auto-flagellation fait figure de clairvoyance, l\u2019horizon semble fort peu r\u00e9jouissant pour la jeunesse [&hellip;]<\/p>\n","protected":false},"author":1,"featured_media":0,"parent":0,"menu_order":0,"comment_status":"open","ping_status":"open","template":"","meta":{"_acf_changed":false,"footnotes":""},"class_list":["post-7551","page","type-page","status-publish","hentry"],"acf":[],"_links":{"self":[{"href":"https:\/\/vivelaterre.com\/livres2026\/wp-json\/wp\/v2\/pages\/7551","targetHints":{"allow":["GET"]}}],"collection":[{"href":"https:\/\/vivelaterre.com\/livres2026\/wp-json\/wp\/v2\/pages"}],"about":[{"href":"https:\/\/vivelaterre.com\/livres2026\/wp-json\/wp\/v2\/types\/page"}],"author":[{"embeddable":true,"href":"https:\/\/vivelaterre.com\/livres2026\/wp-json\/wp\/v2\/users\/1"}],"replies":[{"embeddable":true,"href":"https:\/\/vivelaterre.com\/livres2026\/wp-json\/wp\/v2\/comments?post=7551"}],"version-history":[{"count":23,"href":"https:\/\/vivelaterre.com\/livres2026\/wp-json\/wp\/v2\/pages\/7551\/revisions"}],"predecessor-version":[{"id":8199,"href":"https:\/\/vivelaterre.com\/livres2026\/wp-json\/wp\/v2\/pages\/7551\/revisions\/8199"}],"wp:attachment":[{"href":"https:\/\/vivelaterre.com\/livres2026\/wp-json\/wp\/v2\/media?parent=7551"}],"curies":[{"name":"wp","href":"https:\/\/api.w.org\/{rel}","templated":true}]}}