{"id":8195,"date":"2019-01-02T22:02:31","date_gmt":"2019-01-02T21:02:31","guid":{"rendered":"http:\/\/vivelaterre.com\/livres2026\/?page_id=8195"},"modified":"2024-05-11T00:24:49","modified_gmt":"2024-05-10T22:24:49","slug":"homepage2019","status":"publish","type":"page","link":"https:\/\/vivelaterre.com\/livres2026\/","title":{"rendered":"Homepage2019"},"content":{"rendered":"<div class=\"wpb-content-wrapper\">[mk_page_section bg_color=\u00a0\u00bb#ffcc00&Prime; attachment=\u00a0\u00bbscroll\u00a0\u00bb bg_position=\u00a0\u00bbleft top\u00a0\u00bb bg_repeat=\u00a0\u00bbrepeat\u00a0\u00bb bg_stretch=\u00a0\u00bbfalse\u00a0\u00bb enable_3d=\u00a0\u00bbfalse\u00a0\u00bb speed_factor=\u00a0\u00bb4&Prime; bg_video=\u00a0\u00bbno\u00a0\u00bb video_mask=\u00a0\u00bbfalse\u00a0\u00bb video_opacity=\u00a0\u00bb0.6&Prime; top_shadow=\u00a0\u00bbfalse\u00a0\u00bb section_layout=\u00a0\u00bbfull\u00a0\u00bb min_height=\u00a0\u00bb56&Prime; padding_top=\u00a0\u00bb10&Prime; padding_bottom=\u00a0\u00bb10&Prime; margin_bottom=\u00a0\u00bb0&Prime; first_page=\u00a0\u00bbtrue\u00a0\u00bb last_page=\u00a0\u00bbtrue\u00a0\u00bb][vc_column width=\u00a0\u00bb1\/1&Prime;][mk_title_box color=\u00a0\u00bb#252525&Prime; highlight_opacity=\u00a0\u00bb1&Prime; size=\u00a0\u00bb42&Prime; line_height=\u00a0\u00bb66&Prime; font_weight=\u00a0\u00bb300&Prime; margin_top=\u00a0\u00bb0&Prime; margin_bottom=\u00a0\u00bb18&Prime; font_family=\u00a0\u00bbnone\u00a0\u00bb align=\u00a0\u00bbcenter\u00a0\u00bb width=\u00a0\u00bb1\/1&Prime; el_position=\u00a0\u00bbfirst last\u00a0\u00bb animation=\u00a0\u00bbleft-to-right\u00a0\u00bb highlight_color=\u00a0\u00bb#ffcc00&Prime;]Les h\u00e9ros sont parmi nous[\/mk_title_box][\/vc_column][\/mk_page_section][mk_page_section bg_color=\u00a0\u00bb#ffffff\u00a0\u00bb attachment=\u00a0\u00bbscroll\u00a0\u00bb bg_position=\u00a0\u00bbleft top\u00a0\u00bb bg_repeat=\u00a0\u00bbrepeat\u00a0\u00bb bg_stretch=\u00a0\u00bbfalse\u00a0\u00bb enable_3d=\u00a0\u00bbfalse\u00a0\u00bb speed_factor=\u00a0\u00bb4&Prime; bg_video=\u00a0\u00bbno\u00a0\u00bb video_mask=\u00a0\u00bbfalse\u00a0\u00bb video_opacity=\u00a0\u00bb0.6&Prime; top_shadow=\u00a0\u00bbfalse\u00a0\u00bb section_layout=\u00a0\u00bbfull\u00a0\u00bb min_height=\u00a0\u00bb56&Prime; padding_top=\u00a0\u00bb10&Prime; padding_bottom=\u00a0\u00bb10&Prime; margin_bottom=\u00a0\u00bb0&Prime; first_page=\u00a0\u00bbtrue\u00a0\u00bb last_page=\u00a0\u00bbtrue\u00a0\u00bb][vc_column width=\u00a0\u00bb1\/1&Prime;][mk_title_box color=\u00a0\u00bb#252525&Prime; highlight_color=\u00a0\u00bb#ecc900&Prime; highlight_opacity=\u00a0\u00bb1&Prime; size=\u00a0\u00bb25&Prime; line_height=\u00a0\u00bb66&Prime; font_weight=\u00a0\u00bb300&Prime; margin_top=\u00a0\u00bb0&Prime; margin_bottom=\u00a0\u00bb18&Prime; font_family=\u00a0\u00bbnone\u00a0\u00bb align=\u00a0\u00bbcenter\u00a0\u00bb width=\u00a0\u00bb1\/1&Prime; el_position=\u00a0\u00bbfirst last\u00a0\u00bb animation=\u00a0\u00bbleft-to-right\u00a0\u00bb]Une s\u00e9rie d&rsquo;ouvrages pour comprendre les mutations en cours,<br \/>\ns&rsquo;engager, cr\u00e9er, et s&rsquo;\u00e9lancer vers l&rsquo;avenir.[\/mk_title_box][vc_raw_html]JTNDaWZyYW1lJTIwdGl0bGUlM0QlMjJ2aW1lby1wbGF5ZXIlMjIlMjBzcmMlM0QlMjJodHRwcyUzQSUyRiUyRnBsYXllci52aW1lby5jb20lMkZ2aWRlbyUyRjE2NjM3MDI0MiUzRmglM0RlZDFhZWVlMThlJTIyJTIwd2lkdGglM0QlMjI2NDAlMjIlMjBoZWlnaHQlM0QlMjIzNjAlMjIlMjBmcmFtZWJvcmRlciUzRCUyMjAlMjIlMjAlMjAlMjAlMjBhbGxvd2Z1bGxzY3JlZW4lM0UlM0MlMkZpZnJhbWUlM0U=[\/vc_raw_html][\/vc_column][\/mk_page_section][mk_page_section attachment=\u00a0\u00bbfixed\u00a0\u00bb bg_position=\u00a0\u00bbleft top\u00a0\u00bb bg_stretch=\u00a0\u00bbfalse\u00a0\u00bb enable_3d=\u00a0\u00bbtrue\u00a0\u00bb speed_factor=\u00a0\u00bb-0.6&Prime; top_shadow=\u00a0\u00bbfalse\u00a0\u00bb section_layout=\u00a0\u00bbfull\u00a0\u00bb min_height=\u00a0\u00bb0&Prime; padding_top=\u00a0\u00bb8&Prime; padding_bottom=\u00a0\u00bb8&Prime; margin_bottom=\u00a0\u00bb0&Prime; last_page=\u00a0\u00bbtrue\u00a0\u00bb width=\u00a0\u00bb1\/1&Prime; el_position=\u00a0\u00bbfirst last\u00a0\u00bb bg_repeat=\u00a0\u00bbrepeat\u00a0\u00bb bg_video=\u00a0\u00bbno\u00a0\u00bb video_mask=\u00a0\u00bbfalse\u00a0\u00bb video_opacity=\u00a0\u00bb0.6&Prime; first_page=\u00a0\u00bbtrue\u00a0\u00bb][vc_column width=\u00a0\u00bb1\/3&Prime;][mk_icon_box title=\u00a0\u00bbUn projet\u00a0\u00bb text_size=\u00a0\u00bb20&Prime; font_weight=\u00a0\u00bbinhert\u00a0\u00bb icon=\u00a0\u00bbmoon-feed\u00a0\u00bb style=\u00a0\u00bbsimple_ultimate\u00a0\u00bb icon_size=\u00a0\u00bbmedium\u00a0\u00bb icon_location=\u00a0\u00bbleft\u00a0\u00bb circled=\u00a0\u00bbfalse\u00a0\u00bb icon_color=\u00a0\u00bb#ebc711&Prime; icon_circle_color=\u00a0\u00bb#0bb697&Prime; box_blur=\u00a0\u00bbfalse\u00a0\u00bb title_color=\u00a0\u00bb#252525&Prime; txt_color=\u00a0\u00bb#666666&Prime; margin=\u00a0\u00bb30&Prime; animation=\u00a0\u00bbscale-up\u00a0\u00bb width=\u00a0\u00bb1\/1&Prime; el_position=\u00a0\u00bblast\u00a0\u00bb rounded_circle=\u00a0\u00bbfalse\u00a0\u00bb]Gilles Vanderpooten, depuis 2008, part \u00e0 la rencontre de ses a\u00een\u00e9s et de b\u00e2tisseurs d&rsquo;avenirs, pour recueillir t\u00e9moignages, exp\u00e9riences, regards sur le monde qui vient&#8230; Quels enjeux ? Quelles solutions\u00a0? Comment agir\u00a0? O\u00f9 s\u2019engager\u00a0? Qu&rsquo;entreprendre et comment d\u00e9velopper sa cr\u00e9ativit\u00e9 ?[\/mk_icon_box][mk_circle_image src=\u00a0\u00bbhttp:\/\/vivelaterre.com\/livres2026\/wp-content\/uploads\/2019\/01\/gilles-vanderpooten_Tomasso-W-Bertolotti-light.jpg\u00a0\u00bb image_diameter=\u00a0\u00bb232&Prime;][mk_button dimension=\u00a0\u00bbtwo\u00a0\u00bb size=\u00a0\u00bbmedium\u00a0\u00bb bg_color=\u00a0\u00bb#0081b7&Prime; text_color=\u00a0\u00bblight\u00a0\u00bb icon=\u00a0\u00bbmoon-arrow-right-6&Prime; url=\u00a0\u00bbhttp:\/\/vivelaterre.com\/livres2026\/vive-lavenir-lhistoire\/\u00a0\u00bb target=\u00a0\u00bb_self\u00a0\u00bb align=\u00a0\u00bbcenter\u00a0\u00bb margin_top=\u00a0\u00bb0&Prime; margin_bottom=\u00a0\u00bb6&Prime; animation=\u00a0\u00bbfade-in\u00a0\u00bb width=\u00a0\u00bb1\/1&Prime; el_position=\u00a0\u00bbfirst last\u00a0\u00bb outline_skin=\u00a0\u00bbdark\u00a0\u00bb]L&rsquo;histoire du projet [\/mk_button][\/vc_column][vc_column width=\u00a0\u00bb1\/3&Prime;][mk_icon_box title=\u00a0\u00bb10 auteurs, 10 ouvrages\u00a0\u00bb text_size=\u00a0\u00bb20&Prime; font_weight=\u00a0\u00bbinhert\u00a0\u00bb icon=\u00a0\u00bbmoon-users-5&Prime; style=\u00a0\u00bbsimple_ultimate\u00a0\u00bb icon_size=\u00a0\u00bbmedium\u00a0\u00bb icon_location=\u00a0\u00bbleft\u00a0\u00bb circled=\u00a0\u00bbfalse\u00a0\u00bb icon_color=\u00a0\u00bb#ebc711&Prime; icon_circle_color=\u00a0\u00bb#0bb697&Prime; box_blur=\u00a0\u00bbfalse\u00a0\u00bb title_color=\u00a0\u00bb#252525&Prime; txt_color=\u00a0\u00bb#666666&Prime; margin=\u00a0\u00bb30&Prime; animation=\u00a0\u00bbscale-up\u00a0\u00bb width=\u00a0\u00bb1\/1&Prime; el_position=\u00a0\u00bblast\u00a0\u00bb rounded_circle=\u00a0\u00bbfalse\u00a0\u00bb]\n<ul>\n<li><a title=\"Guy Bedos, J\u2019ai fait un r\u00eave\" href=\"http:\/\/vivelaterre.com\/livres2026\/portfolio-posts\/guy-bedos-jai-fait-un-reve\/\">Guy BEDOS<\/a> : J&rsquo;ai fait un r\u00eave<\/li>\n<li><a title=\"Jean-Claude CARRIERE : Utopie, quand reviendras-tu ?\" href=\"http:\/\/vivelaterre.com\/livres2026\/portfolio\/jean-claude-carriere-utopie-quand-reviendras-tu\/\">Jean-Claude CARRIERE<\/a> : Utopie quand reviendras-tu ?<\/li>\n<li><a title=\"St\u00e9phane Hessel, Engagez-vous !\" href=\"http:\/\/vivelaterre.com\/livres2026\/portfolio-posts\/stephane-hessel-engagez-vous\/\">St\u00e9phane HESSEL<\/a> : Engagez-vous !<\/li>\n<li><a title=\"Danielle MITTERRAND, Ce que je n\u2019accepte pas\" href=\"http:\/\/vivelaterre.com\/livres2026\/portfolio\/danielle-mitterrand-ce-que-je-naccepte-pas\/\">Danielle MITTERRAND<\/a> : Ce que je n&rsquo;accepte pas<\/li>\n<li><a title=\"Yves PACCALET, Partageons ! L\u2019utopie ou la guerre\" href=\"http:\/\/vivelaterre.com\/livres2026\/portfolio\/yves-paccalet\/\">Yves PACCALET<\/a> : Partageons ! L&rsquo;utopie ou la guerre<\/li>\n<li><a title=\"J\u00e9romine Pasteur, La Vie est un chemin qui a du coeur\" href=\"http:\/\/vivelaterre.com\/livres2026\/portfolio\/jeromine-pasteur\/\">J\u00e9romine PASTEUR<\/a> : La vie est un chemin qui a du c\u0153ur<\/li>\n<li><a title=\"Youssef SEDDIK, Tunisie : la r\u00e9volution inachev\u00e9e\" href=\"http:\/\/vivelaterre.com\/livres2026\/portfolio\/youssef-seddik-tunisie-la-revolution-inachevee\/\">Youssef SEDDIK<\/a> : Tunisie, la r\u00e9volution inachev\u00e9e<\/li>\n<li><a title=\"Philippe Starck, Impression d\u2019ailleurs\" href=\"http:\/\/vivelaterre.com\/livres2026\/portfolio\/philippe-starck-impression\/\">Philippe STARCK<\/a> : Impression d&rsquo;Ailleurs<\/li>\n<li><a title=\"Gilles Vanderpooten\" href=\"http:\/\/vivelaterre.com\/livres2026\/les-auteurs-2\/gilles-vanderpooten\/\">Gilles VANDERPOOTEN<\/a> : Imaginer le monde de demain, le r\u00f4le positif des m\u00e9dias<\/li>\n<li><a href=\"http:\/\/vivelaterre.com\/livres2026\/portfolio\/la-france-des-solutions\/\" target=\"_blank\">Jean-Louis ETIENNE<\/a> : La France des solutions, 50 citoyens qui font bouger la France<\/li>\n<\/ul>\n[\/mk_icon_box][mk_button dimension=\u00a0\u00bbtwo\u00a0\u00bb size=\u00a0\u00bbmedium\u00a0\u00bb bg_color=\u00a0\u00bb#0081b7&Prime; text_color=\u00a0\u00bblight\u00a0\u00bb icon=\u00a0\u00bbmoon-arrow-right-6&Prime; url=\u00a0\u00bbhttp:\/\/vivelaterre.com\/livres2026\/auteurs\/\u00a0\u00bb target=\u00a0\u00bb_self\u00a0\u00bb align=\u00a0\u00bbcenter\u00a0\u00bb margin_top=\u00a0\u00bb0&Prime; margin_bottom=\u00a0\u00bb6&Prime; animation=\u00a0\u00bbfade-in\u00a0\u00bb width=\u00a0\u00bb1\/1&Prime; el_position=\u00a0\u00bbfirst last\u00a0\u00bb outline_skin=\u00a0\u00bbdark\u00a0\u00bb]D\u00e9couvrir les auteurs [\/mk_button][\/vc_column][vc_column width=\u00a0\u00bb1\/3&Prime;][mk_icon_box title=\u00a0\u00bbUne collection \u00e9ditoriale\u00a0\u00bb text_size=\u00a0\u00bb20&Prime; font_weight=\u00a0\u00bbinhert\u00a0\u00bb icon=\u00a0\u00bbmoon-book\u00a0\u00bb style=\u00a0\u00bbsimple_ultimate\u00a0\u00bb icon_size=\u00a0\u00bbmedium\u00a0\u00bb icon_location=\u00a0\u00bbleft\u00a0\u00bb circled=\u00a0\u00bbfalse\u00a0\u00bb icon_color=\u00a0\u00bb#ebc711&Prime; icon_circle_color=\u00a0\u00bb#0bb697&Prime; box_blur=\u00a0\u00bbfalse\u00a0\u00bb title_color=\u00a0\u00bb#252525&Prime; txt_color=\u00a0\u00bb#666666&Prime; margin=\u00a0\u00bb30&Prime; animation=\u00a0\u00bbscale-up\u00a0\u00bb width=\u00a0\u00bb1\/1&Prime; el_position=\u00a0\u00bbfirst\u00a0\u00bb rounded_circle=\u00a0\u00bbfalse\u00a0\u00bb]Conversation pour l&rsquo;avenir : une s\u00e9rie d\u2019entretiens avec des personnalit\u00e9s captivantes. Des personnalit\u00e9s de tous horizons, au-del\u00e0 des clivages : grand voyageur, designer, artiste, humoriste, philosophe, cin\u00e9aste, activiste&#8230; Des t\u00e9moignages pr\u00e9cieux pour une civilisation en mutation.[\/mk_icon_box][mk_button dimension=\u00a0\u00bbtwo\u00a0\u00bb size=\u00a0\u00bbmedium\u00a0\u00bb bg_color=\u00a0\u00bb#0081b7&Prime; text_color=\u00a0\u00bblight\u00a0\u00bb icon=\u00a0\u00bbmoon-arrow-right-6&Prime; url=\u00a0\u00bbhttp:\/\/vivelaterre.com\/livres2026\/portfolio-livres\/\u00a0\u00bb target=\u00a0\u00bb_self\u00a0\u00bb align=\u00a0\u00bbcenter\u00a0\u00bb margin_top=\u00a0\u00bb0&Prime; margin_bottom=\u00a0\u00bb6&Prime; animation=\u00a0\u00bbfade-in\u00a0\u00bb width=\u00a0\u00bb1\/1&Prime; el_position=\u00a0\u00bbfirst last\u00a0\u00bb outline_skin=\u00a0\u00bbdark\u00a0\u00bb]Toutes les publications [\/mk_button][\/vc_column][\/mk_page_section][mk_page_section bg_image=\u00a0\u00bbhttp:\/\/vivelaterre.com\/livres2026\/wp-content\/uploads\/2013\/08\/bg_sh4.jpg\u00a0\u00bb predefined_bg=\u00a0\u00bbpattern\/no-image.png\u00a0\u00bb attachment=\u00a0\u00bbfixed\u00a0\u00bb bg_position=\u00a0\u00bbcenter bottom\u00a0\u00bb bg_stretch=\u00a0\u00bbtrue\u00a0\u00bb enable_3d=\u00a0\u00bbtrue\u00a0\u00bb speed_factor=\u00a0\u00bb0.2&Prime; top_shadow=\u00a0\u00bbfalse\u00a0\u00bb section_layout=\u00a0\u00bbfull\u00a0\u00bb min_height=\u00a0\u00bb100&Prime; padding_top=\u00a0\u00bb80&Prime; padding_bottom=\u00a0\u00bb180&Prime; margin_bottom=\u00a0\u00bb0&Prime; last_page=\u00a0\u00bbtrue\u00a0\u00bb width=\u00a0\u00bb1\/1&Prime; el_position=\u00a0\u00bbfirst last\u00a0\u00bb bg_repeat=\u00a0\u00bbrepeat\u00a0\u00bb bg_video=\u00a0\u00bbno\u00a0\u00bb video_mask=\u00a0\u00bbfalse\u00a0\u00bb video_opacity=\u00a0\u00bb0.6&Prime; first_page=\u00a0\u00bbfalse\u00a0\u00bb][vc_column width=\u00a0\u00bb1\/2&Prime;][mk_button dimension=\u00a0\u00bbthree\u00a0\u00bb size=\u00a0\u00bbsmall\u00a0\u00bb outline_skin=\u00a0\u00bbdark\u00a0\u00bb bg_color=\u00a0\u00bb#ffffff\u00a0\u00bb text_color=\u00a0\u00bbdark\u00a0\u00bb target=\u00a0\u00bb_self\u00a0\u00bb align=\u00a0\u00bbleft\u00a0\u00bb margin_top=\u00a0\u00bb0&Prime; margin_bottom=\u00a0\u00bb15&Prime;]HOMMAGE AU R\u00c9SISTANT \/ L&rsquo;AMBASSADEUR &#8211; L&rsquo;INSPIRATEUR[\/mk_button][mk_title_box color=\u00a0\u00bb#ffffff\u00a0\u00bb highlight_color=\u00a0\u00bb#a92e3e\u00a0\u00bb highlight_opacity=\u00a0\u00bb1&Prime; size=\u00a0\u00bb42&Prime; line_height=\u00a0\u00bb66&Prime; font_weight=\u00a0\u00bb300&Prime; margin_top=\u00a0\u00bb0&Prime; margin_bottom=\u00a0\u00bb18&Prime; font_family=\u00a0\u00bbnone\u00a0\u00bb align=\u00a0\u00bbleft\u00a0\u00bb width=\u00a0\u00bb1\/1&Prime; el_position=\u00a0\u00bbfirst last\u00a0\u00bb animation=\u00a0\u00bbleft-to-right\u00a0\u00bb]ENGAGEZ-VOUS !<br \/>\npar St\u00e9phane Hessel[\/mk_title_box][vc_column_text disable_pattern=\u00a0\u00bbtrue\u00a0\u00bb align=\u00a0\u00bbleft\u00a0\u00bb margin_bottom=\u00a0\u00bb0&Prime; width=\u00a0\u00bb1\/1&Prime; el_position=\u00a0\u00bbfirst last\u00a0\u00bb animation=\u00a0\u00bbfade-in\u00a0\u00bb]\n<h3><strong><span style=\"color: #cc3300;\">Entretiens avec Gilles Vanderpooten<\/span><br \/>\n<\/strong><\/h3>\n[\/vc_column_text][vc_column_text disable_pattern=\u00a0\u00bbtrue\u00a0\u00bb align=\u00a0\u00bbleft\u00a0\u00bb margin_bottom=\u00a0\u00bb0&Prime; width=\u00a0\u00bb1\/1&Prime; el_position=\u00a0\u00bbfirst last\u00a0\u00bb animation=\u00a0\u00bbfade-in\u00a0\u00bb]<span style=\"color: #000000;\"><span style=\"color: #ffffff;\">St\u00e9phane Hessel, 93 ans et Gilles Vanderpooten, 24 ans : la richesse d&rsquo;un \u00e9change o\u00f9 flottent le go\u00fbt de la transmission et le d\u00e9sir d&rsquo;un partage. D&rsquo;un combat \u00e0 l&rsquo;autre, d&rsquo;une g\u00e9n\u00e9ration \u00e0 l&rsquo;autre, <em>Engagez-vous !<\/em><\/span><\/span> <span style=\"color: #ffffff;\"><em><em>\u00ab\u00a0Gare \u00e0 l\u2019avenir et vive l\u2019avenir ! Ne sous-estimons pas les dangers, et sachons en m\u00eame temps que tout danger peut \u00eatre confront\u00e9 et surmont\u00e9.\u00a0\u00bb<\/em> <\/em> Engagez-vous ! Get involved ! Comprometeos ! Comprometeu-vos! Empenhai-vos! Engagiert-euch ! Impegnatevi ! Doe er iets aan!\u00a0 Konprometitu zaitezte! Kay\u0131ts\u0131z Kalmay\u0131n M\u00fccadeleye Kat\u0131l\u0131n ! Le livre traduit en 17 langues et diffus\u00e9 dans le monde.<em> <\/em><\/span> <span style=\"color: #ffffff;\"><em>\u00a0<\/em><\/span>[\/vc_column_text][mk_button dimension=\u00a0\u00bboutline\u00a0\u00bb size=\u00a0\u00bblarge\u00a0\u00bb outline_skin=\u00a0\u00bblight\u00a0\u00bb bg_color=\u00a0\u00bb#00c8d7&Prime; text_color=\u00a0\u00bblight\u00a0\u00bb url=\u00a0\u00bbhttp:\/\/vivelaterre.com\/livres2026\/portfolio\/stephane-hessel-engagez-vous\/\u00a0\u00bb target=\u00a0\u00bb_self\u00a0\u00bb align=\u00a0\u00bbleft\u00a0\u00bb margin_top=\u00a0\u00bb30&Prime; margin_bottom=\u00a0\u00bb15&Prime; animation=\u00a0\u00bbfade-in\u00a0\u00bb][+] D\u00e9couvrir le livre[\/mk_button][mk_button dimension=\u00a0\u00bboutline\u00a0\u00bb size=\u00a0\u00bblarge\u00a0\u00bb outline_skin=\u00a0\u00bblight\u00a0\u00bb bg_color=\u00a0\u00bb#00c8d7&Prime; text_color=\u00a0\u00bblight\u00a0\u00bb url=\u00a0\u00bbhttp:\/\/www.stephanehessel.org\u00a0\u00bb target=\u00a0\u00bb_self\u00a0\u00bb align=\u00a0\u00bbleft\u00a0\u00bb margin_top=\u00a0\u00bb30&Prime; margin_bottom=\u00a0\u00bb15&Prime; animation=\u00a0\u00bbfade-in\u00a0\u00bb][+] La vid\u00e9o du centenaire[\/mk_button][mk_button dimension=\u00a0\u00bboutline\u00a0\u00bb size=\u00a0\u00bblarge\u00a0\u00bb outline_skin=\u00a0\u00bblight\u00a0\u00bb bg_color=\u00a0\u00bb#00c8d7&Prime; text_color=\u00a0\u00bblight\u00a0\u00bb url=\u00a0\u00bbhttps:\/\/reportersdespoirs.org\/hessel2023\/\u00a0\u00bb target=\u00a0\u00bb_self\u00a0\u00bb align=\u00a0\u00bbleft\u00a0\u00bb margin_top=\u00a0\u00bb30&Prime; margin_bottom=\u00a0\u00bb15&Prime; animation=\u00a0\u00bbfade-in\u00a0\u00bb][+] L&rsquo;\u00e9v\u00e9nement du 17 janvier 2023[\/mk_button][\/vc_column][vc_column width=\u00a0\u00bb1\/2&Prime;][\/vc_column][\/mk_page_section][mk_page_section bg_image=\u00a0\u00bbhttp:\/\/vivelaterre.com\/livres2026\/wp-content\/uploads\/2019\/01\/ban_livre2.png\u00a0\u00bb predefined_bg=\u00a0\u00bbpattern\/no-image.png\u00a0\u00bb attachment=\u00a0\u00bbfixed\u00a0\u00bb bg_position=\u00a0\u00bbcenter bottom\u00a0\u00bb bg_stretch=\u00a0\u00bbtrue\u00a0\u00bb enable_3d=\u00a0\u00bbtrue\u00a0\u00bb speed_factor=\u00a0\u00bb0.2&Prime; top_shadow=\u00a0\u00bbfalse\u00a0\u00bb section_layout=\u00a0\u00bbfull\u00a0\u00bb min_height=\u00a0\u00bb100&Prime; padding_top=\u00a0\u00bb80&Prime; padding_bottom=\u00a0\u00bb180&Prime; margin_bottom=\u00a0\u00bb0&Prime; last_page=\u00a0\u00bbtrue\u00a0\u00bb width=\u00a0\u00bb1\/1&Prime; el_position=\u00a0\u00bbfirst last\u00a0\u00bb bg_repeat=\u00a0\u00bbrepeat\u00a0\u00bb bg_video=\u00a0\u00bbno\u00a0\u00bb video_mask=\u00a0\u00bbfalse\u00a0\u00bb video_opacity=\u00a0\u00bb0.6&Prime; first_page=\u00a0\u00bbfalse\u00a0\u00bb][vc_column width=\u00a0\u00bb1\/2&Prime;][mk_button dimension=\u00a0\u00bbthree\u00a0\u00bb size=\u00a0\u00bbsmall\u00a0\u00bb outline_skin=\u00a0\u00bbdark\u00a0\u00bb bg_color=\u00a0\u00bb#ffffff\u00a0\u00bb text_color=\u00a0\u00bbdark\u00a0\u00bb target=\u00a0\u00bb_self\u00a0\u00bb align=\u00a0\u00bbleft\u00a0\u00bb margin_top=\u00a0\u00bb0&Prime; margin_bottom=\u00a0\u00bb15&Prime;]ESSAI[\/mk_button][mk_title_box color=\u00a0\u00bb#ffffff\u00a0\u00bb highlight_color=\u00a0\u00bb#383838&Prime; highlight_opacity=\u00a0\u00bb1&Prime; size=\u00a0\u00bb42&Prime; line_height=\u00a0\u00bb66&Prime; font_weight=\u00a0\u00bb300&Prime; margin_top=\u00a0\u00bb0&Prime; margin_bottom=\u00a0\u00bb18&Prime; font_family=\u00a0\u00bbnone\u00a0\u00bb align=\u00a0\u00bbleft\u00a0\u00bb width=\u00a0\u00bb1\/1&Prime; el_position=\u00a0\u00bbfirst last\u00a0\u00bb animation=\u00a0\u00bbleft-to-right\u00a0\u00bb]IMAGINER LE MONDE DE DEMAIN. Le r\u00f4le positif des m\u00e9dias.[\/mk_title_box][vc_column_text disable_pattern=\u00a0\u00bbtrue\u00a0\u00bb align=\u00a0\u00bbleft\u00a0\u00bb margin_bottom=\u00a0\u00bb0&Prime; width=\u00a0\u00bb1\/1&Prime; el_position=\u00a0\u00bbfirst last\u00a0\u00bb animation=\u00a0\u00bbfade-in\u00a0\u00bb]\n<h3><strong><span style=\"color: #ffffff;\">Par Gilles Vanderpooten, avec Eric Fottorino<\/span><br \/>\n<\/strong><\/h3>\n[\/vc_column_text][vc_column_text disable_pattern=\u00a0\u00bbtrue\u00a0\u00bb align=\u00a0\u00bbleft\u00a0\u00bb margin_bottom=\u00a0\u00bb0&Prime; width=\u00a0\u00bb1\/1&Prime; el_position=\u00a0\u00bbfirst last\u00a0\u00bb animation=\u00a0\u00bbfade-in\u00a0\u00bb]<span style=\"color: #ffffff;\"><em>Chaque jour, surgissent des initiatives dans lesquelles s\u2019illustrent le g\u00e9nie cr\u00e9ateur, le souci du bien commun, l\u2019envie d\u2019agir et de faire. Et si les m\u00e9dias s&rsquo;en faisaient davantage l&rsquo;\u00e9cho pour nous inspirer\u00a0 ? Un livre de Gilles Vanderpooten, postfac\u00e9 par Eric Fottorino, chez Actes Sud.<\/em><br \/>\n<\/span>[\/vc_column_text][mk_button dimension=\u00a0\u00bboutline\u00a0\u00bb size=\u00a0\u00bblarge\u00a0\u00bb outline_skin=\u00a0\u00bblight\u00a0\u00bb bg_color=\u00a0\u00bb#00c8d7&Prime; text_color=\u00a0\u00bblight\u00a0\u00bb url=\u00a0\u00bbhttp:\/\/www.reportersdespoirs.org\/lelivre\/\u00a0\u00bb target=\u00a0\u00bb_blank\u00a0\u00bb align=\u00a0\u00bbleft\u00a0\u00bb margin_top=\u00a0\u00bb30&Prime; margin_bottom=\u00a0\u00bb15&Prime; animation=\u00a0\u00bbfade-in\u00a0\u00bb][+] D\u00e9couvrir le livre[\/mk_button][\/vc_column][vc_column width=\u00a0\u00bb1\/2&Prime;][\/vc_column][\/mk_page_section][mk_page_section bg_image=\u00a0\u00bbhttp:\/\/vivelaterre.com\/livres2026\/wp-content\/uploads\/2013\/08\/bg_starck2.jpg\u00a0\u00bb predefined_bg=\u00a0\u00bbpattern\/no-image.png\u00a0\u00bb attachment=\u00a0\u00bbfixed\u00a0\u00bb bg_position=\u00a0\u00bbcenter bottom\u00a0\u00bb bg_stretch=\u00a0\u00bbtrue\u00a0\u00bb enable_3d=\u00a0\u00bbtrue\u00a0\u00bb speed_factor=\u00a0\u00bb0.2&Prime; top_shadow=\u00a0\u00bbfalse\u00a0\u00bb section_layout=\u00a0\u00bbfull\u00a0\u00bb min_height=\u00a0\u00bb100&Prime; padding_top=\u00a0\u00bb120&Prime; padding_bottom=\u00a0\u00bb250&Prime; margin_bottom=\u00a0\u00bb0&Prime; last_page=\u00a0\u00bbtrue\u00a0\u00bb width=\u00a0\u00bb1\/1&Prime; el_position=\u00a0\u00bbfirst last\u00a0\u00bb bg_repeat=\u00a0\u00bbrepeat\u00a0\u00bb bg_video=\u00a0\u00bbno\u00a0\u00bb video_mask=\u00a0\u00bbfalse\u00a0\u00bb video_opacity=\u00a0\u00bb0.6&Prime; first_page=\u00a0\u00bbfalse\u00a0\u00bb][vc_column width=\u00a0\u00bb1\/2&Prime;][mk_button dimension=\u00a0\u00bbthree\u00a0\u00bb size=\u00a0\u00bbsmall\u00a0\u00bb outline_skin=\u00a0\u00bbdark\u00a0\u00bb bg_color=\u00a0\u00bb#ffffff\u00a0\u00bb text_color=\u00a0\u00bbdark\u00a0\u00bb target=\u00a0\u00bb_self\u00a0\u00bb align=\u00a0\u00bbleft\u00a0\u00bb margin_top=\u00a0\u00bb0&Prime; margin_bottom=\u00a0\u00bb15&Prime;]LE CREATEUR[\/mk_button][\/vc_column][vc_column width=\u00a0\u00bb1\/2&Prime;][mk_font_icons icon=\u00a0\u00bbicon-rocket\u00a0\u00bb color=\u00a0\u00bb#adadad\u00a0\u00bb size=\u00a0\u00bbx-large\u00a0\u00bb padding_horizental=\u00a0\u00bb4&Prime; padding_vertical=\u00a0\u00bb4&Prime; circle=\u00a0\u00bbfalse\u00a0\u00bb align=\u00a0\u00bbcenter\u00a0\u00bb animation=\u00a0\u00bbscale-up\u00a0\u00bb width=\u00a0\u00bb1\/1&Prime; el_position=\u00a0\u00bbfirst last\u00a0\u00bb][mk_title_box color=\u00a0\u00bb#252525&Prime; highlight_color=\u00a0\u00bb#ecc900&Prime; highlight_opacity=\u00a0\u00bb1&Prime; size=\u00a0\u00bb42&Prime; line_height=\u00a0\u00bb66&Prime; font_weight=\u00a0\u00bb300&Prime; margin_top=\u00a0\u00bb0&Prime; margin_bottom=\u00a0\u00bb18&Prime; font_family=\u00a0\u00bbnone\u00a0\u00bb align=\u00a0\u00bbcenter\u00a0\u00bb width=\u00a0\u00bb1\/1&Prime; el_position=\u00a0\u00bbfirst last\u00a0\u00bb animation=\u00a0\u00bbright-to-left\u00a0\u00bb]IMPRESSION D&rsquo;AILLEURS par Philippe Starck[\/mk_title_box][vc_column_text disable_pattern=\u00a0\u00bbtrue\u00a0\u00bb align=\u00a0\u00bbleft\u00a0\u00bb margin_bottom=\u00a0\u00bb0&Prime;]Philippe Starck nous entra\u00eene dans son univers mental, imaginatif et cr\u00e9atif fertile.<br \/>\nUn ouvrage impertinent, intelligent&#8230; g\u00e9nial ![\/vc_column_text][mk_button dimension=\u00a0\u00bboutline\u00a0\u00bb size=\u00a0\u00bblarge\u00a0\u00bb outline_skin=\u00a0\u00bbdark\u00a0\u00bb bg_color=\u00a0\u00bb#00c8d7&Prime; text_color=\u00a0\u00bblight\u00a0\u00bb url=\u00a0\u00bbhttp:\/\/vivelaterre.com\/livres2026\/portfolio\/philippe-starck-impression\/\u00a0\u00bb target=\u00a0\u00bb_self\u00a0\u00bb align=\u00a0\u00bbcenter\u00a0\u00bb margin_top=\u00a0\u00bb30&Prime; margin_bottom=\u00a0\u00bb15&Prime; animation=\u00a0\u00bbfade-in\u00a0\u00bb][+] D\u00e9couvrir le livre[\/mk_button][\/vc_column][\/mk_page_section][mk_page_section bg_image=\u00a0\u00bbhttp:\/\/vivelaterre.com\/livres2026\/wp-content\/uploads\/2013\/08\/bg_bedos.jpg\u00a0\u00bb predefined_bg=\u00a0\u00bbpattern\/no-image.png\u00a0\u00bb attachment=\u00a0\u00bbfixed\u00a0\u00bb bg_position=\u00a0\u00bbcenter bottom\u00a0\u00bb bg_stretch=\u00a0\u00bbtrue\u00a0\u00bb enable_3d=\u00a0\u00bbtrue\u00a0\u00bb speed_factor=\u00a0\u00bb0.2&Prime; top_shadow=\u00a0\u00bbfalse\u00a0\u00bb section_layout=\u00a0\u00bbfull\u00a0\u00bb min_height=\u00a0\u00bb100&Prime; padding_top=\u00a0\u00bb80&Prime; padding_bottom=\u00a0\u00bb180&Prime; margin_bottom=\u00a0\u00bb0&Prime; last_page=\u00a0\u00bbtrue\u00a0\u00bb width=\u00a0\u00bb1\/1&Prime; el_position=\u00a0\u00bbfirst last\u00a0\u00bb bg_repeat=\u00a0\u00bbrepeat\u00a0\u00bb bg_video=\u00a0\u00bbno\u00a0\u00bb video_mask=\u00a0\u00bbfalse\u00a0\u00bb video_opacity=\u00a0\u00bb0.6&Prime; first_page=\u00a0\u00bbfalse\u00a0\u00bb][vc_column width=\u00a0\u00bb1\/2&Prime;][mk_button dimension=\u00a0\u00bbthree\u00a0\u00bb size=\u00a0\u00bbsmall\u00a0\u00bb outline_skin=\u00a0\u00bbdark\u00a0\u00bb bg_color=\u00a0\u00bb#ffffff\u00a0\u00bb text_color=\u00a0\u00bbdark\u00a0\u00bb target=\u00a0\u00bb_self\u00a0\u00bb align=\u00a0\u00bbleft\u00a0\u00bb margin_top=\u00a0\u00bb0&Prime; margin_bottom=\u00a0\u00bb15&Prime;]LE COM\u00c9DIEN[\/mk_button][mk_title_box color=\u00a0\u00bb#ffffff\u00a0\u00bb highlight_color=\u00a0\u00bb#383838&Prime; highlight_opacity=\u00a0\u00bb1&Prime; size=\u00a0\u00bb42&Prime; line_height=\u00a0\u00bb66&Prime; font_weight=\u00a0\u00bb300&Prime; margin_top=\u00a0\u00bb0&Prime; margin_bottom=\u00a0\u00bb18&Prime; font_family=\u00a0\u00bbnone\u00a0\u00bb align=\u00a0\u00bbleft\u00a0\u00bb width=\u00a0\u00bb1\/1&Prime; el_position=\u00a0\u00bbfirst last\u00a0\u00bb animation=\u00a0\u00bbleft-to-right\u00a0\u00bb]J&rsquo;AI FAIT UN R\u00caVE par Guy Bedos[\/mk_title_box][vc_column_text disable_pattern=\u00a0\u00bbtrue\u00a0\u00bb align=\u00a0\u00bbleft\u00a0\u00bb margin_bottom=\u00a0\u00bb0&Prime; width=\u00a0\u00bb1\/1&Prime; el_position=\u00a0\u00bbfirst last\u00a0\u00bb animation=\u00a0\u00bbfade-in\u00a0\u00bb]<span style=\"color: #ffffff;\">\u00ab Vive l\u2019avenir ! Plus qu\u2019un message,<\/span> <span style=\"color: #ffffff;\"> <em> c\u2019est un devoir pour l\u2019id\u00e9aliste et le p\u00e8re que je suis. \u00bb En 2013, Guy Bedos se confiait \u00e0 Gilles Vanderpooten dans ce livre d&rsquo;entretiens intitul\u00e9 \u00ab\u00a0J&rsquo;ai fait un r\u00eave\u00a0\u00bb. Le com\u00e9dien nous a quitt\u00e9s le 28 mai.<\/em><\/span>[\/vc_column_text][mk_button dimension=\u00a0\u00bboutline\u00a0\u00bb size=\u00a0\u00bblarge\u00a0\u00bb outline_skin=\u00a0\u00bblight\u00a0\u00bb bg_color=\u00a0\u00bb#00c8d7&Prime; text_color=\u00a0\u00bblight\u00a0\u00bb url=\u00a0\u00bbhttp:\/\/vivelaterre.com\/livres2026\/portfolio\/guy-bedos-jai-fait-un-reve\/\u00a0\u00bb target=\u00a0\u00bb_self\u00a0\u00bb align=\u00a0\u00bbleft\u00a0\u00bb margin_top=\u00a0\u00bb30&Prime; margin_bottom=\u00a0\u00bb15&Prime; animation=\u00a0\u00bbfade-in\u00a0\u00bb][+] D\u00e9couvrir le livre[\/mk_button][\/vc_column][vc_column width=\u00a0\u00bb1\/2&Prime;][\/vc_column][\/mk_page_section][mk_page_section attachment=\u00a0\u00bbfixed\u00a0\u00bb bg_position=\u00a0\u00bbcenter bottom\u00a0\u00bb bg_stretch=\u00a0\u00bbtrue\u00a0\u00bb enable_3d=\u00a0\u00bbtrue\u00a0\u00bb speed_factor=\u00a0\u00bb0.2&Prime; top_shadow=\u00a0\u00bbfalse\u00a0\u00bb section_layout=\u00a0\u00bbfull\u00a0\u00bb min_height=\u00a0\u00bb100&Prime; padding_top=\u00a0\u00bb80&Prime; padding_bottom=\u00a0\u00bb180&Prime; margin_bottom=\u00a0\u00bb0&Prime; last_page=\u00a0\u00bbtrue\u00a0\u00bb width=\u00a0\u00bb1\/1&Prime; el_position=\u00a0\u00bbfirst last\u00a0\u00bb bg_repeat=\u00a0\u00bbrepeat\u00a0\u00bb bg_video=\u00a0\u00bbno\u00a0\u00bb video_mask=\u00a0\u00bbfalse\u00a0\u00bb video_opacity=\u00a0\u00bb0.6&Prime; first_page=\u00a0\u00bbfalse\u00a0\u00bb bg_color=\u00a0\u00bb#004672&Prime;][vc_column width=\u00a0\u00bb1\/2&Prime;][mk_button dimension=\u00a0\u00bbthree\u00a0\u00bb size=\u00a0\u00bbsmall\u00a0\u00bb outline_skin=\u00a0\u00bbdark\u00a0\u00bb bg_color=\u00a0\u00bb#ffffff\u00a0\u00bb text_color=\u00a0\u00bbdark\u00a0\u00bb target=\u00a0\u00bb_self\u00a0\u00bb align=\u00a0\u00bbleft\u00a0\u00bb margin_top=\u00a0\u00bb0&Prime; margin_bottom=\u00a0\u00bb15&Prime;]LES ENTREPRENEURS &amp; B\u00c2TISSEURS D&rsquo;AVENIRS[\/mk_button][mk_title_box color=\u00a0\u00bb#000000&Prime; highlight_color=\u00a0\u00bb#ecc900&Prime; highlight_opacity=\u00a0\u00bb1&Prime; size=\u00a0\u00bb42&Prime; line_height=\u00a0\u00bb66&Prime; font_weight=\u00a0\u00bb300&Prime; margin_top=\u00a0\u00bb0&Prime; margin_bottom=\u00a0\u00bb18&Prime; font_family=\u00a0\u00bbnone\u00a0\u00bb align=\u00a0\u00bbleft\u00a0\u00bb width=\u00a0\u00bb1\/1&Prime; el_position=\u00a0\u00bbfirst last\u00a0\u00bb animation=\u00a0\u00bbleft-to-right\u00a0\u00bb]20 INITIATIVES QUI FONT BOUGER LA FRANCE[\/mk_title_box][vc_column_text disable_pattern=\u00a0\u00bbtrue\u00a0\u00bb align=\u00a0\u00bbleft\u00a0\u00bb margin_bottom=\u00a0\u00bb0&Prime; width=\u00a0\u00bb1\/1&Prime; el_position=\u00a0\u00bbfirst last\u00a0\u00bb animation=\u00a0\u00bbfade-in\u00a0\u00bb]\n<h3><strong><span style=\"color: #ffffff;\">Un livre de Jean Louis Etienne, Gilles Vanderpooten &amp; Reporters d&rsquo;Espoirs<\/span><br \/>\n<\/strong><\/h3>\n[\/vc_column_text][vc_column_text disable_pattern=\u00a0\u00bbtrue\u00a0\u00bb align=\u00a0\u00bbleft\u00a0\u00bb margin_bottom=\u00a0\u00bb0&Prime; width=\u00a0\u00bb1\/1&Prime; el_position=\u00a0\u00bbfirst last\u00a0\u00bb animation=\u00a0\u00bbfade-in\u00a0\u00bb]<span style=\"color: #ffffff;\">A la rencontre de 20 b\u00e2tisseurs d&rsquo;avenir.<\/span><br \/>\n<span style=\"color: #ffffff;\"> A la d\u00e9couverte de 20 initiatives concr\u00e8tes et passionnantes port\u00e9es par des citoyens qui s\u2019illustrent par leur cr\u00e9ativit\u00e9 et leur ing\u00e9niosit\u00e9.<\/span><\/p>\n<p><span style=\"color: #ffffff;\">\u00a0<\/span>[\/vc_column_text][mk_button dimension=\u00a0\u00bboutline\u00a0\u00bb size=\u00a0\u00bblarge\u00a0\u00bb outline_skin=\u00a0\u00bblight\u00a0\u00bb bg_color=\u00a0\u00bb#00c8d7&Prime; text_color=\u00a0\u00bblight\u00a0\u00bb url=\u00a0\u00bbhttp:\/\/vivelaterre.com\/livres2026\/portfolio\/20-initiatives-qui-font-bouger-la-france\/\u00a0\u00bb target=\u00a0\u00bb_blank\u00a0\u00bb align=\u00a0\u00bbcenter\u00a0\u00bb margin_top=\u00a0\u00bb30&Prime; margin_bottom=\u00a0\u00bb15&Prime; animation=\u00a0\u00bbfade-in\u00a0\u00bb][+] D\u00e9couvrir le livre[\/mk_button][\/vc_column][vc_column width=\u00a0\u00bb1\/2&Prime;][mk_image src=\u00a0\u00bbhttp:\/\/vivelaterre.com\/livres2026\/wp-content\/uploads\/2013\/08\/couv-livre-librio.jpg\u00a0\u00bb image_width=\u00a0\u00bb322&Prime; image_height=\u00a0\u00bb233&Prime; crop=\u00a0\u00bbfalse\u00a0\u00bb lightbox=\u00a0\u00bbfalse\u00a0\u00bb frame_style=\u00a0\u00bbsimple\u00a0\u00bb target=\u00a0\u00bb_self\u00a0\u00bb caption_location=\u00a0\u00bbinside-image\u00a0\u00bb align=\u00a0\u00bbleft\u00a0\u00bb margin_bottom=\u00a0\u00bb10&Prime;][\/vc_column][\/mk_page_section][mk_page_section bg_image=\u00a0\u00bbhttp:\/\/vivelaterre.com\/livres2026\/wp-content\/uploads\/2013\/08\/ban_jcc.jpg\u00a0\u00bb predefined_bg=\u00a0\u00bbpattern\/no-image.png\u00a0\u00bb attachment=\u00a0\u00bbfixed\u00a0\u00bb bg_position=\u00a0\u00bbcenter bottom\u00a0\u00bb bg_stretch=\u00a0\u00bbtrue\u00a0\u00bb enable_3d=\u00a0\u00bbtrue\u00a0\u00bb speed_factor=\u00a0\u00bb0.2&Prime; top_shadow=\u00a0\u00bbfalse\u00a0\u00bb section_layout=\u00a0\u00bbfull\u00a0\u00bb min_height=\u00a0\u00bb100&Prime; padding_top=\u00a0\u00bb80&Prime; padding_bottom=\u00a0\u00bb180&Prime; margin_bottom=\u00a0\u00bb0&Prime; last_page=\u00a0\u00bbtrue\u00a0\u00bb width=\u00a0\u00bb1\/1&Prime; el_position=\u00a0\u00bbfirst last\u00a0\u00bb bg_repeat=\u00a0\u00bbrepeat\u00a0\u00bb bg_video=\u00a0\u00bbno\u00a0\u00bb video_mask=\u00a0\u00bbfalse\u00a0\u00bb video_opacity=\u00a0\u00bb0.6&Prime; first_page=\u00a0\u00bbfalse\u00a0\u00bb][vc_column width=\u00a0\u00bb1\/2&Prime;][mk_button dimension=\u00a0\u00bbthree\u00a0\u00bb size=\u00a0\u00bbsmall\u00a0\u00bb outline_skin=\u00a0\u00bbdark\u00a0\u00bb bg_color=\u00a0\u00bb#ffffff\u00a0\u00bb text_color=\u00a0\u00bbdark\u00a0\u00bb target=\u00a0\u00bb_self\u00a0\u00bb align=\u00a0\u00bbleft\u00a0\u00bb margin_top=\u00a0\u00bb0&Prime; margin_bottom=\u00a0\u00bb15&Prime;]LE CONTEUR \/ L\u2019HONN\u00caTE HOMME[\/mk_button][mk_title_box color=\u00a0\u00bb#ffffff\u00a0\u00bb highlight_color=\u00a0\u00bb#8c266c\u00a0\u00bb highlight_opacity=\u00a0\u00bb1&Prime; size=\u00a0\u00bb42&Prime; line_height=\u00a0\u00bb66&Prime; font_weight=\u00a0\u00bb300&Prime; margin_top=\u00a0\u00bb0&Prime; margin_bottom=\u00a0\u00bb18&Prime; font_family=\u00a0\u00bbnone\u00a0\u00bb align=\u00a0\u00bbleft\u00a0\u00bb width=\u00a0\u00bb1\/1&Prime; el_position=\u00a0\u00bbfirst last\u00a0\u00bb animation=\u00a0\u00bbleft-to-right\u00a0\u00bb]UTOPIE, QUAND REVIENDRAS-TU ? par Jean-Claude Carri\u00e8re[\/mk_title_box][vc_column_text disable_pattern=\u00a0\u00bbtrue\u00a0\u00bb align=\u00a0\u00bbleft\u00a0\u00bb margin_bottom=\u00a0\u00bb0&Prime; width=\u00a0\u00bb1\/1&Prime; el_position=\u00a0\u00bbfirst last\u00a0\u00bb animation=\u00a0\u00bbfade-in\u00a0\u00bb]<span style=\"color: #ffffff;\">Quel parcours \u00e9tonnant que celui d\u2019un fils de paysans consacr\u00e9, \u00e0 83 ans, par un Oscar \u00e0 Hollywood pour l\u2019ensemble de son \u0153uvre !<\/span> <span style=\"color: #ffffff;\"> Rencontre avec un \u00ab honn\u00eate homme \u00bb, g\u00e9n\u00e9reux, cultiv\u00e9, \u00e0 travers mille anecdotes qu\u2019il aime partager.<\/span>[\/vc_column_text][mk_button dimension=\u00a0\u00bboutline\u00a0\u00bb size=\u00a0\u00bblarge\u00a0\u00bb outline_skin=\u00a0\u00bblight\u00a0\u00bb bg_color=\u00a0\u00bb#00c8d7&Prime; text_color=\u00a0\u00bblight\u00a0\u00bb url=\u00a0\u00bbhttp:\/\/vivelaterre.com\/livres2026\/portfolio\/jean-claude-carriere-utopie-quand-reviendras-tu\/\u00a0\u00bb target=\u00a0\u00bb_self\u00a0\u00bb align=\u00a0\u00bbleft\u00a0\u00bb margin_top=\u00a0\u00bb30&Prime; margin_bottom=\u00a0\u00bb15&Prime; animation=\u00a0\u00bbfade-in\u00a0\u00bb][+] D\u00e9couvrir le livre[\/mk_button][\/vc_column][vc_column width=\u00a0\u00bb1\/2&Prime;][\/vc_column][\/mk_page_section][mk_page_section predefined_bg=\u00a0\u00bb10&Prime; attachment=\u00a0\u00bbfixed\u00a0\u00bb bg_position=\u00a0\u00bbleft top\u00a0\u00bb bg_stretch=\u00a0\u00bbfalse\u00a0\u00bb enable_3d=\u00a0\u00bbtrue\u00a0\u00bb speed_factor=\u00a0\u00bb-0.6&Prime; top_shadow=\u00a0\u00bbfalse\u00a0\u00bb section_layout=\u00a0\u00bbfull\u00a0\u00bb min_height=\u00a0\u00bb100&Prime; padding_top=\u00a0\u00bb120&Prime; padding_bottom=\u00a0\u00bb100&Prime; margin_bottom=\u00a0\u00bb0&Prime; last_page=\u00a0\u00bbtrue\u00a0\u00bb width=\u00a0\u00bb1\/1&Prime; el_position=\u00a0\u00bbfirst last\u00a0\u00bb bg_repeat=\u00a0\u00bbrepeat\u00a0\u00bb bg_video=\u00a0\u00bbno\u00a0\u00bb video_mask=\u00a0\u00bbfalse\u00a0\u00bb video_opacity=\u00a0\u00bb0.6&Prime; first_page=\u00a0\u00bbfalse\u00a0\u00bb][vc_column width=\u00a0\u00bb1\/1&Prime;][mk_title_box color=\u00a0\u00bb#252525&Prime; highlight_color=\u00a0\u00bb#ecc900&Prime; highlight_opacity=\u00a0\u00bb1&Prime; size=\u00a0\u00bb25&Prime; line_height=\u00a0\u00bb66&Prime; font_weight=\u00a0\u00bb300&Prime; margin_top=\u00a0\u00bb0&Prime; margin_bottom=\u00a0\u00bb18&Prime; font_family=\u00a0\u00bbnone\u00a0\u00bb align=\u00a0\u00bbcenter\u00a0\u00bb width=\u00a0\u00bb1\/1&Prime; el_position=\u00a0\u00bbfirst last\u00a0\u00bb animation=\u00a0\u00bbleft-to-right\u00a0\u00bb]Les h\u00e9ros sont parmi nous.[\/mk_title_box][vc_row_inner][vc_column_inner width=\u00a0\u00bb1\/3&Prime;][vc_column_text disable_pattern=\u00a0\u00bbtrue\u00a0\u00bb align=\u00a0\u00bbcenter\u00a0\u00bb margin_bottom=\u00a0\u00bb0&Prime; width=\u00a0\u00bb1\/1&Prime; animation=\u00a0\u00bbfade-in\u00a0\u00bb]\n<h4 style=\"text-align: center;\"><span style=\"color: #ff6600;\">I have a dream<\/span> <span style=\"color: #ff6600;\">Un nouveau monde se dessine <\/span><\/h4>\n<p style=\"text-align: center;\"><a href=\"http:\/\/vivelaterre.com\/livres2026\/wp-content\/uploads\/2014\/01\/couv_IHaveADream.jpg\"><img fetchpriority=\"high\" decoding=\"async\" class=\"alignnone size-medium wp-image-7448\" style=\"border: 1px solid black;\" alt=\"couv_IHaveADream\" src=\"http:\/\/vivelaterre.com\/livres2026\/wp-content\/uploads\/2014\/01\/couv_IHaveADream-207x300.jpg\" width=\"207\" height=\"300\" srcset=\"https:\/\/vivelaterre.com\/livres2026\/wp-content\/uploads\/2014\/01\/couv_IHaveADream-207x300.jpg 207w, https:\/\/vivelaterre.com\/livres2026\/wp-content\/uploads\/2014\/01\/couv_IHaveADream-600x866.jpg 600w, https:\/\/vivelaterre.com\/livres2026\/wp-content\/uploads\/2014\/01\/couv_IHaveADream.jpg 486w\" sizes=\"(max-width: 207px) 100vw, 207px\" \/><\/a><\/p>\n<p style=\"text-align: center;\">Avec les associations Cartooning for peace &amp; Reporters d&rsquo;Espoirs, nous rendons hommage \u00e0 Martin Luther King, pour c\u00e9l\u00e9brer les 50 ans de son c\u00e9l\u00e8bre discours. Aux \u00e9ditions Steinkis.<\/p>\n<p style=\"text-align: center;\"><a title=\"I HAVE A DREAM, hommage \u00e0 Martin Luther King\" href=\"http:\/\/vivelaterre.com\/livres2026\/portfolio\/i-have-a-dream\/\">&gt; en savoir +<\/a><\/p>\n[\/vc_column_text][\/vc_column_inner][vc_column_inner width=\u00a0\u00bb1\/3&Prime;][vc_column_text disable_pattern=\u00a0\u00bbtrue\u00a0\u00bb align=\u00a0\u00bbcenter\u00a0\u00bb margin_bottom=\u00a0\u00bb0&Prime; width=\u00a0\u00bb1\/1&Prime; animation=\u00a0\u00bbfade-in\u00a0\u00bb]\n<h4 style=\"text-align: center;\"><span style=\"color: #ff6600;\">St\u00e9phane Hessel, <\/span><span style=\"color: #ff6600;\">Irr\u00e9sistible optimiste <\/span><\/h4>\n<p style=\"text-align: center;\"><a href=\"http:\/\/vivelaterre.com\/livres2026\/wp-content\/uploads\/2013\/10\/COUV_DEF.jpg\"><img decoding=\"async\" class=\"alignnone size-medium wp-image-7336\" alt=\"COUV_DEF\" src=\"http:\/\/vivelaterre.com\/livres2026\/wp-content\/uploads\/2013\/10\/COUV_DEF-193x300.jpg\" width=\"193\" height=\"300\" srcset=\"https:\/\/vivelaterre.com\/livres2026\/wp-content\/uploads\/2013\/10\/COUV_DEF-193x300.jpg 193w, https:\/\/vivelaterre.com\/livres2026\/wp-content\/uploads\/2013\/10\/COUV_DEF-600x932.jpg 600w, https:\/\/vivelaterre.com\/livres2026\/wp-content\/uploads\/2013\/10\/COUV_DEF.jpg 459w\" sizes=\"(max-width: 193px) 100vw, 193px\" \/><\/a><\/p>\n<p style=\"text-align: center;\">Le livre-hommage par Christiane Hessel &amp; Gilles Vanderpooten, avec 50 amis et connaissances de St\u00e9phane Hessel. Aux \u00e9ditions de l&rsquo;Aube.<\/p>\n<p style=\"text-align: center;\"><a title=\"St\u00e9phane Hessel, irr\u00e9sistible optimiste\" href=\"http:\/\/vivelaterre.com\/livres2026\/portfolio\/stephane-hessel-irresistible-optimiste-2\/\">&gt; en savoir +<\/a><\/p>\n[\/vc_column_text][\/vc_column_inner][vc_column_inner width=\u00a0\u00bb1\/3&Prime;][vc_column_text disable_pattern=\u00a0\u00bbtrue\u00a0\u00bb align=\u00a0\u00bbcenter\u00a0\u00bb margin_bottom=\u00a0\u00bb0&Prime; width=\u00a0\u00bb1\/1&Prime; animation=\u00a0\u00bbfade-in\u00a0\u00bb]\n<h4 style=\"text-align: center;\"><span style=\"color: #ff6600;\">La France des solutions<br \/>\n<\/span><\/h4>\n<p style=\"text-align: center;\"><a href=\"http:\/\/vivelaterre.com\/livres2026\/wp-content\/uploads\/2017\/03\/LaFranceDesSolutions_Couv_bd.jpg\"><img decoding=\"async\" class=\"alignnone size-medium wp-image-8121\" alt=\"LaFranceDesSolutions_Couv_bd\" src=\"http:\/\/vivelaterre.com\/livres2026\/wp-content\/uploads\/2017\/03\/LaFranceDesSolutions_Couv_bd-183x300.jpg\" width=\"183\" height=\"300\" srcset=\"https:\/\/vivelaterre.com\/livres2026\/wp-content\/uploads\/2017\/03\/LaFranceDesSolutions_Couv_bd-183x300.jpg 183w, https:\/\/vivelaterre.com\/livres2026\/wp-content\/uploads\/2017\/03\/LaFranceDesSolutions_Couv_bd.jpg 320w\" sizes=\"(max-width: 183px) 100vw, 183px\" \/><\/a><\/p>\n<p style=\"text-align: center;\">A la d\u00e9couverte de 50 solutions concr\u00e8tes, locales et conviviales. A la rencontre de femmes et d&rsquo;hommes anim\u00e9s par la volont\u00e9 d\u2019agir et d\u2019innover pour donner du sens au progr\u00e8s.<\/p>\n<p style=\"text-align: center;\"><a title=\"La France des solutions \u2013 par Jean-Louis Etienne, Gilles Vanderpooten, Reporters d\u2019Espoirs\" href=\"http:\/\/vivelaterre.com\/livres2026\/portfolio\/la-france-des-solutions\/\">&gt; en savoir +<\/a><\/p>\n[\/vc_column_text][\/vc_column_inner][\/vc_row_inner][mk_button dimension=\u00a0\u00bbtwo\u00a0\u00bb size=\u00a0\u00bbmedium\u00a0\u00bb bg_color=\u00a0\u00bb#0081b7&Prime; text_color=\u00a0\u00bblight\u00a0\u00bb icon=\u00a0\u00bbmoon-arrow-right-6&Prime; url=\u00a0\u00bbhttp:\/\/vivelaterre.com\/livres2026\/portfolio-livres\/\u00a0\u00bb target=\u00a0\u00bb_self\u00a0\u00bb align=\u00a0\u00bbcenter\u00a0\u00bb margin_top=\u00a0\u00bb0&Prime; margin_bottom=\u00a0\u00bb6&Prime; animation=\u00a0\u00bbfade-in\u00a0\u00bb width=\u00a0\u00bb1\/1&Prime; el_position=\u00a0\u00bbfirst last\u00a0\u00bb outline_skin=\u00a0\u00bbdark\u00a0\u00bb]+ de livres[\/mk_button][\/vc_column][\/mk_page_section]\n<\/div>","protected":false},"excerpt":{"rendered":"<p>[mk_page_section bg_color=\u00a0\u00bb#ffcc00&Prime; attachment=\u00a0\u00bbscroll\u00a0\u00bb bg_position=\u00a0\u00bbleft top\u00a0\u00bb bg_repeat=\u00a0\u00bbrepeat\u00a0\u00bb bg_stretch=\u00a0\u00bbfalse\u00a0\u00bb enable_3d=\u00a0\u00bbfalse\u00a0\u00bb speed_factor=\u00a0\u00bb4&Prime; bg_video=\u00a0\u00bbno\u00a0\u00bb video_mask=\u00a0\u00bbfalse\u00a0\u00bb video_opacity=\u00a0\u00bb0.6&Prime; top_shadow=\u00a0\u00bbfalse\u00a0\u00bb section_layout=\u00a0\u00bbfull\u00a0\u00bb min_height=\u00a0\u00bb56&Prime; padding_top=\u00a0\u00bb10&Prime; padding_bottom=\u00a0\u00bb10&Prime; margin_bottom=\u00a0\u00bb0&Prime; first_page=\u00a0\u00bbtrue\u00a0\u00bb last_page=\u00a0\u00bbtrue\u00a0\u00bb][vc_column width=\u00a0\u00bb1\/1&Prime;][mk_title_box color=\u00a0\u00bb#252525&Prime; highlight_opacity=\u00a0\u00bb1&Prime; size=\u00a0\u00bb42&Prime; line_height=\u00a0\u00bb66&Prime; font_weight=\u00a0\u00bb300&Prime; margin_top=\u00a0\u00bb0&Prime; margin_bottom=\u00a0\u00bb18&Prime; font_family=\u00a0\u00bbnone\u00a0\u00bb align=\u00a0\u00bbcenter\u00a0\u00bb width=\u00a0\u00bb1\/1&Prime; el_position=\u00a0\u00bbfirst last\u00a0\u00bb animation=\u00a0\u00bbleft-to-right\u00a0\u00bb highlight_color=\u00a0\u00bb#ffcc00&Prime;]Les h\u00e9ros sont parmi nous[\/mk_title_box][\/vc_column][\/mk_page_section][mk_page_section bg_color=\u00a0\u00bb#ffffff\u00a0\u00bb attachment=\u00a0\u00bbscroll\u00a0\u00bb bg_position=\u00a0\u00bbleft top\u00a0\u00bb bg_repeat=\u00a0\u00bbrepeat\u00a0\u00bb bg_stretch=\u00a0\u00bbfalse\u00a0\u00bb enable_3d=\u00a0\u00bbfalse\u00a0\u00bb speed_factor=\u00a0\u00bb4&Prime; bg_video=\u00a0\u00bbno\u00a0\u00bb video_mask=\u00a0\u00bbfalse\u00a0\u00bb video_opacity=\u00a0\u00bb0.6&Prime; top_shadow=\u00a0\u00bbfalse\u00a0\u00bb section_layout=\u00a0\u00bbfull\u00a0\u00bb min_height=\u00a0\u00bb56&Prime; padding_top=\u00a0\u00bb10&Prime; padding_bottom=\u00a0\u00bb10&Prime; [&hellip;]<\/p>\n","protected":false},"author":1,"featured_media":0,"parent":0,"menu_order":0,"comment_status":"open","ping_status":"open","template":"","meta":{"_acf_changed":false,"footnotes":""},"class_list":["post-8195","page","type-page","status-publish","hentry"],"acf":[],"_links":{"self":[{"href":"https:\/\/vivelaterre.com\/livres2026\/wp-json\/wp\/v2\/pages\/8195","targetHints":{"allow":["GET"]}}],"collection":[{"href":"https:\/\/vivelaterre.com\/livres2026\/wp-json\/wp\/v2\/pages"}],"about":[{"href":"https:\/\/vivelaterre.com\/livres2026\/wp-json\/wp\/v2\/types\/page"}],"author":[{"embeddable":true,"href":"https:\/\/vivelaterre.com\/livres2026\/wp-json\/wp\/v2\/users\/1"}],"replies":[{"embeddable":true,"href":"https:\/\/vivelaterre.com\/livres2026\/wp-json\/wp\/v2\/comments?post=8195"}],"version-history":[{"count":24,"href":"https:\/\/vivelaterre.com\/livres2026\/wp-json\/wp\/v2\/pages\/8195\/revisions"}],"predecessor-version":[{"id":8415,"href":"https:\/\/vivelaterre.com\/livres2026\/wp-json\/wp\/v2\/pages\/8195\/revisions\/8415"}],"wp:attachment":[{"href":"https:\/\/vivelaterre.com\/livres2026\/wp-json\/wp\/v2\/media?parent=8195"}],"curies":[{"name":"wp","href":"https:\/\/api.w.org\/{rel}","templated":true}]}}