{"id":8362,"date":"2022-12-22T23:54:42","date_gmt":"2022-12-22T22:54:42","guid":{"rendered":"http:\/\/vivelaterre.com\/livres2026\/?page_id=8362"},"modified":"2022-12-23T00:02:05","modified_gmt":"2022-12-22T23:02:05","slug":"10ans","status":"publish","type":"page","link":"https:\/\/vivelaterre.com\/livres2026\/10ans\/","title":{"rendered":"Conf\u00e9rence  .  S&rsquo;indigner ou agir ?"},"content":{"rendered":"[mk_page_section border_color=\u00a0\u00bb#e8e8e8&Prime; bg_color=\u00a0\u00bb#f7f7f7&Prime; attachment=\u00a0\u00bbscroll\u00a0\u00bb enable_3d=\u00a0\u00bbfalse\u00a0\u00bb speed_factor=\u00a0\u00bb0&Prime; section_layout=\u00a0\u00bbfull\u00a0\u00bb min_height=\u00a0\u00bb50&Prime; padding_top=\u00a0\u00bb1&Prime; padding_bottom=\u00a0\u00bb10&Prime; margin_bottom=\u00a0\u00bb0&Prime; last_page=\u00a0\u00bbtrue\u00a0\u00bb bg_position=\u00a0\u00bbleft top\u00a0\u00bb bg_repeat=\u00a0\u00bbrepeat\u00a0\u00bb bg_stretch=\u00a0\u00bbfalse\u00a0\u00bb bg_video=\u00a0\u00bbno\u00a0\u00bb video_mask=\u00a0\u00bbfalse\u00a0\u00bb video_opacity=\u00a0\u00bb0.6&Prime; top_shadow=\u00a0\u00bbfalse\u00a0\u00bb first_page=\u00a0\u00bbfalse\u00a0\u00bb][vc_column width=\u00a0\u00bb1\/1&Prime;][mk_fancy_title tag_name=\u00a0\u00bbh1&Prime; style=\u00a0\u00bbfalse\u00a0\u00bb color=\u00a0\u00bb#393836&Prime; size=\u00a0\u00bb24&Prime; font_weight=\u00a0\u00bbinhert\u00a0\u00bb margin_top=\u00a0\u00bb30&Prime; margin_bottom=\u00a0\u00bb0&Prime; font_family=\u00a0\u00bbnone\u00a0\u00bb align=\u00a0\u00bbcenter\u00a0\u00bb width=\u00a0\u00bb1\/1&Prime; el_position=\u00a0\u00bbfirst last\u00a0\u00bb]Mardi 17 janvier 2023\u00a0 .\u00a0 18h30\u00a0 .\u00a0 Sciences Po Paris<br \/>\nS&rsquo;INDIGNER OU AGIR ?<br \/>\n10 ans apr\u00e8s St\u00e9phane Hessel, quelle actualit\u00e9 pour l&rsquo;engagement ?[\/mk_fancy_title][mk_fancy_title tag_name=\u00a0\u00bbh1&Prime; style=\u00a0\u00bbfalse\u00a0\u00bb color=\u00a0\u00bb#666666&Prime; size=\u00a0\u00bb13&Prime; font_weight=\u00a0\u00bbnormal\u00a0\u00bb margin_top=\u00a0\u00bb-10&Prime; margin_bottom=\u00a0\u00bb18&Prime; font_family=\u00a0\u00bbnone\u00a0\u00bb align=\u00a0\u00bbcenter\u00a0\u00bb width=\u00a0\u00bb1\/1&Prime; el_position=\u00a0\u00bbfirst last\u00a0\u00bb]Une soir\u00e9e-\u00e9v\u00e9nement pour rendre hommage \u00e0 St\u00e9phane Hessel, et pour s&rsquo;interroger, 10 ans apr\u00e8s sa disparition, sur les nouvelles formes d&rsquo;engagement.[\/mk_fancy_title][mk_divider style=\u00a0\u00bbpadding_space\u00a0\u00bb divider_width=\u00a0\u00bbfull_width\u00a0\u00bb margin_top=\u00a0\u00bb0&Prime; margin_bottom=\u00a0\u00bb50&Prime; width=\u00a0\u00bb1\/1&Prime; el_position=\u00a0\u00bbfirst last\u00a0\u00bb][mk_image src=\u00a0\u00bbhttp:\/\/vivelaterre.com\/livres2026\/wp-content\/uploads\/2022\/12\/hessel-sciencespo-17-01-2023.jpg\u00a0\u00bb image_width=\u00a0\u00bb800&Prime; image_height=\u00a0\u00bb350&Prime; crop=\u00a0\u00bbtrue\u00a0\u00bb lightbox=\u00a0\u00bbfalse\u00a0\u00bb frame_style=\u00a0\u00bbsimple\u00a0\u00bb target=\u00a0\u00bb_self\u00a0\u00bb caption_location=\u00a0\u00bbinside-image\u00a0\u00bb align=\u00a0\u00bbleft\u00a0\u00bb margin_bottom=\u00a0\u00bb10&Prime;][\/vc_column][\/mk_page_section][mk_page_section border_color=\u00a0\u00bb#e8e8e8&Prime; bg_color=\u00a0\u00bb#f7f7f7&Prime; attachment=\u00a0\u00bbscroll\u00a0\u00bb enable_3d=\u00a0\u00bbfalse\u00a0\u00bb speed_factor=\u00a0\u00bb0&Prime; section_layout=\u00a0\u00bbfull\u00a0\u00bb min_height=\u00a0\u00bb50&Prime; padding_top=\u00a0\u00bb1&Prime; padding_bottom=\u00a0\u00bb10&Prime; margin_bottom=\u00a0\u00bb0&Prime; last_page=\u00a0\u00bbtrue\u00a0\u00bb bg_position=\u00a0\u00bbleft top\u00a0\u00bb bg_repeat=\u00a0\u00bbrepeat\u00a0\u00bb bg_stretch=\u00a0\u00bbfalse\u00a0\u00bb bg_video=\u00a0\u00bbno\u00a0\u00bb video_mask=\u00a0\u00bbfalse\u00a0\u00bb video_opacity=\u00a0\u00bb0.6&Prime; top_shadow=\u00a0\u00bbfalse\u00a0\u00bb first_page=\u00a0\u00bbfalse\u00a0\u00bb][vc_column width=\u00a0\u00bb1\/4&Prime;][mk_circle_image src=\u00a0\u00bbhttp:\/\/vivelaterre.com\/livres2026\/wp-content\/uploads\/2022\/12\/mokaiesh.jpg\u00a0\u00bb image_diameter=\u00a0\u00bb500&Prime;][mk_divider style=\u00a0\u00bbsingle_dotted\u00a0\u00bb divider_width=\u00a0\u00bbfull_width\u00a0\u00bb margin_top=\u00a0\u00bb0&Prime; margin_bottom=\u00a0\u00bb50&Prime; width=\u00a0\u00bb1\/1&Prime; el_position=\u00a0\u00bbfirst last\u00a0\u00bb][mk_fancy_title tag_name=\u00a0\u00bbh1&Prime; style=\u00a0\u00bbfalse\u00a0\u00bb color=\u00a0\u00bb#666666&Prime; size=\u00a0\u00bb13&Prime; font_weight=\u00a0\u00bbnormal\u00a0\u00bb margin_top=\u00a0\u00bb-10&Prime; margin_bottom=\u00a0\u00bb18&Prime; font_family=\u00a0\u00bbnone\u00a0\u00bb align=\u00a0\u00bbcenter\u00a0\u00bb width=\u00a0\u00bb1\/1&Prime; el_position=\u00a0\u00bbfirst last\u00a0\u00bb]<strong>Cyril Mokaiesh<\/strong><\/p>\n<p>Chanteur, compositeur[\/mk_fancy_title][\/vc_column][vc_column width=\u00a0\u00bb1\/4&Prime;][mk_circle_image src=\u00a0\u00bbhttp:\/\/vivelaterre.com\/livres2026\/wp-content\/uploads\/2014\/01\/christiane-hessel.jpg\u00a0\u00bb image_diameter=\u00a0\u00bb500&Prime;][mk_divider style=\u00a0\u00bbsingle_dotted\u00a0\u00bb divider_width=\u00a0\u00bbfull_width\u00a0\u00bb margin_top=\u00a0\u00bb0&Prime; margin_bottom=\u00a0\u00bb50&Prime; width=\u00a0\u00bb1\/1&Prime; el_position=\u00a0\u00bbfirst last\u00a0\u00bb][mk_fancy_title tag_name=\u00a0\u00bbh1&Prime; style=\u00a0\u00bbfalse\u00a0\u00bb color=\u00a0\u00bb#666666&Prime; size=\u00a0\u00bb13&Prime; font_weight=\u00a0\u00bbnormal\u00a0\u00bb margin_top=\u00a0\u00bb-10&Prime; margin_bottom=\u00a0\u00bb18&Prime; font_family=\u00a0\u00bbnone\u00a0\u00bb align=\u00a0\u00bbcenter\u00a0\u00bb width=\u00a0\u00bb1\/1&Prime; el_position=\u00a0\u00bbfirst last\u00a0\u00bb]<strong>Christiane Hessel<br \/>\n<\/strong><\/p>\n[\/mk_fancy_title][\/vc_column][vc_column width=\u00a0\u00bb1\/4&Prime;][mk_circle_image src=\u00a0\u00bbhttp:\/\/vivelaterre.com\/livres2026\/wp-content\/uploads\/2022\/12\/florevasseur.jpg\u00a0\u00bb image_diameter=\u00a0\u00bb500&Prime;][mk_divider style=\u00a0\u00bbsingle_dotted\u00a0\u00bb divider_width=\u00a0\u00bbfull_width\u00a0\u00bb margin_top=\u00a0\u00bb0&Prime; margin_bottom=\u00a0\u00bb50&Prime; width=\u00a0\u00bb1\/1&Prime; el_position=\u00a0\u00bbfirst last\u00a0\u00bb][mk_fancy_title tag_name=\u00a0\u00bbh1&Prime; style=\u00a0\u00bbfalse\u00a0\u00bb color=\u00a0\u00bb#666666&Prime; size=\u00a0\u00bb13&Prime; font_weight=\u00a0\u00bbnormal\u00a0\u00bb margin_top=\u00a0\u00bb-10&Prime; margin_bottom=\u00a0\u00bb18&Prime; font_family=\u00a0\u00bbnone\u00a0\u00bb align=\u00a0\u00bbcenter\u00a0\u00bb width=\u00a0\u00bb1\/1&Prime; el_position=\u00a0\u00bbfirst last\u00a0\u00bb]<strong>Flore Vasseur<br \/>\n<\/strong><\/p>\n<p>Auteure &amp; R\u00e9alisatrice[\/mk_fancy_title][\/vc_column][vc_column width=\u00a0\u00bb1\/4&Prime;][mk_circle_image src=\u00a0\u00bbhttp:\/\/vivelaterre.com\/livres2026\/wp-content\/uploads\/2022\/12\/claude-alphandery.jpg\u00a0\u00bb image_diameter=\u00a0\u00bb500&Prime;][mk_divider style=\u00a0\u00bbsingle_dotted\u00a0\u00bb divider_width=\u00a0\u00bbfull_width\u00a0\u00bb margin_top=\u00a0\u00bb0&Prime; margin_bottom=\u00a0\u00bb50&Prime; width=\u00a0\u00bb1\/1&Prime; el_position=\u00a0\u00bbfirst last\u00a0\u00bb][mk_fancy_title tag_name=\u00a0\u00bbh1&Prime; style=\u00a0\u00bbfalse\u00a0\u00bb color=\u00a0\u00bb#666666&Prime; size=\u00a0\u00bb13&Prime; font_weight=\u00a0\u00bbnormal\u00a0\u00bb margin_top=\u00a0\u00bb-10&Prime; margin_bottom=\u00a0\u00bb18&Prime; font_family=\u00a0\u00bbnone\u00a0\u00bb align=\u00a0\u00bbcenter\u00a0\u00bb width=\u00a0\u00bb1\/1&Prime; el_position=\u00a0\u00bbfirst last\u00a0\u00bb]<strong>Claude Alphand\u00e9ry<br \/>\n<\/strong><\/p>\n<p>R\u00e9sistant &#8211; Activiste de l&rsquo;\u00e9conomie sociale et solidaire[\/mk_fancy_title][\/vc_column][\/mk_page_section][mk_page_section border_color=\u00a0\u00bb#e8e8e8&Prime; bg_color=\u00a0\u00bb#f7f7f7&Prime; attachment=\u00a0\u00bbscroll\u00a0\u00bb enable_3d=\u00a0\u00bbfalse\u00a0\u00bb speed_factor=\u00a0\u00bb0&Prime; section_layout=\u00a0\u00bbfull\u00a0\u00bb min_height=\u00a0\u00bb50&Prime; padding_top=\u00a0\u00bb1&Prime; padding_bottom=\u00a0\u00bb10&Prime; margin_bottom=\u00a0\u00bb0&Prime; last_page=\u00a0\u00bbtrue\u00a0\u00bb bg_position=\u00a0\u00bbleft top\u00a0\u00bb bg_repeat=\u00a0\u00bbrepeat\u00a0\u00bb bg_stretch=\u00a0\u00bbfalse\u00a0\u00bb bg_video=\u00a0\u00bbno\u00a0\u00bb video_mask=\u00a0\u00bbfalse\u00a0\u00bb video_opacity=\u00a0\u00bb0.6&Prime; top_shadow=\u00a0\u00bbfalse\u00a0\u00bb first_page=\u00a0\u00bbfalse\u00a0\u00bb][vc_column width=\u00a0\u00bb1\/4&Prime;][mk_circle_image src=\u00a0\u00bbhttp:\/\/vivelaterre.com\/livres2026\/wp-content\/uploads\/2022\/12\/pia-benguigui.jpg\u00a0\u00bb image_diameter=\u00a0\u00bb500&Prime;][mk_divider style=\u00a0\u00bbsingle_dotted\u00a0\u00bb divider_width=\u00a0\u00bbfull_width\u00a0\u00bb margin_top=\u00a0\u00bb0&Prime; margin_bottom=\u00a0\u00bb50&Prime; width=\u00a0\u00bb1\/1&Prime; el_position=\u00a0\u00bbfirst last\u00a0\u00bb][mk_fancy_title tag_name=\u00a0\u00bbh1&Prime; style=\u00a0\u00bbfalse\u00a0\u00bb color=\u00a0\u00bb#666666&Prime; size=\u00a0\u00bb13&Prime; font_weight=\u00a0\u00bbnormal\u00a0\u00bb margin_top=\u00a0\u00bb-10&Prime; margin_bottom=\u00a0\u00bb18&Prime; font_family=\u00a0\u00bbnone\u00a0\u00bb align=\u00a0\u00bbcenter\u00a0\u00bb width=\u00a0\u00bb1\/1&Prime; el_position=\u00a0\u00bbfirst last\u00a0\u00bb]<strong>Pia Benguigui<\/strong><\/p>\n<p>Etudiante engag\u00e9e<br \/>\nR\u00e9seau des \u00e9tudiants fran\u00e7ais pour le d\u00e9veloppement durable[\/mk_fancy_title][\/vc_column][vc_column width=\u00a0\u00bb1\/4&Prime;][mk_circle_image src=\u00a0\u00bbhttp:\/\/vivelaterre.com\/livres2026\/wp-content\/uploads\/2022\/12\/Mathias-Vicherat1.jpg\u00a0\u00bb image_diameter=\u00a0\u00bb500&Prime;][mk_divider style=\u00a0\u00bbsingle_dotted\u00a0\u00bb divider_width=\u00a0\u00bbfull_width\u00a0\u00bb margin_top=\u00a0\u00bb0&Prime; margin_bottom=\u00a0\u00bb50&Prime; width=\u00a0\u00bb1\/1&Prime; el_position=\u00a0\u00bbfirst last\u00a0\u00bb][mk_fancy_title tag_name=\u00a0\u00bbh1&Prime; style=\u00a0\u00bbfalse\u00a0\u00bb color=\u00a0\u00bb#666666&Prime; size=\u00a0\u00bb13&Prime; font_weight=\u00a0\u00bbnormal\u00a0\u00bb margin_top=\u00a0\u00bb-10&Prime; margin_bottom=\u00a0\u00bb18&Prime; font_family=\u00a0\u00bbnone\u00a0\u00bb align=\u00a0\u00bbcenter\u00a0\u00bb width=\u00a0\u00bb1\/1&Prime; el_position=\u00a0\u00bbfirst last\u00a0\u00bb]<strong>Mathias Vicherat<br \/>\n<\/strong><\/p>\n<p>Directeur g\u00e9n\u00e9ral de SciencesPo[\/mk_fancy_title][\/vc_column][vc_column width=\u00a0\u00bb1\/4&Prime;][\/vc_column][vc_column width=\u00a0\u00bb1\/4&Prime;][\/vc_column][\/mk_page_section]\n","protected":false},"excerpt":{"rendered":"<p>[mk_page_section border_color=\u00a0\u00bb#e8e8e8&Prime; bg_color=\u00a0\u00bb#f7f7f7&Prime; attachment=\u00a0\u00bbscroll\u00a0\u00bb enable_3d=\u00a0\u00bbfalse\u00a0\u00bb speed_factor=\u00a0\u00bb0&Prime; section_layout=\u00a0\u00bbfull\u00a0\u00bb min_height=\u00a0\u00bb50&Prime; padding_top=\u00a0\u00bb1&Prime; padding_bottom=\u00a0\u00bb10&Prime; margin_bottom=\u00a0\u00bb0&Prime; last_page=\u00a0\u00bbtrue\u00a0\u00bb bg_position=\u00a0\u00bbleft top\u00a0\u00bb bg_repeat=\u00a0\u00bbrepeat\u00a0\u00bb bg_stretch=\u00a0\u00bbfalse\u00a0\u00bb bg_video=\u00a0\u00bbno\u00a0\u00bb video_mask=\u00a0\u00bbfalse\u00a0\u00bb video_opacity=\u00a0\u00bb0.6&Prime; top_shadow=\u00a0\u00bbfalse\u00a0\u00bb first_page=\u00a0\u00bbfalse\u00a0\u00bb][vc_column width=\u00a0\u00bb1\/1&Prime;][mk_fancy_title tag_name=\u00a0\u00bbh1&Prime; style=\u00a0\u00bbfalse\u00a0\u00bb color=\u00a0\u00bb#393836&Prime; size=\u00a0\u00bb24&Prime; font_weight=\u00a0\u00bbinhert\u00a0\u00bb margin_top=\u00a0\u00bb30&Prime; margin_bottom=\u00a0\u00bb0&Prime; font_family=\u00a0\u00bbnone\u00a0\u00bb align=\u00a0\u00bbcenter\u00a0\u00bb width=\u00a0\u00bb1\/1&Prime; el_position=\u00a0\u00bbfirst last\u00a0\u00bb]Mardi 17 janvier 2023\u00a0 .\u00a0 18h30\u00a0 .\u00a0 Sciences Po Paris S&rsquo;INDIGNER OU AGIR ? 10 ans apr\u00e8s St\u00e9phane Hessel, quelle actualit\u00e9 pour [&hellip;]<\/p>\n","protected":false},"author":1,"featured_media":0,"parent":0,"menu_order":0,"comment_status":"open","ping_status":"closed","template":"","meta":{"_acf_changed":false,"footnotes":""},"class_list":["post-8362","page","type-page","status-publish","hentry"],"acf":[],"_links":{"self":[{"href":"https:\/\/vivelaterre.com\/livres2026\/wp-json\/wp\/v2\/pages\/8362","targetHints":{"allow":["GET"]}}],"collection":[{"href":"https:\/\/vivelaterre.com\/livres2026\/wp-json\/wp\/v2\/pages"}],"about":[{"href":"https:\/\/vivelaterre.com\/livres2026\/wp-json\/wp\/v2\/types\/page"}],"author":[{"embeddable":true,"href":"https:\/\/vivelaterre.com\/livres2026\/wp-json\/wp\/v2\/users\/1"}],"replies":[{"embeddable":true,"href":"https:\/\/vivelaterre.com\/livres2026\/wp-json\/wp\/v2\/comments?post=8362"}],"version-history":[{"count":7,"href":"https:\/\/vivelaterre.com\/livres2026\/wp-json\/wp\/v2\/pages\/8362\/revisions"}],"predecessor-version":[{"id":8371,"href":"https:\/\/vivelaterre.com\/livres2026\/wp-json\/wp\/v2\/pages\/8362\/revisions\/8371"}],"wp:attachment":[{"href":"https:\/\/vivelaterre.com\/livres2026\/wp-json\/wp\/v2\/media?parent=8362"}],"curies":[{"name":"wp","href":"https:\/\/api.w.org\/{rel}","templated":true}]}}